
{"id":9846,"date":"2021-08-30T11:25:13","date_gmt":"2021-08-30T09:25:13","guid":{"rendered":"https:\/\/www.mareiner.com\/case-studies\/privathaus-vorarlberg-2\/"},"modified":"2025-02-20T12:09:19","modified_gmt":"2025-02-20T11:09:19","slug":"private-house-vorarlberg-2","status":"publish","type":"case_studies","link":"https:\/\/www.mareiner.com\/en\/case-studies\/private-house-vorarlberg-2\/","title":{"rendered":"Private House Vorarlberg"},"content":{"rendered":"\r\n<div id=\"block_25f15d22ca6defef5353097aaffc77aa\" class=\"case-study-subtitle-block  \">\r\n\t<div class=\"row\">\r\n\t\t<div class=\"col-12 text-center\">\r\n\t\t\tEXTARSIEN\/INTARSIEN\t\t<\/div>\r\n\t<\/div>\r\n<\/div>\n\n\r\n<div id=\"block_550c3bfcac2b7251cbdb1010223ab8a0\" class=\"blog-big-text-block section \">\r\n\t<div class=\"blog-big-text text-center\">\r\n\t\tBold and magnificent architecture, masterful timber construction, and the exemplary organization of the &#8216;L\u00e4ndle&#8217; region\u2014nestled between Tyrol, Lake Constance, the Allg\u00e4u, and Eastern Switzerland\u2014have been producing buildings for years that make you want to live and work in them instantly.\t<\/div>\r\n<\/div>\n\n\r\n<div id=\"block_9f7794f8f5fc67f53aa288dccad52d4c\" class=\"blog-details-block section \">\r\n\t<div class=\"row\">\r\n\t\t<div class=\"col-12\">\r\n\t\t\t<p><strong>Products: <\/strong><a href=\"http:\/\/www.mareiner.com\/produkte\/piz-buin-2\/\">Piz Buin<\/a>, <a href=\"http:\/\/www.mareiner.com\/produkte\/chiemsee\/\">Chiemsee<\/a><br \/>\n<strong>Architecture:<\/strong> <a href=\"https:\/\/www.architektur-schweighofer.at\/\">Architektur Stefan Schweighofer\u00a0 | Hof 437<\/a><br \/>\n<strong>Photography:<\/strong> Mareiner Holz \u00a9 <a href=\"https:\/\/www.studio22.at\/\">Marcel Hagen | studio22.at<\/a><br \/>\n<strong>Project Address:<\/strong> Vorarlberg, \u00d6sterreich<\/p>\n\r\n\t\t\t\t\t\t\t<div class=\"blog-details__image\">\r\n\t\t\t\t\t<img loading=\"lazy\" decoding=\"async\" width=\"2246\" height=\"1497\" src=\"https:\/\/www.mareiner.com\/wp-content\/uploads\/2021\/08\/EFH-H_AWP-Piz-Buin-gebuerstet_Mareiner-Holz-c-studio22.at-Marcel-Hagen-1.jpg\" class=\"attachment-full size-full\" alt=\"Gem\u00fctlicher Wohnraum mit geb\u00fcrsteter Alpine Wandpaneele Piz Buin Wandverkleidung in warmem, alpinem Holzton. Die Decke, Wand und Nische sind mit vertikalen Holzpaneelen gestaltet, die Struktur und Gem\u00fctlichkeit schaffen. Moderner, blauer Ecksofa mit wei\u00dfen Kissen und integrierter Stauraum rundet das Interieur ab.\" srcset=\"https:\/\/www.mareiner.com\/wp-content\/uploads\/2021\/08\/EFH-H_AWP-Piz-Buin-gebuerstet_Mareiner-Holz-c-studio22.at-Marcel-Hagen-1.jpg 2246w, https:\/\/www.mareiner.com\/wp-content\/uploads\/2021\/08\/EFH-H_AWP-Piz-Buin-gebuerstet_Mareiner-Holz-c-studio22.at-Marcel-Hagen-1-300x200.jpg 300w, https:\/\/www.mareiner.com\/wp-content\/uploads\/2021\/08\/EFH-H_AWP-Piz-Buin-gebuerstet_Mareiner-Holz-c-studio22.at-Marcel-Hagen-1-1024x683.jpg 1024w, https:\/\/www.mareiner.com\/wp-content\/uploads\/2021\/08\/EFH-H_AWP-Piz-Buin-gebuerstet_Mareiner-Holz-c-studio22.at-Marcel-Hagen-1-768x512.jpg 768w, https:\/\/www.mareiner.com\/wp-content\/uploads\/2021\/08\/EFH-H_AWP-Piz-Buin-gebuerstet_Mareiner-Holz-c-studio22.at-Marcel-Hagen-1-1536x1024.jpg 1536w, https:\/\/www.mareiner.com\/wp-content\/uploads\/2021\/08\/EFH-H_AWP-Piz-Buin-gebuerstet_Mareiner-Holz-c-studio22.at-Marcel-Hagen-1-2048x1365.jpg 2048w, https:\/\/www.mareiner.com\/wp-content\/uploads\/2021\/08\/EFH-H_AWP-Piz-Buin-gebuerstet_Mareiner-Holz-c-studio22.at-Marcel-Hagen-1-1000x667.jpg 1000w\" sizes=\"auto, (max-width: 2246px) 100vw, 2246px\" \/>\t\t\t\t<\/div>\r\n\t\t\t\t\t<\/div>\r\n\t<\/div>\r\n<\/div>\n\n\n<p>Together with two like-minded partners, architect and designer Stefan Schweighofer established <em>Hof 437<\/em>, a &#8216;network for form and space&#8217; in the quiet town of Markt Alberschwende in the Bregenzerwald. Thanks to his remarkable skills, he secured a commission for an exceptionally unique timber construction.<br><\/p>\n\n\n\r\n<div id=\"block_a7aedb353a96a7f9873600ddff5ef11b\" class=\"image-slider-block alignfull \">\r\n\t<div class=\"row\">\r\n\t\t<div class=\"col-12\">\r\n\t\t\t<div class=\"image-slider__wrap\">\r\n\t\t\t\t\t\t\t\t\t<div class=\"image-slider__item\">\r\n\t\t\t\t\t\t<img loading=\"lazy\" decoding=\"async\" width=\"2246\" height=\"1497\" src=\"https:\/\/www.mareiner.com\/wp-content\/uploads\/2021\/08\/EFH-H_AWP-Piz-Buin-gebuerstet_Mareiner-Holz-c-studio22.at-Marcel-Hagen-9.jpg\" class=\"attachment-full size-full\" alt=\"Wohnbereich mit geb\u00fcrsteter Alpine Wandpaneele Piz Buin Wand- und Deckenverkleidung in naturbelassenem Holzton. Ein markanter Kamin aus Sichtbeton steht im Zentrum des Raumes, erg\u00e4nzt durch gro\u00dffl\u00e4chige Fensterfronten, die den Blick auf die Berglandschaft freigeben.\" srcset=\"https:\/\/www.mareiner.com\/wp-content\/uploads\/2021\/08\/EFH-H_AWP-Piz-Buin-gebuerstet_Mareiner-Holz-c-studio22.at-Marcel-Hagen-9.jpg 2246w, https:\/\/www.mareiner.com\/wp-content\/uploads\/2021\/08\/EFH-H_AWP-Piz-Buin-gebuerstet_Mareiner-Holz-c-studio22.at-Marcel-Hagen-9-300x200.jpg 300w, https:\/\/www.mareiner.com\/wp-content\/uploads\/2021\/08\/EFH-H_AWP-Piz-Buin-gebuerstet_Mareiner-Holz-c-studio22.at-Marcel-Hagen-9-1024x683.jpg 1024w, https:\/\/www.mareiner.com\/wp-content\/uploads\/2021\/08\/EFH-H_AWP-Piz-Buin-gebuerstet_Mareiner-Holz-c-studio22.at-Marcel-Hagen-9-768x512.jpg 768w, https:\/\/www.mareiner.com\/wp-content\/uploads\/2021\/08\/EFH-H_AWP-Piz-Buin-gebuerstet_Mareiner-Holz-c-studio22.at-Marcel-Hagen-9-1536x1024.jpg 1536w, https:\/\/www.mareiner.com\/wp-content\/uploads\/2021\/08\/EFH-H_AWP-Piz-Buin-gebuerstet_Mareiner-Holz-c-studio22.at-Marcel-Hagen-9-2048x1365.jpg 2048w, https:\/\/www.mareiner.com\/wp-content\/uploads\/2021\/08\/EFH-H_AWP-Piz-Buin-gebuerstet_Mareiner-Holz-c-studio22.at-Marcel-Hagen-9-1000x667.jpg 1000w\" sizes=\"auto, (max-width: 2246px) 100vw, 2246px\" \/>\t\t\t\t\t\t\t\t\t\t\t\t\t<div class=\"image-slider__caption\">\r\n\t\t\t\t\t\t\t\tThe best of contemporary architecture: abundant wood &#038; a deep love for detail.\t\t\t\t\t\t\t<\/div>\r\n\t\t\t\t\t\t\t\t\t\t\t<\/div>\r\n\t\t\t\t\t\t\t\t\t<div class=\"image-slider__item\">\r\n\t\t\t\t\t\t<img loading=\"lazy\" decoding=\"async\" width=\"2246\" height=\"1497\" src=\"https:\/\/www.mareiner.com\/wp-content\/uploads\/2021\/08\/EFH-H_AWP-Piz-Buin-gebuerstet_Mareiner-Holz-c-studio22.at-Marcel-Hagen-4.jpg\" class=\"attachment-full size-full\" alt=\"Eingangsbereich mit geb\u00fcrsteter Alpine Wandpaneele Piz Buin Wandverkleidung aus naturbelassenem Holz. Die helle Holzmaserung setzt einen warmen Kontrast zum dunklen Natursteinboden. Glaselemente sorgen f\u00fcr transparente \u00dcberg\u00e4nge zwischen den R\u00e4umen und unterstreichen das moderne, reduzierte Designkonzept.\" srcset=\"https:\/\/www.mareiner.com\/wp-content\/uploads\/2021\/08\/EFH-H_AWP-Piz-Buin-gebuerstet_Mareiner-Holz-c-studio22.at-Marcel-Hagen-4.jpg 2246w, https:\/\/www.mareiner.com\/wp-content\/uploads\/2021\/08\/EFH-H_AWP-Piz-Buin-gebuerstet_Mareiner-Holz-c-studio22.at-Marcel-Hagen-4-300x200.jpg 300w, https:\/\/www.mareiner.com\/wp-content\/uploads\/2021\/08\/EFH-H_AWP-Piz-Buin-gebuerstet_Mareiner-Holz-c-studio22.at-Marcel-Hagen-4-1024x683.jpg 1024w, https:\/\/www.mareiner.com\/wp-content\/uploads\/2021\/08\/EFH-H_AWP-Piz-Buin-gebuerstet_Mareiner-Holz-c-studio22.at-Marcel-Hagen-4-768x512.jpg 768w, https:\/\/www.mareiner.com\/wp-content\/uploads\/2021\/08\/EFH-H_AWP-Piz-Buin-gebuerstet_Mareiner-Holz-c-studio22.at-Marcel-Hagen-4-1536x1024.jpg 1536w, https:\/\/www.mareiner.com\/wp-content\/uploads\/2021\/08\/EFH-H_AWP-Piz-Buin-gebuerstet_Mareiner-Holz-c-studio22.at-Marcel-Hagen-4-2048x1365.jpg 2048w, https:\/\/www.mareiner.com\/wp-content\/uploads\/2021\/08\/EFH-H_AWP-Piz-Buin-gebuerstet_Mareiner-Holz-c-studio22.at-Marcel-Hagen-4-1000x667.jpg 1000w\" sizes=\"auto, (max-width: 2246px) 100vw, 2246px\" \/>\t\t\t\t\t\t\t\t\t\t\t\t\t<div class=\"image-slider__caption\">\r\n\t\t\t\t\t\t\t\tMareiner Piz Buin: Steamed wood with a vibrant, honey-colored surface design.\t\t\t\t\t\t\t<\/div>\r\n\t\t\t\t\t\t\t\t\t\t\t<\/div>\r\n\t\t\t\t\t\t\t<\/div>\r\n\t\t<\/div>\r\n\t<\/div>\r\n<\/div>\n\n\n<p>This superb private home is a living testament to the near-infinite versatility and adaptability of a single building material. In this case, the Mareiner Piz Buin panel made from steamed larch, which we delivered to the construction site in the &#8216;L\u00e4ndle&#8217; with a consistent surface design but in a variety of planed and milled finishes.<br><\/p>\n\n\n\n<figure class=\"wp-block-image size-large\"><a href=\"http:\/\/www.mareiner.com\/wp-content\/uploads\/2021\/08\/EFH-H_AWP-Piz-Buin-gebuerstet_Mareiner-Holz-c-studio22.at-Marcel-Hagen-6.jpg\"><img loading=\"lazy\" decoding=\"async\" width=\"1024\" height=\"683\" src=\"http:\/\/www.mareiner.com\/wp-content\/uploads\/2021\/08\/EFH-H_AWP-Piz-Buin-gebuerstet_Mareiner-Holz-c-studio22.at-Marcel-Hagen-6-1024x683.jpg\" alt=\"\" class=\"wp-image-2358\" srcset=\"https:\/\/www.mareiner.com\/wp-content\/uploads\/2021\/08\/EFH-H_AWP-Piz-Buin-gebuerstet_Mareiner-Holz-c-studio22.at-Marcel-Hagen-6-1024x683.jpg 1024w, https:\/\/www.mareiner.com\/wp-content\/uploads\/2021\/08\/EFH-H_AWP-Piz-Buin-gebuerstet_Mareiner-Holz-c-studio22.at-Marcel-Hagen-6-300x200.jpg 300w, https:\/\/www.mareiner.com\/wp-content\/uploads\/2021\/08\/EFH-H_AWP-Piz-Buin-gebuerstet_Mareiner-Holz-c-studio22.at-Marcel-Hagen-6-768x512.jpg 768w, https:\/\/www.mareiner.com\/wp-content\/uploads\/2021\/08\/EFH-H_AWP-Piz-Buin-gebuerstet_Mareiner-Holz-c-studio22.at-Marcel-Hagen-6-1536x1024.jpg 1536w, https:\/\/www.mareiner.com\/wp-content\/uploads\/2021\/08\/EFH-H_AWP-Piz-Buin-gebuerstet_Mareiner-Holz-c-studio22.at-Marcel-Hagen-6-2048x1365.jpg 2048w, https:\/\/www.mareiner.com\/wp-content\/uploads\/2021\/08\/EFH-H_AWP-Piz-Buin-gebuerstet_Mareiner-Holz-c-studio22.at-Marcel-Hagen-6-1000x667.jpg 1000w\" sizes=\"auto, (max-width: 1024px) 100vw, 1024px\" \/><\/a><figcaption class=\"wp-element-caption\">With intricate details and full of quality of life: Mareiner and its diverse applications\u2014especially in the wellness &amp; spa sector.<\/figcaption><\/figure>\n\n\n\n<h3 class=\"wp-block-heading\"><strong>360\u00b0 Living Space Design<\/strong><\/h3>\n\n\n\n<p>The inspiration for this approach stems from a simple yet fundamental realization: the master carpenter executing the project doesn\u2019t just need boards\u2014he needs product-based solutions.<\/p>\n\n\n\n<p>As part of the delivery package, we provide identically crafted surface slats, which are also used for furniture fronts and doors. This results in a cohesive design where interior walls, ceilings, the entire sauna, as well as furniture and doors, are all made from the same material\u2014yet each surface is uniquely adapted to maintain its own distinct character.<\/p>\n\n\n\n<figure class=\"wp-block-image alignwide size-large\"><a href=\"http:\/\/www.mareiner.com\/wp-content\/uploads\/2021\/08\/EFH-H_AWP-Piz-Buin-gebuerstet_Mareiner-Holz-c-Marcel-Hagen-studio22-9_1.jpg\"><img loading=\"lazy\" decoding=\"async\" width=\"1024\" height=\"682\" src=\"http:\/\/www.mareiner.com\/wp-content\/uploads\/2021\/08\/EFH-H_AWP-Piz-Buin-gebuerstet_Mareiner-Holz-c-Marcel-Hagen-studio22-9_1-1024x682.jpg\" alt=\"\" class=\"wp-image-2365\" srcset=\"https:\/\/www.mareiner.com\/wp-content\/uploads\/2021\/08\/EFH-H_AWP-Piz-Buin-gebuerstet_Mareiner-Holz-c-Marcel-Hagen-studio22-9_1-1024x682.jpg 1024w, https:\/\/www.mareiner.com\/wp-content\/uploads\/2021\/08\/EFH-H_AWP-Piz-Buin-gebuerstet_Mareiner-Holz-c-Marcel-Hagen-studio22-9_1-300x200.jpg 300w, https:\/\/www.mareiner.com\/wp-content\/uploads\/2021\/08\/EFH-H_AWP-Piz-Buin-gebuerstet_Mareiner-Holz-c-Marcel-Hagen-studio22-9_1-768x512.jpg 768w, https:\/\/www.mareiner.com\/wp-content\/uploads\/2021\/08\/EFH-H_AWP-Piz-Buin-gebuerstet_Mareiner-Holz-c-Marcel-Hagen-studio22-9_1-1536x1024.jpg 1536w, https:\/\/www.mareiner.com\/wp-content\/uploads\/2021\/08\/EFH-H_AWP-Piz-Buin-gebuerstet_Mareiner-Holz-c-Marcel-Hagen-studio22-9_1-1000x667.jpg 1000w, https:\/\/www.mareiner.com\/wp-content\/uploads\/2021\/08\/EFH-H_AWP-Piz-Buin-gebuerstet_Mareiner-Holz-c-Marcel-Hagen-studio22-9_1.jpg 2000w\" sizes=\"auto, (max-width: 1024px) 100vw, 1024px\" \/><\/a><figcaption class=\"wp-element-caption\">Mareiner wood takes the lead in this construction project realized in collaboration with Alpina Haus.<\/figcaption><\/figure>\n\n\n\r\n<div id=\"block_739b5e73df7b240e16fe574f63343d26\" class=\"case-study-gallery-block alignfull \">\r\n\r\n\t<div class=\"row\">\r\n\r\n\t\t\t\t\t<div class=\"col-xl-6 col-md-6 col-12 case-study-gallery__col case-study-gallery__colleft\">\r\n\t\t\t\t\t\t\t\t\t<img loading=\"lazy\" decoding=\"async\" width=\"1497\" height=\"2246\" src=\"https:\/\/www.mareiner.com\/wp-content\/uploads\/2021\/08\/EFH-H_AWP-Piz-Buin-gebuerstet_Mareiner-Holz-c-studio22.at-Marcel-Hagen-10.jpg\" class=\"attachment-full size-full\" alt=\"Living room with Alpine wood panelling, brushed Piz Buin wall panels on the gable end, two blue sofas, round wooden table and modern pendant lights under a high ceiling.\" srcset=\"https:\/\/www.mareiner.com\/wp-content\/uploads\/2021\/08\/EFH-H_AWP-Piz-Buin-gebuerstet_Mareiner-Holz-c-studio22.at-Marcel-Hagen-10.jpg 1497w, https:\/\/www.mareiner.com\/wp-content\/uploads\/2021\/08\/EFH-H_AWP-Piz-Buin-gebuerstet_Mareiner-Holz-c-studio22.at-Marcel-Hagen-10-200x300.jpg 200w, https:\/\/www.mareiner.com\/wp-content\/uploads\/2021\/08\/EFH-H_AWP-Piz-Buin-gebuerstet_Mareiner-Holz-c-studio22.at-Marcel-Hagen-10-683x1024.jpg 683w, https:\/\/www.mareiner.com\/wp-content\/uploads\/2021\/08\/EFH-H_AWP-Piz-Buin-gebuerstet_Mareiner-Holz-c-studio22.at-Marcel-Hagen-10-768x1152.jpg 768w, https:\/\/www.mareiner.com\/wp-content\/uploads\/2021\/08\/EFH-H_AWP-Piz-Buin-gebuerstet_Mareiner-Holz-c-studio22.at-Marcel-Hagen-10-1024x1536.jpg 1024w, https:\/\/www.mareiner.com\/wp-content\/uploads\/2021\/08\/EFH-H_AWP-Piz-Buin-gebuerstet_Mareiner-Holz-c-studio22.at-Marcel-Hagen-10-1365x2048.jpg 1365w, https:\/\/www.mareiner.com\/wp-content\/uploads\/2021\/08\/EFH-H_AWP-Piz-Buin-gebuerstet_Mareiner-Holz-c-studio22.at-Marcel-Hagen-10-1000x1500.jpg 1000w\" sizes=\"auto, (max-width: 1497px) 100vw, 1497px\" \/>\t\t\t\t\t\t\t<\/div>\r\n\t\t\r\n\t\t\t\t\t<div class=\"col-xl-5 offset-xl-1 col-md-6 col-12 case-study-gallery__col\">\r\n\t\t\t\t\t\t\t\t\t<img loading=\"lazy\" decoding=\"async\" width=\"2246\" height=\"1497\" src=\"https:\/\/www.mareiner.com\/wp-content\/uploads\/2021\/08\/EFH-H_AWP-Piz-Buin-gebuerstet_Mareiner-Holz-c-studio22.at-Marcel-Hagen-5.jpg\" class=\"attachment-full size-full\" alt=\"High-quality indoor pool area with panoramic glazing and views of the hilly landscape. The ceiling and wall panelling made of brushed Piz Buin panels create a warm, natural atmosphere. Blue loungers and targeted lighting round off the stylish design.\" srcset=\"https:\/\/www.mareiner.com\/wp-content\/uploads\/2021\/08\/EFH-H_AWP-Piz-Buin-gebuerstet_Mareiner-Holz-c-studio22.at-Marcel-Hagen-5.jpg 2246w, https:\/\/www.mareiner.com\/wp-content\/uploads\/2021\/08\/EFH-H_AWP-Piz-Buin-gebuerstet_Mareiner-Holz-c-studio22.at-Marcel-Hagen-5-300x200.jpg 300w, https:\/\/www.mareiner.com\/wp-content\/uploads\/2021\/08\/EFH-H_AWP-Piz-Buin-gebuerstet_Mareiner-Holz-c-studio22.at-Marcel-Hagen-5-1024x683.jpg 1024w, https:\/\/www.mareiner.com\/wp-content\/uploads\/2021\/08\/EFH-H_AWP-Piz-Buin-gebuerstet_Mareiner-Holz-c-studio22.at-Marcel-Hagen-5-768x512.jpg 768w, https:\/\/www.mareiner.com\/wp-content\/uploads\/2021\/08\/EFH-H_AWP-Piz-Buin-gebuerstet_Mareiner-Holz-c-studio22.at-Marcel-Hagen-5-1536x1024.jpg 1536w, https:\/\/www.mareiner.com\/wp-content\/uploads\/2021\/08\/EFH-H_AWP-Piz-Buin-gebuerstet_Mareiner-Holz-c-studio22.at-Marcel-Hagen-5-2048x1365.jpg 2048w, https:\/\/www.mareiner.com\/wp-content\/uploads\/2021\/08\/EFH-H_AWP-Piz-Buin-gebuerstet_Mareiner-Holz-c-studio22.at-Marcel-Hagen-5-1000x667.jpg 1000w\" sizes=\"auto, (max-width: 2246px) 100vw, 2246px\" \/>\t\t\t\t\t\t\t\t\t<img loading=\"lazy\" decoding=\"async\" width=\"2246\" height=\"1497\" src=\"https:\/\/www.mareiner.com\/wp-content\/uploads\/2021\/08\/EFH-H_AWP-Piz-Buin-gebuerstet_Mareiner-Holz-c-studio22.at-Marcel-Hagen-11.jpg\" class=\"attachment-full size-full\" alt=\"Large wooden terrace with glass railings and breathtaking views of the Alpine foothills, floor and ceiling brushed in Piz Buin Alpine wall panels, cosy deckchair in the foreground.\" srcset=\"https:\/\/www.mareiner.com\/wp-content\/uploads\/2021\/08\/EFH-H_AWP-Piz-Buin-gebuerstet_Mareiner-Holz-c-studio22.at-Marcel-Hagen-11.jpg 2246w, https:\/\/www.mareiner.com\/wp-content\/uploads\/2021\/08\/EFH-H_AWP-Piz-Buin-gebuerstet_Mareiner-Holz-c-studio22.at-Marcel-Hagen-11-300x200.jpg 300w, https:\/\/www.mareiner.com\/wp-content\/uploads\/2021\/08\/EFH-H_AWP-Piz-Buin-gebuerstet_Mareiner-Holz-c-studio22.at-Marcel-Hagen-11-1024x683.jpg 1024w, https:\/\/www.mareiner.com\/wp-content\/uploads\/2021\/08\/EFH-H_AWP-Piz-Buin-gebuerstet_Mareiner-Holz-c-studio22.at-Marcel-Hagen-11-768x512.jpg 768w, https:\/\/www.mareiner.com\/wp-content\/uploads\/2021\/08\/EFH-H_AWP-Piz-Buin-gebuerstet_Mareiner-Holz-c-studio22.at-Marcel-Hagen-11-1536x1024.jpg 1536w, https:\/\/www.mareiner.com\/wp-content\/uploads\/2021\/08\/EFH-H_AWP-Piz-Buin-gebuerstet_Mareiner-Holz-c-studio22.at-Marcel-Hagen-11-2048x1365.jpg 2048w, https:\/\/www.mareiner.com\/wp-content\/uploads\/2021\/08\/EFH-H_AWP-Piz-Buin-gebuerstet_Mareiner-Holz-c-studio22.at-Marcel-Hagen-11-1000x667.jpg 1000w\" sizes=\"auto, (max-width: 2246px) 100vw, 2246px\" \/>\t\t\t\t\t\t\t<\/div>\r\n\t\t\r\n\t<\/div>\r\n\r\n<\/div>","protected":false},"featured_media":9848,"menu_order":7,"template":"","class_list":["post-9846","case_studies","type-case_studies","status-publish","has-post-thumbnail","hentry"],"acf":[],"_links":{"self":[{"href":"https:\/\/www.mareiner.com\/en\/wp-json\/wp\/v2\/case_studies\/9846","targetHints":{"allow":["GET"]}}],"collection":[{"href":"https:\/\/www.mareiner.com\/en\/wp-json\/wp\/v2\/case_studies"}],"about":[{"href":"https:\/\/www.mareiner.com\/en\/wp-json\/wp\/v2\/types\/case_studies"}],"wp:featuredmedia":[{"embeddable":true,"href":"https:\/\/www.mareiner.com\/en\/wp-json\/wp\/v2\/media\/9848"}],"wp:attachment":[{"href":"https:\/\/www.mareiner.com\/en\/wp-json\/wp\/v2\/media?parent=9846"}],"curies":[{"name":"wp","href":"https:\/\/api.w.org\/{rel}","templated":true}]}}