
{"id":10093,"date":"2024-01-11T14:02:06","date_gmt":"2024-01-11T13:02:06","guid":{"rendered":"https:\/\/www.mareiner.com\/inspiration\/privathaus-maier\/"},"modified":"2025-02-24T11:43:46","modified_gmt":"2025-02-24T10:43:46","slug":"private-house-maier","status":"publish","type":"referenzen","link":"https:\/\/www.mareiner.com\/en\/inspiration\/private-house-maier\/","title":{"rendered":"Private house Maier"},"content":{"rendered":"\r\n<div id=\"block_38ecbe117b88afbfbd67fd7d1ca2f427\" class=\"referenze-detail-block alignfull\">\r\n\t<div class=\"row\">\r\n\r\n\t\t<div class=\"col-xl-6 col-12\">\r\n\r\n\t\t\t\r\n\t\t\t\t<div class=\"row\">\r\n\t\t\t\t\t<div class=\"col-xl-12 col-12\">\r\n\r\n\t\t\t\t\t\t\t\t\t\t\t\t\t<div class=\"referenze-detail referenze-detail__detail-text\">\r\n\t\t\t\t\t\t\t\t<p><strong>Product: <\/strong><a href=\"https:\/\/www.mareiner.com\/en\/produkte\/marmolada\/\" target=\"_blank\" rel=\"noopener\">Marmolada Lava<\/a>, <a href=\"https:\/\/www.mareiner.com\/en\/produkte\/gran-paradiso-212\/\" target=\"_blank\" rel=\"noopener\">Gran Paradiso<\/a>, <a href=\"https:\/\/www.mareiner.com\/en\/produkte\/gardasee\/\" target=\"_blank\" rel=\"noopener\">Gardasee<\/a><br \/>\n<strong>Architecture:<\/strong> <a href=\"https:\/\/www.maderebner.at\/\" target=\"_blank\" rel=\"noopener\">Stefan Maderebner<\/a><br \/>\n<strong>Photography:<\/strong> Toni Muhr<br \/>\n<strong data-start=\"122\" data-end=\"142\">Project Address:<\/strong> Bad Gleichenberg, Austria<\/p>\n\t\t\t\t\t\t\t<\/div>\r\n\t\t\t\t\t\t\r\n\t\t\t\t\t<\/div>\r\n\t\t\t\t<\/div>\r\n\r\n\t\t\t\r\n\t\t\t\t<div class=\"row\">\r\n\t\t\t\t\t<div class=\"col-xl-10 col-12\">\r\n\r\n\t\t\t\t\t\t\t\t\t\t\t\t\t<div class=\"referenze-detail referenze-detail__image\">\r\n\t\t\t\t\t\t\t\t<img loading=\"lazy\" decoding=\"async\" width=\"1707\" height=\"2560\" src=\"https:\/\/www.mareiner.com\/wp-content\/uploads\/2024\/01\/Privathaus-Maier_Mareiner-c-Toni-Muhr-16-scaled.jpg\" class=\"attachment-full size-full\" alt=\"Traditionelle Hausfassade mit vertikaler Holzverkleidung aus Gran Paradiso im Obergeschoss und rustikaler Natursteinmauer im Sockelbereich. Vor dem Haus ein liebevoll gestalteter Garten mit Lavendel, Ziergeh\u00f6lzen und einer kleinen Engelsfigur.\" srcset=\"https:\/\/www.mareiner.com\/wp-content\/uploads\/2024\/01\/Privathaus-Maier_Mareiner-c-Toni-Muhr-16-scaled.jpg 1707w, https:\/\/www.mareiner.com\/wp-content\/uploads\/2024\/01\/Privathaus-Maier_Mareiner-c-Toni-Muhr-16-200x300.jpg 200w, https:\/\/www.mareiner.com\/wp-content\/uploads\/2024\/01\/Privathaus-Maier_Mareiner-c-Toni-Muhr-16-683x1024.jpg 683w, https:\/\/www.mareiner.com\/wp-content\/uploads\/2024\/01\/Privathaus-Maier_Mareiner-c-Toni-Muhr-16-768x1152.jpg 768w, https:\/\/www.mareiner.com\/wp-content\/uploads\/2024\/01\/Privathaus-Maier_Mareiner-c-Toni-Muhr-16-1024x1536.jpg 1024w, https:\/\/www.mareiner.com\/wp-content\/uploads\/2024\/01\/Privathaus-Maier_Mareiner-c-Toni-Muhr-16-1365x2048.jpg 1365w, https:\/\/www.mareiner.com\/wp-content\/uploads\/2024\/01\/Privathaus-Maier_Mareiner-c-Toni-Muhr-16-1000x1500.jpg 1000w\" sizes=\"auto, (max-width: 1707px) 100vw, 1707px\" \/>\t\t\t\t\t\t\t<\/div>\r\n\t\t\t\t\t\t\r\n\t\t\t\t\t<\/div>\r\n\t\t\t\t<\/div>\r\n\r\n\t\t\t\r\n\t\t\t\t<div class=\"row\">\r\n\t\t\t\t\t<div class=\"col-xl-12 col-12\">\r\n\r\n\t\t\t\t\t\t\t\t\t\t\t\t\t<div class=\"referenze-detail referenze-detail__text\">\r\n\t\t\t\t\t\t\t\t<p data-start=\"0\" data-end=\"456\">First and sometimes things turn out differently than expected: The Maier family originally had a carpentry business and had certain three-layer panels in mind for the construction and outfitting of their home. However, following a recommendation, they also consult master carpenter Stefan Maderebner from Gr\u00f6bming, who turns out to be the right fit\u2014infecting the family with his enthusiasm for Mareiner, which only grows after a joint visit to Mareiner.<\/p>\n<p data-start=\"458\" data-end=\"909\" data-is-last-node=\"\" data-is-only-node=\"\">The decision is made for burned Marmolada Lava for the interior; the steamed beams are custom-made \u00e0 la carte. For the facade, the choice falls on Gran Paradiso, which we offer in different board widths for a handcrafted look or, upon request, profiled on all four sides for installation in a running bond pattern. This brings so much joy to Stefan Maderebner that he immediately orders a Gran Paradiso facade for his own home and company building.<\/p>\n\t\t\t\t\t\t\t<\/div>\r\n\t\t\t\t\t\t\r\n\t\t\t\t\t<\/div>\r\n\t\t\t\t<\/div>\r\n\r\n\t\t\t\r\n\t\t\t\t<div class=\"row\">\r\n\t\t\t\t\t<div class=\"col-xl-10 col-12\">\r\n\r\n\t\t\t\t\t\t\t\t\t\t\t\t\t<div class=\"referenze-detail referenze-detail__image\">\r\n\t\t\t\t\t\t\t\t<img loading=\"lazy\" decoding=\"async\" width=\"2560\" height=\"1707\" src=\"https:\/\/www.mareiner.com\/wp-content\/uploads\/2024\/01\/Privathaus-Maier_Mareiner-c-Toni-Muhr-55-scaled.jpg\" class=\"attachment-full size-full\" alt=\"Hochwertige Sauna mit Wand- und Deckenverkleidung aus Marmolada Lava Holz. Die Innenb\u00e4nke aus hellem Holz kontrastieren harmonisch mit der rustikalen, astreichen Struktur der Verkleidung. Sichtbar ist eine Glaswand sowie ein Saunakissen.\" srcset=\"https:\/\/www.mareiner.com\/wp-content\/uploads\/2024\/01\/Privathaus-Maier_Mareiner-c-Toni-Muhr-55-scaled.jpg 2560w, https:\/\/www.mareiner.com\/wp-content\/uploads\/2024\/01\/Privathaus-Maier_Mareiner-c-Toni-Muhr-55-300x200.jpg 300w, https:\/\/www.mareiner.com\/wp-content\/uploads\/2024\/01\/Privathaus-Maier_Mareiner-c-Toni-Muhr-55-1024x683.jpg 1024w, https:\/\/www.mareiner.com\/wp-content\/uploads\/2024\/01\/Privathaus-Maier_Mareiner-c-Toni-Muhr-55-768x512.jpg 768w, https:\/\/www.mareiner.com\/wp-content\/uploads\/2024\/01\/Privathaus-Maier_Mareiner-c-Toni-Muhr-55-1536x1024.jpg 1536w, https:\/\/www.mareiner.com\/wp-content\/uploads\/2024\/01\/Privathaus-Maier_Mareiner-c-Toni-Muhr-55-2048x1365.jpg 2048w, https:\/\/www.mareiner.com\/wp-content\/uploads\/2024\/01\/Privathaus-Maier_Mareiner-c-Toni-Muhr-55-1000x667.jpg 1000w\" sizes=\"auto, (max-width: 2560px) 100vw, 2560px\" \/>\t\t\t\t\t\t\t<\/div>\r\n\t\t\t\t\t\t\r\n\t\t\t\t\t<\/div>\r\n\t\t\t\t<\/div>\r\n\r\n\t\t\t\r\n\t\t\t\t<div class=\"row\">\r\n\t\t\t\t\t<div class=\"col-xl-12 col-12\">\r\n\r\n\t\t\t\t\t\t\t\t\t\t\t\t\t<div class=\"referenze-detail referenze-detail__link-box\">\r\n\t\t\t\t\t\t\t\t<div class=\"referenze-detail__linkbox__wrapper\">\r\n\t\t\t\t\t\t\t\t\t<div class=\"referenze-detail__linkbox__image\">\r\n\t\t\t\t\t\t\t\t\t\t<img loading=\"lazy\" decoding=\"async\" width=\"999\" height=\"1000\" src=\"https:\/\/www.mareiner.com\/wp-content\/uploads\/2021\/08\/TER_Gardasee_Makro-frontal-1.jpg\" class=\"attachment-full size-full\" alt=\"Makroaufnahme der Oberfl\u00e4che Gardasee in dunkler, intensiver Farbgebung. Die gerillte Holzstruktur ist fein geb\u00fcrstet und zeigt ein ruhiges, harmonisches Maserungsbild. Die satte Farbe erinnert an mediterranes Flair \u2013 robust und elegant zugleich, ideal f\u00fcr Terrassen mit Charakter.\" srcset=\"https:\/\/www.mareiner.com\/wp-content\/uploads\/2021\/08\/TER_Gardasee_Makro-frontal-1.jpg 999w, https:\/\/www.mareiner.com\/wp-content\/uploads\/2021\/08\/TER_Gardasee_Makro-frontal-1-300x300.jpg 300w, https:\/\/www.mareiner.com\/wp-content\/uploads\/2021\/08\/TER_Gardasee_Makro-frontal-1-150x150.jpg 150w, https:\/\/www.mareiner.com\/wp-content\/uploads\/2021\/08\/TER_Gardasee_Makro-frontal-1-768x769.jpg 768w, https:\/\/www.mareiner.com\/wp-content\/uploads\/2021\/08\/TER_Gardasee_Makro-frontal-1-400x400.jpg 400w, https:\/\/www.mareiner.com\/wp-content\/uploads\/2021\/08\/TER_Gardasee_Makro-frontal-1-600x600.jpg 600w\" sizes=\"auto, (max-width: 999px) 100vw, 999px\" \/>\t\t\t\t\t\t\t\t\t\t<div class=\"referenze-detail__linkbox__overlay\">\r\n\t\t\t\t\t\t\t\t\t\t\t<h5 class=\"referenze-detail__linkbox__overlay__title\">Gardasee<\/h5>\r\n\t\t\t\t\t\t\t\t\t\t\t<div class=\"referenze-detail__linkbox__overlay__subtitle\">\r\n\t\t\t\t\t\t\t\t\t\t\t\tAsh, thermally treated at 200\u00b0C\t\t\t\t\t\t\t\t\t\t\t<\/div>\r\n\t\t\t\t\t\t\t\t\t\t\t<a href=\"https:\/\/www.mareiner.com\/en\/produkte\/gardasee\/\" target=\"_blank\" class=\"btn btn-light\">TO THE PRODUCT<\/a>\r\n\t\t\t\t\t\t\t\t\t\t<\/div>\r\n\t\t\t\t\t\t\t\t\t<\/div>\r\n\t\t\t\t\t\t\t\t<\/div>\r\n\t\t\t\t\t\t\t<\/div>\r\n\t\t\t\t\t\t\r\n\t\t\t\t\t<\/div>\r\n\t\t\t\t<\/div>\r\n\r\n\t\t\t\r\n\t\t\t\t<div class=\"row\">\r\n\t\t\t\t\t<div class=\"col-xl-12 col-12\">\r\n\r\n\t\t\t\t\t\t\t\t\t\t\t\t\t<div class=\"referenze-detail referenze-detail__quote\">\r\n\t\t\t\t\t\t\t\t<div class=\"referenze-quote text-center\">\r\n\t\t\t\t\t\t\t\t\t<div class=\"referenze-quote__symbol\">\r\n\t\t\t\t\t\t\t\t\t\t<svg xmlns=\"http:\/\/www.w3.org\/2000\/svg\" xmlns:xlink=\"http:\/\/www.w3.org\/1999\/xlink\" width=\"37.254\" height=\"29.278\" viewBox=\"0 0 37.254 29.278\"><defs><clipPath id=\"a\"><path d=\"M0,0H37.254V-29.278H0Z\" fill=\"#473729\"\/><\/clipPath><\/defs><g transform=\"translate(0 29.278)\" clip-path=\"url(#a)\"><g transform=\"translate(27.537 -29.278)\"><path d=\"M0,0C-4.922,0-6.057,3.281-6.057,5.174A3.347,3.347,0,0,0-2.65,8.708a6.926,6.926,0,0,1,6.31,7.067c0,5.174-4.922,8.707-9.591,10.853a1.865,1.865,0,0,0,.883,2.65C2.9,26.88,9.591,20.823,9.717,12.115,9.717,5.553,5.174,0,0,0M-21.327,0c-4.922,0-6.058,3.281-6.058,5.174a3.347,3.347,0,0,0,3.407,3.534,6.926,6.926,0,0,1,6.31,7.067c0,5.174-4.921,8.707-9.591,10.853a1.864,1.864,0,0,0,.884,2.65c7.95-2.4,14.639-8.455,14.765-17.163C-11.61,5.553-16.153,0-21.327,0\" fill=\"#473729\"\/><\/g><\/g><\/svg>\r\n\t\t\t\t\t\t\t\t\t<\/div>\r\n\t\t\t\t\t\t\t\t\t<div class=\"referenze-quote__text\">\r\n\t\t\t\t\t\t\t\t\t\tWhere your heart feels at home, there is your residence: through the refinement at Mareiner, the wood has gained a character that ensures coziness and warmth within your home, giving a sense of connection to nature.\t\t\t\t\t\t\t\t\t<\/div>\r\n\t\t\t\t\t\t\t\t\t<div class=\"referenze-quote__author\">\r\n\t\t\t\t\t\t\t\t\t\tIsabella Meier, Property Owner\t\t\t\t\t\t\t\t\t<\/div>\r\n\t\t\t\t\t\t\t\t<\/div>\r\n\t\t\t\t\t\t\t<\/div>\r\n\t\t\t\t\t\t\r\n\t\t\t\t\t<\/div>\r\n\t\t\t\t<\/div>\r\n\r\n\t\t\t\r\n\t\t\t\t<div class=\"row\">\r\n\t\t\t\t\t<div class=\"col-xl-12 col-12\">\r\n\r\n\t\t\t\t\t\t\t\t\t\t\t\t\t<div class=\"referenze-detail referenze-detail__image\">\r\n\t\t\t\t\t\t\t\t<img loading=\"lazy\" decoding=\"async\" width=\"2560\" height=\"1707\" src=\"https:\/\/www.mareiner.com\/wp-content\/uploads\/2024\/01\/Privathaus-Maier_Mareiner-c-Toni-Muhr-30-scaled.jpg\" class=\"attachment-full size-full\" alt=\"Weitl\u00e4ufige Terrasse mit edlem Boden aus Gardasee-Holz. Im Vordergrund steht eine dekorative schwarze Metallkugel. Die filigrane Metallbalustrade gibt den Blick auf eine h\u00fcgelige Landschaft und weiten Horizont frei.\" srcset=\"https:\/\/www.mareiner.com\/wp-content\/uploads\/2024\/01\/Privathaus-Maier_Mareiner-c-Toni-Muhr-30-scaled.jpg 2560w, https:\/\/www.mareiner.com\/wp-content\/uploads\/2024\/01\/Privathaus-Maier_Mareiner-c-Toni-Muhr-30-300x200.jpg 300w, https:\/\/www.mareiner.com\/wp-content\/uploads\/2024\/01\/Privathaus-Maier_Mareiner-c-Toni-Muhr-30-1024x683.jpg 1024w, https:\/\/www.mareiner.com\/wp-content\/uploads\/2024\/01\/Privathaus-Maier_Mareiner-c-Toni-Muhr-30-768x512.jpg 768w, https:\/\/www.mareiner.com\/wp-content\/uploads\/2024\/01\/Privathaus-Maier_Mareiner-c-Toni-Muhr-30-1536x1024.jpg 1536w, https:\/\/www.mareiner.com\/wp-content\/uploads\/2024\/01\/Privathaus-Maier_Mareiner-c-Toni-Muhr-30-2048x1365.jpg 2048w, https:\/\/www.mareiner.com\/wp-content\/uploads\/2024\/01\/Privathaus-Maier_Mareiner-c-Toni-Muhr-30-1000x667.jpg 1000w\" sizes=\"auto, (max-width: 2560px) 100vw, 2560px\" \/>\t\t\t\t\t\t\t<\/div>\r\n\t\t\t\t\t\t\r\n\t\t\t\t\t<\/div>\r\n\t\t\t\t<\/div>\r\n\r\n\t\t\t\t\t\r\n\t\t<\/div>\r\n\r\n\t\t<div class=\"col-xl-6 col-12\">\r\n\r\n\t\t\t\r\n\t\t\t\t<div class=\"row\">\r\n\r\n\t\t\t\t\t<div class=\"col-xl-10 offset-xl-2 col-12\">\r\n\r\n\t\t\t\t\t\t\t\t\t\t\t\t\t<div class=\"referenze-detail referenze-detail__image\">\r\n\t\t\t\t\t\t\t\t<img loading=\"lazy\" decoding=\"async\" width=\"1707\" height=\"2560\" src=\"https:\/\/www.mareiner.com\/wp-content\/uploads\/2024\/01\/Privathaus-Maier_Mareiner-c-Toni-Muhr-47-scaled.jpg\" class=\"attachment-full size-full\" alt=\"Modern interpretierter alpiner Wellnessbereich mit Sauna aus Marmolada Lava Holz. Die Glasfront gibt den Blick auf eine Terrasse mit Talpanorama frei. Sichtbar sind rustikale Balken, warme Beleuchtung und eine gem\u00fctlich gestaltete Saunabank mit Kissen.\" srcset=\"https:\/\/www.mareiner.com\/wp-content\/uploads\/2024\/01\/Privathaus-Maier_Mareiner-c-Toni-Muhr-47-scaled.jpg 1707w, https:\/\/www.mareiner.com\/wp-content\/uploads\/2024\/01\/Privathaus-Maier_Mareiner-c-Toni-Muhr-47-200x300.jpg 200w, https:\/\/www.mareiner.com\/wp-content\/uploads\/2024\/01\/Privathaus-Maier_Mareiner-c-Toni-Muhr-47-683x1024.jpg 683w, https:\/\/www.mareiner.com\/wp-content\/uploads\/2024\/01\/Privathaus-Maier_Mareiner-c-Toni-Muhr-47-768x1152.jpg 768w, https:\/\/www.mareiner.com\/wp-content\/uploads\/2024\/01\/Privathaus-Maier_Mareiner-c-Toni-Muhr-47-1024x1536.jpg 1024w, https:\/\/www.mareiner.com\/wp-content\/uploads\/2024\/01\/Privathaus-Maier_Mareiner-c-Toni-Muhr-47-1365x2048.jpg 1365w, https:\/\/www.mareiner.com\/wp-content\/uploads\/2024\/01\/Privathaus-Maier_Mareiner-c-Toni-Muhr-47-1000x1500.jpg 1000w\" sizes=\"auto, (max-width: 1707px) 100vw, 1707px\" \/>\t\t\t\t\t\t\t<\/div>\r\n\t\t\t\t\t\t\r\n\t\t\t\t\t<\/div>\r\n\t\t\t\t<\/div>\r\n\r\n\t\t\t\r\n\t\t\t\t<div class=\"row\">\r\n\r\n\t\t\t\t\t<div class=\"col-xl-12 offset-xl-0 col-12\">\r\n\r\n\t\t\t\t\t\t\t\t\t\t\t\t\t<div class=\"referenze-detail referenze-detail__image\">\r\n\t\t\t\t\t\t\t\t<img loading=\"lazy\" decoding=\"async\" width=\"2560\" height=\"1707\" src=\"https:\/\/www.mareiner.com\/wp-content\/uploads\/2024\/01\/Privathaus-Maier_Mareiner-c-Toni-Muhr-48-scaled.jpg\" class=\"attachment-full size-full\" alt=\"Detailaufnahme eines rustikalen Sichtdachstuhls aus Marmolada Lava Holz mit sichtbaren Tr\u00e4gern und stimmungsvoller Beleuchtung. Darunter eine massive Mauer aus Naturstein, im Hintergrund ein gerahmtes Landschaftsbild an der Wand.\" srcset=\"https:\/\/www.mareiner.com\/wp-content\/uploads\/2024\/01\/Privathaus-Maier_Mareiner-c-Toni-Muhr-48-scaled.jpg 2560w, https:\/\/www.mareiner.com\/wp-content\/uploads\/2024\/01\/Privathaus-Maier_Mareiner-c-Toni-Muhr-48-300x200.jpg 300w, https:\/\/www.mareiner.com\/wp-content\/uploads\/2024\/01\/Privathaus-Maier_Mareiner-c-Toni-Muhr-48-1024x683.jpg 1024w, https:\/\/www.mareiner.com\/wp-content\/uploads\/2024\/01\/Privathaus-Maier_Mareiner-c-Toni-Muhr-48-768x512.jpg 768w, https:\/\/www.mareiner.com\/wp-content\/uploads\/2024\/01\/Privathaus-Maier_Mareiner-c-Toni-Muhr-48-1536x1024.jpg 1536w, https:\/\/www.mareiner.com\/wp-content\/uploads\/2024\/01\/Privathaus-Maier_Mareiner-c-Toni-Muhr-48-2048x1365.jpg 2048w, https:\/\/www.mareiner.com\/wp-content\/uploads\/2024\/01\/Privathaus-Maier_Mareiner-c-Toni-Muhr-48-1000x667.jpg 1000w\" sizes=\"auto, (max-width: 2560px) 100vw, 2560px\" \/>\t\t\t\t\t\t\t<\/div>\r\n\t\t\t\t\t\t\r\n\t\t\t\t\t<\/div>\r\n\t\t\t\t<\/div>\r\n\r\n\t\t\t\r\n\t\t\t\t<div class=\"row\">\r\n\r\n\t\t\t\t\t<div class=\"col-xl-12 offset-xl-0 col-12\">\r\n\r\n\t\t\t\t\t\t\t\t\t\t\t\t\t<div class=\"referenze-detail referenze-detail__quote\">\r\n\t\t\t\t\t\t\t\t<div class=\"referenze-quote text-center\">\r\n\t\t\t\t\t\t\t\t\t<div class=\"referenze-quote__symbol\">\r\n\t\t\t\t\t\t\t\t\t\t<svg xmlns=\"http:\/\/www.w3.org\/2000\/svg\" xmlns:xlink=\"http:\/\/www.w3.org\/1999\/xlink\" width=\"37.254\" height=\"29.278\" viewBox=\"0 0 37.254 29.278\"><defs><clipPath id=\"a\"><path d=\"M0,0H37.254V-29.278H0Z\" fill=\"#473729\"\/><\/clipPath><\/defs><g transform=\"translate(0 29.278)\" clip-path=\"url(#a)\"><g transform=\"translate(27.537 -29.278)\"><path d=\"M0,0C-4.922,0-6.057,3.281-6.057,5.174A3.347,3.347,0,0,0-2.65,8.708a6.926,6.926,0,0,1,6.31,7.067c0,5.174-4.922,8.707-9.591,10.853a1.865,1.865,0,0,0,.883,2.65C2.9,26.88,9.591,20.823,9.717,12.115,9.717,5.553,5.174,0,0,0M-21.327,0c-4.922,0-6.058,3.281-6.058,5.174a3.347,3.347,0,0,0,3.407,3.534,6.926,6.926,0,0,1,6.31,7.067c0,5.174-4.921,8.707-9.591,10.853a1.864,1.864,0,0,0,.884,2.65c7.95-2.4,14.639-8.455,14.765-17.163C-11.61,5.553-16.153,0-21.327,0\" fill=\"#473729\"\/><\/g><\/g><\/svg>\r\n\t\t\t\t\t\t\t\t\t<\/div>\r\n\t\t\t\t\t\t\t\t\t<div class=\"referenze-quote__text\">\r\n\t\t\t\t\t\t\t\t\t\tWithout the straightforward collaboration with Mareiner, this unique project could not have been realized in the same way.\t\t\t\t\t\t\t\t\t<\/div>\r\n\t\t\t\t\t\t\t\t\t<div class=\"referenze-quote__author\">\r\n\t\t\t\t\t\t\t\t\t\tStefan Maderebner, Master Carpenter\t\t\t\t\t\t\t\t\t<\/div>\r\n\t\t\t\t\t\t\t\t<\/div>\r\n\t\t\t\t\t\t\t<\/div>\r\n\t\t\t\t\t\t\r\n\t\t\t\t\t<\/div>\r\n\t\t\t\t<\/div>\r\n\r\n\t\t\t\r\n\t\t\t\t<div class=\"row\">\r\n\r\n\t\t\t\t\t<div class=\"col-xl-12 offset-xl-0 col-12\">\r\n\r\n\t\t\t\t\t\t\t\t\t\t\t\t\t<div class=\"referenze-detail referenze-detail__link-box\">\r\n\t\t\t\t\t\t\t\t<div class=\"referenze-detail__linkbox__wrapper\">\r\n\t\t\t\t\t\t\t\t\t<div class=\"referenze-detail__linkbox__image\">\r\n\t\t\t\t\t\t\t\t\t\t<img loading=\"lazy\" decoding=\"async\" width=\"1499\" height=\"1000\" src=\"https:\/\/www.mareiner.com\/wp-content\/uploads\/2024\/01\/Mareiner-Marmolada_LAVA-098_w.jpg\" class=\"attachment-full size-full\" alt=\"Geflammte Holzoberfl\u00e4che mit starker Maserung und dunklen Flammenakzenten. Die Bretter zeigen markante Jahresringe und Astl\u00f6cher, die dem Holz einen rustikalen, lebendigen Charakter verleihen.\" srcset=\"https:\/\/www.mareiner.com\/wp-content\/uploads\/2024\/01\/Mareiner-Marmolada_LAVA-098_w.jpg 1499w, https:\/\/www.mareiner.com\/wp-content\/uploads\/2024\/01\/Mareiner-Marmolada_LAVA-098_w-300x200.jpg 300w, https:\/\/www.mareiner.com\/wp-content\/uploads\/2024\/01\/Mareiner-Marmolada_LAVA-098_w-1024x683.jpg 1024w, https:\/\/www.mareiner.com\/wp-content\/uploads\/2024\/01\/Mareiner-Marmolada_LAVA-098_w-768x512.jpg 768w, https:\/\/www.mareiner.com\/wp-content\/uploads\/2024\/01\/Mareiner-Marmolada_LAVA-098_w-1000x667.jpg 1000w\" sizes=\"auto, (max-width: 1499px) 100vw, 1499px\" \/>\t\t\t\t\t\t\t\t\t\t<div class=\"referenze-detail__linkbox__overlay\">\r\n\t\t\t\t\t\t\t\t\t\t\t<h5 class=\"referenze-detail__linkbox__overlay__title\">Marmolada Lava <\/h5>\r\n\t\t\t\t\t\t\t\t\t\t\t<div class=\"referenze-detail__linkbox__overlay__subtitle\">\r\n\t\t\t\t\t\t\t\t\t\t\t\tSpruce Character, steamed, charred\t\t\t\t\t\t\t\t\t\t\t<\/div>\r\n\t\t\t\t\t\t\t\t\t\t\t<a href=\"https:\/\/www.mareiner.com\/en\/produkte\/marmolada\/\" target=\"_blank\" class=\"btn btn-light\">TO THE PRODUCT<\/a>\r\n\t\t\t\t\t\t\t\t\t\t<\/div>\r\n\t\t\t\t\t\t\t\t\t<\/div>\r\n\t\t\t\t\t\t\t\t<\/div>\r\n\t\t\t\t\t\t\t<\/div>\r\n\t\t\t\t\t\t\r\n\t\t\t\t\t<\/div>\r\n\t\t\t\t<\/div>\r\n\r\n\t\t\t\r\n\t\t\t\t<div class=\"row\">\r\n\r\n\t\t\t\t\t<div class=\"col-xl-12 offset-xl-0 col-12\">\r\n\r\n\t\t\t\t\t\t\t\t\t\t\t\t\t<div class=\"referenze-detail referenze-detail__image\">\r\n\t\t\t\t\t\t\t\t<img loading=\"lazy\" decoding=\"async\" width=\"2560\" height=\"1707\" src=\"https:\/\/www.mareiner.com\/wp-content\/uploads\/2024\/01\/Privathaus-Maier_Mareiner-c-Toni-Muhr-27-scaled.jpg\" class=\"attachment-full size-full\" alt=\"Detailansicht einer wei\u00df verputzten Decke mit kontrastierenden Holzbalken aus Marmolada Lava. Die charakteristische Maserung und warme T\u00f6nung des Holzes verleihen dem Raum eine nat\u00fcrliche, rustikale Ausstrahlung.\" srcset=\"https:\/\/www.mareiner.com\/wp-content\/uploads\/2024\/01\/Privathaus-Maier_Mareiner-c-Toni-Muhr-27-scaled.jpg 2560w, https:\/\/www.mareiner.com\/wp-content\/uploads\/2024\/01\/Privathaus-Maier_Mareiner-c-Toni-Muhr-27-300x200.jpg 300w, https:\/\/www.mareiner.com\/wp-content\/uploads\/2024\/01\/Privathaus-Maier_Mareiner-c-Toni-Muhr-27-1024x683.jpg 1024w, https:\/\/www.mareiner.com\/wp-content\/uploads\/2024\/01\/Privathaus-Maier_Mareiner-c-Toni-Muhr-27-768x512.jpg 768w, https:\/\/www.mareiner.com\/wp-content\/uploads\/2024\/01\/Privathaus-Maier_Mareiner-c-Toni-Muhr-27-1536x1024.jpg 1536w, https:\/\/www.mareiner.com\/wp-content\/uploads\/2024\/01\/Privathaus-Maier_Mareiner-c-Toni-Muhr-27-2048x1365.jpg 2048w, https:\/\/www.mareiner.com\/wp-content\/uploads\/2024\/01\/Privathaus-Maier_Mareiner-c-Toni-Muhr-27-1000x667.jpg 1000w\" sizes=\"auto, (max-width: 2560px) 100vw, 2560px\" \/>\t\t\t\t\t\t\t<\/div>\r\n\t\t\t\t\t\t\r\n\t\t\t\t\t<\/div>\r\n\t\t\t\t<\/div>\r\n\r\n\t\t\t\r\n\t\t\t\t<div class=\"row\">\r\n\r\n\t\t\t\t\t<div class=\"col-xl-12 offset-xl-0 col-12\">\r\n\r\n\t\t\t\t\t\t\t\t\t\t\t\t\t<div class=\"referenze-detail referenze-detail__link-box\">\r\n\t\t\t\t\t\t\t\t<div class=\"referenze-detail__linkbox__wrapper\">\r\n\t\t\t\t\t\t\t\t\t<div class=\"referenze-detail__linkbox__image\">\r\n\t\t\t\t\t\t\t\t\t\t<img loading=\"lazy\" decoding=\"async\" width=\"1499\" height=\"1000\" src=\"https:\/\/www.mareiner.com\/wp-content\/uploads\/2024\/01\/Mareiner-Gran-Paradiso-212\u00b0_gehackt-024_w.jpg\" class=\"attachment-full size-full\" alt=\"Gehackte Holzoberfl\u00e4che mit kr\u00e4ftiger, unregelm\u00e4\u00dfiger Struktur und tiefer Maserung. Die rustikale Bearbeitung in warmem Braun verleiht dem Holz eine markante Altholz-Optik mit handwerklichem Charakter.\" srcset=\"https:\/\/www.mareiner.com\/wp-content\/uploads\/2024\/01\/Mareiner-Gran-Paradiso-212\u00b0_gehackt-024_w.jpg 1499w, https:\/\/www.mareiner.com\/wp-content\/uploads\/2024\/01\/Mareiner-Gran-Paradiso-212\u00b0_gehackt-024_w-300x200.jpg 300w, https:\/\/www.mareiner.com\/wp-content\/uploads\/2024\/01\/Mareiner-Gran-Paradiso-212\u00b0_gehackt-024_w-1024x683.jpg 1024w, https:\/\/www.mareiner.com\/wp-content\/uploads\/2024\/01\/Mareiner-Gran-Paradiso-212\u00b0_gehackt-024_w-768x512.jpg 768w, https:\/\/www.mareiner.com\/wp-content\/uploads\/2024\/01\/Mareiner-Gran-Paradiso-212\u00b0_gehackt-024_w-1000x667.jpg 1000w\" sizes=\"auto, (max-width: 1499px) 100vw, 1499px\" \/>\t\t\t\t\t\t\t\t\t\t<div class=\"referenze-detail__linkbox__overlay\">\r\n\t\t\t\t\t\t\t\t\t\t\t<h5 class=\"referenze-detail__linkbox__overlay__title\">Gran Paradiso<\/h5>\r\n\t\t\t\t\t\t\t\t\t\t\t<div class=\"referenze-detail__linkbox__overlay__subtitle\">\r\n\t\t\t\t\t\t\t\t\t\t\t\tNordic Spruce, thermally treated at 212\u00b0C\t\t\t\t\t\t\t\t\t\t\t<\/div>\r\n\t\t\t\t\t\t\t\t\t\t\t<a href=\"https:\/\/www.mareiner.com\/en\/produkte\/gran-paradiso-212\/\" target=\"_blank\" class=\"btn btn-light\">TO THE PRODUCT<\/a>\r\n\t\t\t\t\t\t\t\t\t\t<\/div>\r\n\t\t\t\t\t\t\t\t\t<\/div>\r\n\t\t\t\t\t\t\t\t<\/div>\r\n\t\t\t\t\t\t\t<\/div>\r\n\t\t\t\t\t\t\r\n\t\t\t\t\t<\/div>\r\n\t\t\t\t<\/div>\r\n\r\n\t\t\t\r\n\t\t<\/div>\r\n\r\n\t<\/div>\r\n<\/div>","protected":false},"featured_media":8193,"menu_order":28,"template":"","kategorie_referenzen":[154],"anwendungsbereich":[226,141,228,142,143],"veredelung":[146,148,149],"holzart":[150,153],"architekturart":[],"class_list":["post-10093","referenzen","type-referenzen","status-publish","has-post-thumbnail","hentry","kategorie_referenzen-residential-construction","anwendungsbereich-ceiling","anwendungsbereich-facade","anwendungsbereich-sauna-and-spa","anwendungsbereich-terrace","anwendungsbereich-wall","veredelung-burnt","veredelung-brushed","veredelung-thermically-treated","holzart-spruce","holzart-ash"],"acf":[],"_links":{"self":[{"href":"https:\/\/www.mareiner.com\/en\/wp-json\/wp\/v2\/referenzen\/10093","targetHints":{"allow":["GET"]}}],"collection":[{"href":"https:\/\/www.mareiner.com\/en\/wp-json\/wp\/v2\/referenzen"}],"about":[{"href":"https:\/\/www.mareiner.com\/en\/wp-json\/wp\/v2\/types\/referenzen"}],"version-history":[{"count":1,"href":"https:\/\/www.mareiner.com\/en\/wp-json\/wp\/v2\/referenzen\/10093\/revisions"}],"predecessor-version":[{"id":10099,"href":"https:\/\/www.mareiner.com\/en\/wp-json\/wp\/v2\/referenzen\/10093\/revisions\/10099"}],"wp:featuredmedia":[{"embeddable":true,"href":"https:\/\/www.mareiner.com\/en\/wp-json\/wp\/v2\/media\/8193"}],"wp:attachment":[{"href":"https:\/\/www.mareiner.com\/en\/wp-json\/wp\/v2\/media?parent=10093"}],"wp:term":[{"taxonomy":"kategorie_referenzen","embeddable":true,"href":"https:\/\/www.mareiner.com\/en\/wp-json\/wp\/v2\/kategorie_referenzen?post=10093"},{"taxonomy":"anwendungsbereich","embeddable":true,"href":"https:\/\/www.mareiner.com\/en\/wp-json\/wp\/v2\/anwendungsbereich?post=10093"},{"taxonomy":"veredelung","embeddable":true,"href":"https:\/\/www.mareiner.com\/en\/wp-json\/wp\/v2\/veredelung?post=10093"},{"taxonomy":"holzart","embeddable":true,"href":"https:\/\/www.mareiner.com\/en\/wp-json\/wp\/v2\/holzart?post=10093"},{"taxonomy":"architekturart","embeddable":true,"href":"https:\/\/www.mareiner.com\/en\/wp-json\/wp\/v2\/architekturart?post=10093"}],"curies":[{"name":"wp","href":"https:\/\/api.w.org\/{rel}","templated":true}]}}