
{"id":10136,"date":"2024-01-11T11:58:53","date_gmt":"2024-01-11T10:58:53","guid":{"rendered":"https:\/\/www.mareiner.com\/inspiration\/privathaus-kainz\/"},"modified":"2025-02-24T13:04:30","modified_gmt":"2025-02-24T12:04:30","slug":"private-house-kainz","status":"publish","type":"referenzen","link":"https:\/\/www.mareiner.com\/en\/inspiration\/private-house-kainz\/","title":{"rendered":"Private house Kainz"},"content":{"rendered":"\r\n<div id=\"block_51c97c4ca378f843d1164de240c4001c\" class=\"referenze-detail-block alignfull\">\r\n\t<div class=\"row\">\r\n\r\n\t\t<div class=\"col-xl-6 col-12\">\r\n\r\n\t\t\t\r\n\t\t\t\t<div class=\"row\">\r\n\t\t\t\t\t<div class=\"col-xl-12 col-12\">\r\n\r\n\t\t\t\t\t\t\t\t\t\t\t\t\t<div class=\"referenze-detail referenze-detail__detail-text\">\r\n\t\t\t\t\t\t\t\t<p><strong>Product: <\/strong><a href=\"https:\/\/www.mareiner.com\/en\/produkte\/kebony\/\" target=\"_blank\" rel=\"noopener\">Kebony<\/a><strong><br \/>\n<\/strong><strong>Planning: <\/strong>Mareiner <a href=\"https:\/\/www.mareiner.com\/architekturservice\/\" target=\"_blank\" rel=\"noopener\">Architekturbetreuer Fritz Suppan<\/a><br \/>\n<strong>Photography:<\/strong> Mareiner \u00a9 Katarina Pashkovskaya<br \/>\n<strong data-start=\"136\" data-end=\"156\">Project Address:<\/strong> Graz, Austria<\/p>\n\t\t\t\t\t\t\t<\/div>\r\n\t\t\t\t\t\t\r\n\t\t\t\t\t<\/div>\r\n\t\t\t\t<\/div>\r\n\r\n\t\t\t\r\n\t\t\t\t<div class=\"row\">\r\n\t\t\t\t\t<div class=\"col-xl-12 col-12\">\r\n\r\n\t\t\t\t\t\t\t\t\t\t\t\t\t<div class=\"referenze-detail referenze-detail__image\">\r\n\t\t\t\t\t\t\t\t<img loading=\"lazy\" decoding=\"async\" width=\"2560\" height=\"1707\" src=\"https:\/\/www.mareiner.com\/wp-content\/uploads\/2024\/01\/Privathaus-Kainz-Weinitzen_TER-Kebony_Mareiner-Holz-c-Katarina-Pashkovskaya-9-scaled.jpg\" class=\"attachment-full size-full\" alt=\"Nahaufnahme einer Terrasse mit diagonal verlegtem Kebony-Holzdeck und angrenzender grauer Natursteinumrandung eines Pools. Das klare Wasser reflektiert das Sonnenlicht, die Materialien zeigen eine elegante, wettergegerbte Patina.\" srcset=\"https:\/\/www.mareiner.com\/wp-content\/uploads\/2024\/01\/Privathaus-Kainz-Weinitzen_TER-Kebony_Mareiner-Holz-c-Katarina-Pashkovskaya-9-scaled.jpg 2560w, https:\/\/www.mareiner.com\/wp-content\/uploads\/2024\/01\/Privathaus-Kainz-Weinitzen_TER-Kebony_Mareiner-Holz-c-Katarina-Pashkovskaya-9-300x200.jpg 300w, https:\/\/www.mareiner.com\/wp-content\/uploads\/2024\/01\/Privathaus-Kainz-Weinitzen_TER-Kebony_Mareiner-Holz-c-Katarina-Pashkovskaya-9-1024x683.jpg 1024w, https:\/\/www.mareiner.com\/wp-content\/uploads\/2024\/01\/Privathaus-Kainz-Weinitzen_TER-Kebony_Mareiner-Holz-c-Katarina-Pashkovskaya-9-768x512.jpg 768w, https:\/\/www.mareiner.com\/wp-content\/uploads\/2024\/01\/Privathaus-Kainz-Weinitzen_TER-Kebony_Mareiner-Holz-c-Katarina-Pashkovskaya-9-1536x1024.jpg 1536w, https:\/\/www.mareiner.com\/wp-content\/uploads\/2024\/01\/Privathaus-Kainz-Weinitzen_TER-Kebony_Mareiner-Holz-c-Katarina-Pashkovskaya-9-2048x1365.jpg 2048w, https:\/\/www.mareiner.com\/wp-content\/uploads\/2024\/01\/Privathaus-Kainz-Weinitzen_TER-Kebony_Mareiner-Holz-c-Katarina-Pashkovskaya-9-1000x667.jpg 1000w\" sizes=\"auto, (max-width: 2560px) 100vw, 2560px\" \/>\t\t\t\t\t\t\t<\/div>\r\n\t\t\t\t\t\t\r\n\t\t\t\t\t<\/div>\r\n\t\t\t\t<\/div>\r\n\r\n\t\t\t\r\n\t\t\t\t<div class=\"row\">\r\n\t\t\t\t\t<div class=\"col-xl-12 col-12\">\r\n\r\n\t\t\t\t\t\t\t\t\t\t\t\t\t<div class=\"referenze-detail referenze-detail__text\">\r\n\t\t\t\t\t\t\t\t<p>With the Kainz family, we showcased what we have to offer in terms of terrace consulting. The result appeals to nearly all of the senses, and thus speaks for itself: In our hands, the family has created an outdoor space in their garden that can easily stand up to comparison with expensive wellness resorts. And it will continue to do so for the next 30 years. That\u2019s the length of the warranty period for the beautiful Kebony planks that surround the inviting pool and add up to around 50m\u00b2 of living space outdoors. The Kainz family received not only the virtually indestructible Kebony from us, but also all the materials for the substructure and fastening. In other words: not just planks. But a complete solution.<\/p>\n\t\t\t\t\t\t\t<\/div>\r\n\t\t\t\t\t\t\r\n\t\t\t\t\t<\/div>\r\n\t\t\t\t<\/div>\r\n\r\n\t\t\t\r\n\t\t\t\t<div class=\"row\">\r\n\t\t\t\t\t<div class=\"col-xl-10 col-12\">\r\n\r\n\t\t\t\t\t\t\t\t\t\t\t\t\t<div class=\"referenze-detail referenze-detail__image\">\r\n\t\t\t\t\t\t\t\t<img loading=\"lazy\" decoding=\"async\" width=\"1843\" height=\"2560\" src=\"https:\/\/www.mareiner.com\/wp-content\/uploads\/2024\/01\/Privathaus-Kainz-Weinitzen_TER-Kebony_Mareiner-Holz-c-Katarina-Pashkovskaya-2-scaled.jpg\" class=\"attachment-full size-full\" alt=\"Nahaufnahme einer Kebony-Holzterrasse mit sichtbarer silbergrauer Patina. Eine h\u00f6lzerne Gartenstuhllehne und Tischkante werfen markante Schatten auf die Dielen. Im oberen Bildbereich sind hellgraue Natursteinplatten am Poolrand zu sehen.\" srcset=\"https:\/\/www.mareiner.com\/wp-content\/uploads\/2024\/01\/Privathaus-Kainz-Weinitzen_TER-Kebony_Mareiner-Holz-c-Katarina-Pashkovskaya-2-scaled.jpg 1843w, https:\/\/www.mareiner.com\/wp-content\/uploads\/2024\/01\/Privathaus-Kainz-Weinitzen_TER-Kebony_Mareiner-Holz-c-Katarina-Pashkovskaya-2-216x300.jpg 216w, https:\/\/www.mareiner.com\/wp-content\/uploads\/2024\/01\/Privathaus-Kainz-Weinitzen_TER-Kebony_Mareiner-Holz-c-Katarina-Pashkovskaya-2-737x1024.jpg 737w, https:\/\/www.mareiner.com\/wp-content\/uploads\/2024\/01\/Privathaus-Kainz-Weinitzen_TER-Kebony_Mareiner-Holz-c-Katarina-Pashkovskaya-2-768x1067.jpg 768w, https:\/\/www.mareiner.com\/wp-content\/uploads\/2024\/01\/Privathaus-Kainz-Weinitzen_TER-Kebony_Mareiner-Holz-c-Katarina-Pashkovskaya-2-1106x1536.jpg 1106w, https:\/\/www.mareiner.com\/wp-content\/uploads\/2024\/01\/Privathaus-Kainz-Weinitzen_TER-Kebony_Mareiner-Holz-c-Katarina-Pashkovskaya-2-1474x2048.jpg 1474w, https:\/\/www.mareiner.com\/wp-content\/uploads\/2024\/01\/Privathaus-Kainz-Weinitzen_TER-Kebony_Mareiner-Holz-c-Katarina-Pashkovskaya-2-1000x1389.jpg 1000w\" sizes=\"auto, (max-width: 1843px) 100vw, 1843px\" \/>\t\t\t\t\t\t\t<\/div>\r\n\t\t\t\t\t\t\r\n\t\t\t\t\t<\/div>\r\n\t\t\t\t<\/div>\r\n\r\n\t\t\t\r\n\t\t\t\t<div class=\"row\">\r\n\t\t\t\t\t<div class=\"col-xl-12 col-12\">\r\n\r\n\t\t\t\t\t\t\t\t\t\t\t\t\t<div class=\"referenze-detail referenze-detail__image\">\r\n\t\t\t\t\t\t\t\t\t\t\t\t\t\t\t<\/div>\r\n\t\t\t\t\t\t\r\n\t\t\t\t\t<\/div>\r\n\t\t\t\t<\/div>\r\n\r\n\t\t\t\t\t\r\n\t\t<\/div>\r\n\r\n\t\t<div class=\"col-xl-6 col-12\">\r\n\r\n\t\t\t\r\n\t\t\t\t<div class=\"row\">\r\n\r\n\t\t\t\t\t<div class=\"col-xl-12 offset-xl-0 col-12\">\r\n\r\n\t\t\t\t\t\t\t\t\t\t\t\t\t<div class=\"referenze-detail referenze-detail__image\">\r\n\t\t\t\t\t\t\t\t<img loading=\"lazy\" decoding=\"async\" width=\"1707\" height=\"2560\" src=\"https:\/\/www.mareiner.com\/wp-content\/uploads\/2024\/01\/Privathaus-Kainz-Weinitzen_TER-Kebony_Mareiner-Holz-c-Katarina-Pashkovskaya-15-scaled.jpg\" class=\"attachment-full size-full\" alt=\"Gro\u00dfz\u00fcgige Terrasse mit diagonal verlegtem Kebony-Holz in eleganter Vergrauung, Blick auf Pool, Gartenm\u00f6bel und \u00fcppige Pflanzen. Die tiefstehende Sonne erzeugt markante Schatten und verleiht der Szene sommerliche Atmosph\u00e4re.\" srcset=\"https:\/\/www.mareiner.com\/wp-content\/uploads\/2024\/01\/Privathaus-Kainz-Weinitzen_TER-Kebony_Mareiner-Holz-c-Katarina-Pashkovskaya-15-scaled.jpg 1707w, https:\/\/www.mareiner.com\/wp-content\/uploads\/2024\/01\/Privathaus-Kainz-Weinitzen_TER-Kebony_Mareiner-Holz-c-Katarina-Pashkovskaya-15-200x300.jpg 200w, https:\/\/www.mareiner.com\/wp-content\/uploads\/2024\/01\/Privathaus-Kainz-Weinitzen_TER-Kebony_Mareiner-Holz-c-Katarina-Pashkovskaya-15-683x1024.jpg 683w, https:\/\/www.mareiner.com\/wp-content\/uploads\/2024\/01\/Privathaus-Kainz-Weinitzen_TER-Kebony_Mareiner-Holz-c-Katarina-Pashkovskaya-15-768x1152.jpg 768w, https:\/\/www.mareiner.com\/wp-content\/uploads\/2024\/01\/Privathaus-Kainz-Weinitzen_TER-Kebony_Mareiner-Holz-c-Katarina-Pashkovskaya-15-1024x1536.jpg 1024w, https:\/\/www.mareiner.com\/wp-content\/uploads\/2024\/01\/Privathaus-Kainz-Weinitzen_TER-Kebony_Mareiner-Holz-c-Katarina-Pashkovskaya-15-1365x2048.jpg 1365w, https:\/\/www.mareiner.com\/wp-content\/uploads\/2024\/01\/Privathaus-Kainz-Weinitzen_TER-Kebony_Mareiner-Holz-c-Katarina-Pashkovskaya-15-1000x1500.jpg 1000w\" sizes=\"auto, (max-width: 1707px) 100vw, 1707px\" \/>\t\t\t\t\t\t\t<\/div>\r\n\t\t\t\t\t\t\r\n\t\t\t\t\t<\/div>\r\n\t\t\t\t<\/div>\r\n\r\n\t\t\t\r\n\t\t\t\t<div class=\"row\">\r\n\r\n\t\t\t\t\t<div class=\"col-xl-12 offset-xl-0 col-12\">\r\n\r\n\t\t\t\t\t\t\t\t\t\t\t\t\t<div class=\"referenze-detail referenze-detail__link-box\">\r\n\t\t\t\t\t\t\t\t<div class=\"referenze-detail__linkbox__wrapper\">\r\n\t\t\t\t\t\t\t\t\t<div class=\"referenze-detail__linkbox__image\">\r\n\t\t\t\t\t\t\t\t\t\t<img loading=\"lazy\" decoding=\"async\" width=\"1499\" height=\"1000\" src=\"https:\/\/www.mareiner.com\/wp-content\/uploads\/2021\/08\/Mareiner-Kebony-BODEN-GEHOBELT-2374_w.jpg\" class=\"attachment-full size-full\" alt=\"Terrassendielen mit gehobelter Oberfl\u00e4che in einem satten, mittleren Braunton. Die glatte Struktur wirkt besonders edel und bringt die dezenten Maserungen sowie nat\u00fcrlichen Farbverl\u00e4ufe des Holzes fein zur Geltung.\" srcset=\"https:\/\/www.mareiner.com\/wp-content\/uploads\/2021\/08\/Mareiner-Kebony-BODEN-GEHOBELT-2374_w.jpg 1499w, https:\/\/www.mareiner.com\/wp-content\/uploads\/2021\/08\/Mareiner-Kebony-BODEN-GEHOBELT-2374_w-300x200.jpg 300w, https:\/\/www.mareiner.com\/wp-content\/uploads\/2021\/08\/Mareiner-Kebony-BODEN-GEHOBELT-2374_w-1024x683.jpg 1024w, https:\/\/www.mareiner.com\/wp-content\/uploads\/2021\/08\/Mareiner-Kebony-BODEN-GEHOBELT-2374_w-768x512.jpg 768w, https:\/\/www.mareiner.com\/wp-content\/uploads\/2021\/08\/Mareiner-Kebony-BODEN-GEHOBELT-2374_w-1000x667.jpg 1000w\" sizes=\"auto, (max-width: 1499px) 100vw, 1499px\" \/>\t\t\t\t\t\t\t\t\t\t<div class=\"referenze-detail__linkbox__overlay\">\r\n\t\t\t\t\t\t\t\t\t\t\t<h5 class=\"referenze-detail__linkbox__overlay__title\">Kebony<\/h5>\r\n\t\t\t\t\t\t\t\t\t\t\t<div class=\"referenze-detail__linkbox__overlay__subtitle\">\r\n\t\t\t\t\t\t\t\t\t\t\t\tPinus Radiata, kebonized\t\t\t\t\t\t\t\t\t\t\t<\/div>\r\n\t\t\t\t\t\t\t\t\t\t\t<a href=\"https:\/\/www.mareiner.com\/en\/produkte\/kebony\/\" target=\"_blank\" class=\"btn btn-light\">TO THE PRODUCT<\/a>\r\n\t\t\t\t\t\t\t\t\t\t<\/div>\r\n\t\t\t\t\t\t\t\t\t<\/div>\r\n\t\t\t\t\t\t\t\t<\/div>\r\n\t\t\t\t\t\t\t<\/div>\r\n\t\t\t\t\t\t\r\n\t\t\t\t\t<\/div>\r\n\t\t\t\t<\/div>\r\n\r\n\t\t\t\r\n\t\t\t\t<div class=\"row\">\r\n\r\n\t\t\t\t\t<div class=\"col-xl-12 offset-xl-0 col-12\">\r\n\r\n\t\t\t\t\t\t\t\t\t\t\t\t\t<div class=\"referenze-detail referenze-detail__image\">\r\n\t\t\t\t\t\t\t\t<img loading=\"lazy\" decoding=\"async\" width=\"2560\" height=\"1707\" src=\"https:\/\/www.mareiner.com\/wp-content\/uploads\/2024\/01\/Privathaus-Kainz-Weinitzen_TER-Kebony_Mareiner-Holz-c-Katarina-Pashkovskaya-18-scaled.jpg\" class=\"attachment-full size-full\" alt=\"Moderne Poollandschaft mit graubraun patiniertem Kebony-Terrassenholz, angrenzendem Naturstein-Poolrand und Sitz- sowie Liegem\u00f6beln. Pflanzk\u00fcbel mit Zitrusb\u00e4umchen setzen Akzente, ein Metallgel\u00e4nder begrenzt die Fl\u00e4che.\" srcset=\"https:\/\/www.mareiner.com\/wp-content\/uploads\/2024\/01\/Privathaus-Kainz-Weinitzen_TER-Kebony_Mareiner-Holz-c-Katarina-Pashkovskaya-18-scaled.jpg 2560w, https:\/\/www.mareiner.com\/wp-content\/uploads\/2024\/01\/Privathaus-Kainz-Weinitzen_TER-Kebony_Mareiner-Holz-c-Katarina-Pashkovskaya-18-300x200.jpg 300w, https:\/\/www.mareiner.com\/wp-content\/uploads\/2024\/01\/Privathaus-Kainz-Weinitzen_TER-Kebony_Mareiner-Holz-c-Katarina-Pashkovskaya-18-1024x683.jpg 1024w, https:\/\/www.mareiner.com\/wp-content\/uploads\/2024\/01\/Privathaus-Kainz-Weinitzen_TER-Kebony_Mareiner-Holz-c-Katarina-Pashkovskaya-18-768x512.jpg 768w, https:\/\/www.mareiner.com\/wp-content\/uploads\/2024\/01\/Privathaus-Kainz-Weinitzen_TER-Kebony_Mareiner-Holz-c-Katarina-Pashkovskaya-18-1536x1024.jpg 1536w, https:\/\/www.mareiner.com\/wp-content\/uploads\/2024\/01\/Privathaus-Kainz-Weinitzen_TER-Kebony_Mareiner-Holz-c-Katarina-Pashkovskaya-18-2048x1365.jpg 2048w, https:\/\/www.mareiner.com\/wp-content\/uploads\/2024\/01\/Privathaus-Kainz-Weinitzen_TER-Kebony_Mareiner-Holz-c-Katarina-Pashkovskaya-18-1000x667.jpg 1000w\" sizes=\"auto, (max-width: 2560px) 100vw, 2560px\" \/>\t\t\t\t\t\t\t<\/div>\r\n\t\t\t\t\t\t\r\n\t\t\t\t\t<\/div>\r\n\t\t\t\t<\/div>\r\n\r\n\t\t\t\r\n\t\t<\/div>\r\n\r\n\t<\/div>\r\n<\/div>","protected":false},"featured_media":8090,"menu_order":43,"template":"","kategorie_referenzen":[154],"anwendungsbereich":[142],"veredelung":[144],"holzart":[152],"architekturart":[],"class_list":["post-10136","referenzen","type-referenzen","status-publish","has-post-thumbnail","hentry","kategorie_referenzen-residential-construction","anwendungsbereich-terrace","veredelung-pre-greyed","holzart-pine"],"acf":[],"_links":{"self":[{"href":"https:\/\/www.mareiner.com\/en\/wp-json\/wp\/v2\/referenzen\/10136","targetHints":{"allow":["GET"]}}],"collection":[{"href":"https:\/\/www.mareiner.com\/en\/wp-json\/wp\/v2\/referenzen"}],"about":[{"href":"https:\/\/www.mareiner.com\/en\/wp-json\/wp\/v2\/types\/referenzen"}],"version-history":[{"count":2,"href":"https:\/\/www.mareiner.com\/en\/wp-json\/wp\/v2\/referenzen\/10136\/revisions"}],"predecessor-version":[{"id":10141,"href":"https:\/\/www.mareiner.com\/en\/wp-json\/wp\/v2\/referenzen\/10136\/revisions\/10141"}],"wp:featuredmedia":[{"embeddable":true,"href":"https:\/\/www.mareiner.com\/en\/wp-json\/wp\/v2\/media\/8090"}],"wp:attachment":[{"href":"https:\/\/www.mareiner.com\/en\/wp-json\/wp\/v2\/media?parent=10136"}],"wp:term":[{"taxonomy":"kategorie_referenzen","embeddable":true,"href":"https:\/\/www.mareiner.com\/en\/wp-json\/wp\/v2\/kategorie_referenzen?post=10136"},{"taxonomy":"anwendungsbereich","embeddable":true,"href":"https:\/\/www.mareiner.com\/en\/wp-json\/wp\/v2\/anwendungsbereich?post=10136"},{"taxonomy":"veredelung","embeddable":true,"href":"https:\/\/www.mareiner.com\/en\/wp-json\/wp\/v2\/veredelung?post=10136"},{"taxonomy":"holzart","embeddable":true,"href":"https:\/\/www.mareiner.com\/en\/wp-json\/wp\/v2\/holzart?post=10136"},{"taxonomy":"architekturart","embeddable":true,"href":"https:\/\/www.mareiner.com\/en\/wp-json\/wp\/v2\/architekturart?post=10136"}],"curies":[{"name":"wp","href":"https:\/\/api.w.org\/{rel}","templated":true}]}}