
{"id":10172,"date":"2021-06-11T11:07:44","date_gmt":"2021-06-11T09:07:44","guid":{"rendered":"https:\/\/www.mareiner.com\/inspiration\/haus-bregenzerwald\/"},"modified":"2025-02-24T13:53:51","modified_gmt":"2025-02-24T12:53:51","slug":"house-bregenzerwald","status":"publish","type":"referenzen","link":"https:\/\/www.mareiner.com\/en\/inspiration\/house-bregenzerwald\/","title":{"rendered":"house &#8220;BREGENZERWALD&#8221;"},"content":{"rendered":"\r\n<div id=\"block_0cfcf76ffced9a0264121f325791e9ef\" class=\"referenze-detail-block alignfull\">\r\n\t<div class=\"row\">\r\n\r\n\t\t<div class=\"col-xl-6 col-12\">\r\n\r\n\t\t\t\r\n\t\t\t\t<div class=\"row\">\r\n\t\t\t\t\t<div class=\"col-xl-12 col-12\">\r\n\r\n\t\t\t\t\t\t\t\t\t\t\t\t\t<div class=\"referenze-detail referenze-detail__detail-text\">\r\n\t\t\t\t\t\t\t\t<p><strong>Product:<\/strong> <a href=\"https:\/\/www.mareiner.com\/en\/produkte\/piz-buin-2\/\" target=\"_blank\" rel=\"noopener\">Piz Buin<\/a><br \/>\n<strong>Interior Architecture:<\/strong> <a href=\"https:\/\/www.architektur-schweighofer.at\/\">Stefan Schweighofer | Hof 437<\/a><br \/>\n<strong>Photography:<\/strong> Mareiner Holz \u00a9 <a href=\"https:\/\/www.studio22.at\/\">Marcel Hagen | studio22.at<\/a><br \/>\n<strong data-start=\"145\" data-end=\"165\">Project Address:<\/strong> Vorarlberg, Austria<\/p>\n\t\t\t\t\t\t\t<\/div>\r\n\t\t\t\t\t\t\r\n\t\t\t\t\t<\/div>\r\n\t\t\t\t<\/div>\r\n\r\n\t\t\t\r\n\t\t\t\t<div class=\"row\">\r\n\t\t\t\t\t<div class=\"col-xl-8 col-12\">\r\n\r\n\t\t\t\t\t\t\t\t\t\t\t\t\t<div class=\"referenze-detail referenze-detail__image\">\r\n\t\t\t\t\t\t\t\t<img loading=\"lazy\" decoding=\"async\" width=\"1497\" height=\"2246\" src=\"https:\/\/www.mareiner.com\/wp-content\/uploads\/2021\/06\/EFH-H_AWP-Piz-Buin-gebuerstet_Mareiner-Holz-c-studio22.at-Marcel-Hagen-10.jpg\" class=\"attachment-full size-full\" alt=\"Wohnraum mit Holzverkleidung Alpine Wandpaneele Piz Buin geb\u00fcrstet an Giebelseite, zwei blauen Sofas, runder Holztisch und modernen H\u00e4ngeleuchten unter hoher Decke.\" srcset=\"https:\/\/www.mareiner.com\/wp-content\/uploads\/2021\/06\/EFH-H_AWP-Piz-Buin-gebuerstet_Mareiner-Holz-c-studio22.at-Marcel-Hagen-10.jpg 1497w, https:\/\/www.mareiner.com\/wp-content\/uploads\/2021\/06\/EFH-H_AWP-Piz-Buin-gebuerstet_Mareiner-Holz-c-studio22.at-Marcel-Hagen-10-200x300.jpg 200w, https:\/\/www.mareiner.com\/wp-content\/uploads\/2021\/06\/EFH-H_AWP-Piz-Buin-gebuerstet_Mareiner-Holz-c-studio22.at-Marcel-Hagen-10-683x1024.jpg 683w, https:\/\/www.mareiner.com\/wp-content\/uploads\/2021\/06\/EFH-H_AWP-Piz-Buin-gebuerstet_Mareiner-Holz-c-studio22.at-Marcel-Hagen-10-768x1152.jpg 768w, https:\/\/www.mareiner.com\/wp-content\/uploads\/2021\/06\/EFH-H_AWP-Piz-Buin-gebuerstet_Mareiner-Holz-c-studio22.at-Marcel-Hagen-10-1024x1536.jpg 1024w, https:\/\/www.mareiner.com\/wp-content\/uploads\/2021\/06\/EFH-H_AWP-Piz-Buin-gebuerstet_Mareiner-Holz-c-studio22.at-Marcel-Hagen-10-1365x2048.jpg 1365w, https:\/\/www.mareiner.com\/wp-content\/uploads\/2021\/06\/EFH-H_AWP-Piz-Buin-gebuerstet_Mareiner-Holz-c-studio22.at-Marcel-Hagen-10-1000x1500.jpg 1000w\" sizes=\"auto, (max-width: 1497px) 100vw, 1497px\" \/>\t\t\t\t\t\t\t<\/div>\r\n\t\t\t\t\t\t\r\n\t\t\t\t\t<\/div>\r\n\t\t\t\t<\/div>\r\n\r\n\t\t\t\r\n\t\t\t\t<div class=\"row\">\r\n\t\t\t\t\t<div class=\"col-xl-12 col-12\">\r\n\r\n\t\t\t\t\t\t\t\t\t\t\t\t\t<div class=\"referenze-detail referenze-detail__text\">\r\n\t\t\t\t\t\t\t\t<p data-start=\"0\" data-end=\"354\">Among the creators of these dream destinations is the young architect and designer Stefan Schweighofer, who, together with two like-minded individuals, founded a &#8216;network for form and space&#8217; called Hof 437. Not in the refined city of Bregenz, not in the bustling Dornbirn or Bludenz, but in the quiet market town of Alberschwende in the Bregenzerwald.<\/p>\n<p data-start=\"356\" data-end=\"846\">The way Schweighofer works with space and wood is demonstrated by the Private House Vorarlberg. It is likely that this house will soon be included in the canon of modern Vorarlberg architecture. Mareiner wood is a key element in this project, realized with Alpina Haus. Brushed Austrian larch runs through the living and dining areas, the bedrooms and bathrooms, all the way to the wellness area: sometimes as wall panels, sometimes as design plates, always under the signature of Piz Buin.<\/p>\n<p data-start=\"848\" data-end=\"1019\" data-is-last-node=\"\" data-is-only-node=\"\">That Schweighofer and the property owner chose our Chiemsee planks for the terrace is even more fitting given the dimensions of both the terrace and the &#8216;Bavarian Sea.&#8217;<\/p>\n\t\t\t\t\t\t\t<\/div>\r\n\t\t\t\t\t\t\r\n\t\t\t\t\t<\/div>\r\n\t\t\t\t<\/div>\r\n\r\n\t\t\t\r\n\t\t\t\t<div class=\"row\">\r\n\t\t\t\t\t<div class=\"col-xl-12 col-12\">\r\n\r\n\t\t\t\t\t\t\t\t\t\t\t\t\t<div class=\"referenze-detail referenze-detail__link-box\">\r\n\t\t\t\t\t\t\t\t<div class=\"referenze-detail__linkbox__wrapper\">\r\n\t\t\t\t\t\t\t\t\t<div class=\"referenze-detail__linkbox__image\">\r\n\t\t\t\t\t\t\t\t\t\t<img loading=\"lazy\" decoding=\"async\" width=\"600\" height=\"400\" src=\"https:\/\/www.mareiner.com\/wp-content\/uploads\/2021\/06\/Piz-Buin-gebuerstet.jpg\" class=\"attachment-full size-full\" alt=\"Mittelbraune Holzoberfl\u00e4che mit ausdrucksstarker Maserung und lebendiger Aststruktur. Das Bild zeigt die geb\u00fcrstete Variante von Piz Buin, die eine warme, alpine Ausstrahlung mit hochwertiger Haptik verbindet.\" srcset=\"https:\/\/www.mareiner.com\/wp-content\/uploads\/2021\/06\/Piz-Buin-gebuerstet.jpg 600w, https:\/\/www.mareiner.com\/wp-content\/uploads\/2021\/06\/Piz-Buin-gebuerstet-300x200.jpg 300w\" sizes=\"auto, (max-width: 600px) 100vw, 600px\" \/>\t\t\t\t\t\t\t\t\t\t<div class=\"referenze-detail__linkbox__overlay\">\r\n\t\t\t\t\t\t\t\t\t\t\t<h5 class=\"referenze-detail__linkbox__overlay__title\">Piz Buin<\/h5>\r\n\t\t\t\t\t\t\t\t\t\t\t<div class=\"referenze-detail__linkbox__overlay__subtitle\">\r\n\t\t\t\t\t\t\t\t\t\t\t\tbrushed\t\t\t\t\t\t\t\t\t\t\t<\/div>\r\n\t\t\t\t\t\t\t\t\t\t\t<a href=\"https:\/\/www.mareiner.com\/en\/produkte\/piz-buin-2\/\" target=\"_blank\" class=\"btn btn-light\">TO THE PRODUCT<\/a>\r\n\t\t\t\t\t\t\t\t\t\t<\/div>\r\n\t\t\t\t\t\t\t\t\t<\/div>\r\n\t\t\t\t\t\t\t\t<\/div>\r\n\t\t\t\t\t\t\t<\/div>\r\n\t\t\t\t\t\t\r\n\t\t\t\t\t<\/div>\r\n\t\t\t\t<\/div>\r\n\r\n\t\t\t\t\t\r\n\t\t<\/div>\r\n\r\n\t\t<div class=\"col-xl-6 col-12\">\r\n\r\n\t\t\t\r\n\t\t\t\t<div class=\"row\">\r\n\r\n\t\t\t\t\t<div class=\"col-xl-10 offset-xl-2 col-12\">\r\n\r\n\t\t\t\t\t\t\t\t\t\t\t\t\t<div class=\"referenze-detail referenze-detail__image\">\r\n\t\t\t\t\t\t\t\t<img loading=\"lazy\" decoding=\"async\" width=\"2246\" height=\"1497\" src=\"https:\/\/www.mareiner.com\/wp-content\/uploads\/2021\/06\/EFH-H_AWP-Piz-Buin-gebuerstet_Mareiner-Holz-c-studio22.at-Marcel-Hagen-8.jpg\" class=\"attachment-full size-full\" alt=\"Moderne Wohnk\u00fcche mit Holzverkleidung Alpine Wandpaneele Piz Buin geb\u00fcrstet, Kochinsel mit schwarzer Arbeitsfl\u00e4che, gro\u00dfem Holzesstisch und schwarzen H\u00e4ngeleuchten unter hoher Decke.\" srcset=\"https:\/\/www.mareiner.com\/wp-content\/uploads\/2021\/06\/EFH-H_AWP-Piz-Buin-gebuerstet_Mareiner-Holz-c-studio22.at-Marcel-Hagen-8.jpg 2246w, https:\/\/www.mareiner.com\/wp-content\/uploads\/2021\/06\/EFH-H_AWP-Piz-Buin-gebuerstet_Mareiner-Holz-c-studio22.at-Marcel-Hagen-8-300x200.jpg 300w, https:\/\/www.mareiner.com\/wp-content\/uploads\/2021\/06\/EFH-H_AWP-Piz-Buin-gebuerstet_Mareiner-Holz-c-studio22.at-Marcel-Hagen-8-1024x683.jpg 1024w, https:\/\/www.mareiner.com\/wp-content\/uploads\/2021\/06\/EFH-H_AWP-Piz-Buin-gebuerstet_Mareiner-Holz-c-studio22.at-Marcel-Hagen-8-768x512.jpg 768w, https:\/\/www.mareiner.com\/wp-content\/uploads\/2021\/06\/EFH-H_AWP-Piz-Buin-gebuerstet_Mareiner-Holz-c-studio22.at-Marcel-Hagen-8-1536x1024.jpg 1536w, https:\/\/www.mareiner.com\/wp-content\/uploads\/2021\/06\/EFH-H_AWP-Piz-Buin-gebuerstet_Mareiner-Holz-c-studio22.at-Marcel-Hagen-8-2048x1365.jpg 2048w, https:\/\/www.mareiner.com\/wp-content\/uploads\/2021\/06\/EFH-H_AWP-Piz-Buin-gebuerstet_Mareiner-Holz-c-studio22.at-Marcel-Hagen-8-1000x667.jpg 1000w\" sizes=\"auto, (max-width: 2246px) 100vw, 2246px\" \/>\t\t\t\t\t\t\t<\/div>\r\n\t\t\t\t\t\t\r\n\t\t\t\t\t<\/div>\r\n\t\t\t\t<\/div>\r\n\r\n\t\t\t\r\n\t\t\t\t<div class=\"row\">\r\n\r\n\t\t\t\t\t<div class=\"col-xl-10 offset-xl-2 col-12\">\r\n\r\n\t\t\t\t\t\t\t\t\t\t\t\t\t<div class=\"referenze-detail referenze-detail__image\">\r\n\t\t\t\t\t\t\t\t<img loading=\"lazy\" decoding=\"async\" width=\"2246\" height=\"1497\" src=\"https:\/\/www.mareiner.com\/wp-content\/uploads\/2021\/06\/EFH-H_AWP-Piz-Buin-gebuerstet_Mareiner-Holz-c-studio22.at-Marcel-Hagen-6.jpg\" class=\"attachment-full size-full\" alt=\"Moderner Wellnessbereich mit Pool, Holzverkleidung Alpine Wandpaneele Piz Buin geb\u00fcrstet, grauen Steinfliesen, zwei blauen Sesseln vor Betonwand mit Lichtnischen.\" srcset=\"https:\/\/www.mareiner.com\/wp-content\/uploads\/2021\/06\/EFH-H_AWP-Piz-Buin-gebuerstet_Mareiner-Holz-c-studio22.at-Marcel-Hagen-6.jpg 2246w, https:\/\/www.mareiner.com\/wp-content\/uploads\/2021\/06\/EFH-H_AWP-Piz-Buin-gebuerstet_Mareiner-Holz-c-studio22.at-Marcel-Hagen-6-300x200.jpg 300w, https:\/\/www.mareiner.com\/wp-content\/uploads\/2021\/06\/EFH-H_AWP-Piz-Buin-gebuerstet_Mareiner-Holz-c-studio22.at-Marcel-Hagen-6-1024x683.jpg 1024w, https:\/\/www.mareiner.com\/wp-content\/uploads\/2021\/06\/EFH-H_AWP-Piz-Buin-gebuerstet_Mareiner-Holz-c-studio22.at-Marcel-Hagen-6-768x512.jpg 768w, https:\/\/www.mareiner.com\/wp-content\/uploads\/2021\/06\/EFH-H_AWP-Piz-Buin-gebuerstet_Mareiner-Holz-c-studio22.at-Marcel-Hagen-6-1536x1024.jpg 1536w, https:\/\/www.mareiner.com\/wp-content\/uploads\/2021\/06\/EFH-H_AWP-Piz-Buin-gebuerstet_Mareiner-Holz-c-studio22.at-Marcel-Hagen-6-2048x1365.jpg 2048w, https:\/\/www.mareiner.com\/wp-content\/uploads\/2021\/06\/EFH-H_AWP-Piz-Buin-gebuerstet_Mareiner-Holz-c-studio22.at-Marcel-Hagen-6-1000x667.jpg 1000w\" sizes=\"auto, (max-width: 2246px) 100vw, 2246px\" \/>\t\t\t\t\t\t\t<\/div>\r\n\t\t\t\t\t\t\r\n\t\t\t\t\t<\/div>\r\n\t\t\t\t<\/div>\r\n\r\n\t\t\t\r\n\t\t\t\t<div class=\"row\">\r\n\r\n\t\t\t\t\t<div class=\"col-xl-10 offset-xl-2 col-12\">\r\n\r\n\t\t\t\t\t\t\t\t\t\t\t\t\t<div class=\"referenze-detail referenze-detail__image\">\r\n\t\t\t\t\t\t\t\t<img loading=\"lazy\" decoding=\"async\" width=\"2246\" height=\"1497\" src=\"https:\/\/www.mareiner.com\/wp-content\/uploads\/2021\/06\/EFH-H_AWP-Piz-Buin-gebuerstet_Mareiner-Holz-c-studio22.at-Marcel-Hagen-11.jpg\" class=\"attachment-full size-full\" alt=\"Gro\u00dfe Holzterrasse mit Glasgel\u00e4nder und atemberaubendem Ausblick ins Alpenvorland, Boden und Decke in Alpine Wandpaneele Piz Buin geb\u00fcrstet, gem\u00fctlicher Liegestuhl im Vordergrund.\" srcset=\"https:\/\/www.mareiner.com\/wp-content\/uploads\/2021\/06\/EFH-H_AWP-Piz-Buin-gebuerstet_Mareiner-Holz-c-studio22.at-Marcel-Hagen-11.jpg 2246w, https:\/\/www.mareiner.com\/wp-content\/uploads\/2021\/06\/EFH-H_AWP-Piz-Buin-gebuerstet_Mareiner-Holz-c-studio22.at-Marcel-Hagen-11-300x200.jpg 300w, https:\/\/www.mareiner.com\/wp-content\/uploads\/2021\/06\/EFH-H_AWP-Piz-Buin-gebuerstet_Mareiner-Holz-c-studio22.at-Marcel-Hagen-11-1024x683.jpg 1024w, https:\/\/www.mareiner.com\/wp-content\/uploads\/2021\/06\/EFH-H_AWP-Piz-Buin-gebuerstet_Mareiner-Holz-c-studio22.at-Marcel-Hagen-11-768x512.jpg 768w, https:\/\/www.mareiner.com\/wp-content\/uploads\/2021\/06\/EFH-H_AWP-Piz-Buin-gebuerstet_Mareiner-Holz-c-studio22.at-Marcel-Hagen-11-1536x1024.jpg 1536w, https:\/\/www.mareiner.com\/wp-content\/uploads\/2021\/06\/EFH-H_AWP-Piz-Buin-gebuerstet_Mareiner-Holz-c-studio22.at-Marcel-Hagen-11-2048x1365.jpg 2048w, https:\/\/www.mareiner.com\/wp-content\/uploads\/2021\/06\/EFH-H_AWP-Piz-Buin-gebuerstet_Mareiner-Holz-c-studio22.at-Marcel-Hagen-11-1000x667.jpg 1000w\" sizes=\"auto, (max-width: 2246px) 100vw, 2246px\" \/>\t\t\t\t\t\t\t<\/div>\r\n\t\t\t\t\t\t\r\n\t\t\t\t\t<\/div>\r\n\t\t\t\t<\/div>\r\n\r\n\t\t\t\r\n\t\t\t\t<div class=\"row\">\r\n\r\n\t\t\t\t\t<div class=\"col-xl-10 offset-xl-2 col-12\">\r\n\r\n\t\t\t\t\t\t\t\t\t\t\t\t\t<div class=\"referenze-detail referenze-detail__image\">\r\n\t\t\t\t\t\t\t\t<img loading=\"lazy\" decoding=\"async\" width=\"2246\" height=\"1497\" src=\"https:\/\/www.mareiner.com\/wp-content\/uploads\/2021\/06\/EFH-H_AWP-Piz-Buin-gebuerstet_Mareiner-Holz-c-studio22.at-Marcel-Hagen-1.jpg\" class=\"attachment-full size-full\" alt=\"Gem\u00fctlicher Wohnbereich mit Wand- und Deckenverkleidung aus Mareiner Holz Piz Buin geb\u00fcrstet. Die nat\u00fcrliche Holzoptik schafft ein warmes, einladendes Ambiente in Kombination mit modernen, wei\u00dfen Einbauten und einer gro\u00dfen Couch.\" srcset=\"https:\/\/www.mareiner.com\/wp-content\/uploads\/2021\/06\/EFH-H_AWP-Piz-Buin-gebuerstet_Mareiner-Holz-c-studio22.at-Marcel-Hagen-1.jpg 2246w, https:\/\/www.mareiner.com\/wp-content\/uploads\/2021\/06\/EFH-H_AWP-Piz-Buin-gebuerstet_Mareiner-Holz-c-studio22.at-Marcel-Hagen-1-300x200.jpg 300w, https:\/\/www.mareiner.com\/wp-content\/uploads\/2021\/06\/EFH-H_AWP-Piz-Buin-gebuerstet_Mareiner-Holz-c-studio22.at-Marcel-Hagen-1-1024x683.jpg 1024w, https:\/\/www.mareiner.com\/wp-content\/uploads\/2021\/06\/EFH-H_AWP-Piz-Buin-gebuerstet_Mareiner-Holz-c-studio22.at-Marcel-Hagen-1-768x512.jpg 768w, https:\/\/www.mareiner.com\/wp-content\/uploads\/2021\/06\/EFH-H_AWP-Piz-Buin-gebuerstet_Mareiner-Holz-c-studio22.at-Marcel-Hagen-1-1536x1024.jpg 1536w, https:\/\/www.mareiner.com\/wp-content\/uploads\/2021\/06\/EFH-H_AWP-Piz-Buin-gebuerstet_Mareiner-Holz-c-studio22.at-Marcel-Hagen-1-2048x1365.jpg 2048w, https:\/\/www.mareiner.com\/wp-content\/uploads\/2021\/06\/EFH-H_AWP-Piz-Buin-gebuerstet_Mareiner-Holz-c-studio22.at-Marcel-Hagen-1-1000x667.jpg 1000w\" sizes=\"auto, (max-width: 2246px) 100vw, 2246px\" \/>\t\t\t\t\t\t\t<\/div>\r\n\t\t\t\t\t\t\r\n\t\t\t\t\t<\/div>\r\n\t\t\t\t<\/div>\r\n\r\n\t\t\t\r\n\t\t<\/div>\r\n\r\n\t<\/div>\r\n<\/div>","protected":false},"featured_media":10174,"menu_order":57,"template":"","kategorie_referenzen":[140],"anwendungsbereich":[226,227,224,142,143],"veredelung":[229,148],"holzart":[151],"architekturart":[],"class_list":["post-10172","referenzen","type-referenzen","status-publish","has-post-thumbnail","hentry","kategorie_referenzen-gastro-and-hotel","anwendungsbereich-ceiling","anwendungsbereich-design-panels","anwendungsbereich-furniture-and-shop-fitting","anwendungsbereich-terrace","anwendungsbereich-wall","veredelung-steam-treated","veredelung-brushed","holzart-larch"],"acf":[],"_links":{"self":[{"href":"https:\/\/www.mareiner.com\/en\/wp-json\/wp\/v2\/referenzen\/10172","targetHints":{"allow":["GET"]}}],"collection":[{"href":"https:\/\/www.mareiner.com\/en\/wp-json\/wp\/v2\/referenzen"}],"about":[{"href":"https:\/\/www.mareiner.com\/en\/wp-json\/wp\/v2\/types\/referenzen"}],"version-history":[{"count":1,"href":"https:\/\/www.mareiner.com\/en\/wp-json\/wp\/v2\/referenzen\/10172\/revisions"}],"predecessor-version":[{"id":10181,"href":"https:\/\/www.mareiner.com\/en\/wp-json\/wp\/v2\/referenzen\/10172\/revisions\/10181"}],"wp:featuredmedia":[{"embeddable":true,"href":"https:\/\/www.mareiner.com\/en\/wp-json\/wp\/v2\/media\/10174"}],"wp:attachment":[{"href":"https:\/\/www.mareiner.com\/en\/wp-json\/wp\/v2\/media?parent=10172"}],"wp:term":[{"taxonomy":"kategorie_referenzen","embeddable":true,"href":"https:\/\/www.mareiner.com\/en\/wp-json\/wp\/v2\/kategorie_referenzen?post=10172"},{"taxonomy":"anwendungsbereich","embeddable":true,"href":"https:\/\/www.mareiner.com\/en\/wp-json\/wp\/v2\/anwendungsbereich?post=10172"},{"taxonomy":"veredelung","embeddable":true,"href":"https:\/\/www.mareiner.com\/en\/wp-json\/wp\/v2\/veredelung?post=10172"},{"taxonomy":"holzart","embeddable":true,"href":"https:\/\/www.mareiner.com\/en\/wp-json\/wp\/v2\/holzart?post=10172"},{"taxonomy":"architekturart","embeddable":true,"href":"https:\/\/www.mareiner.com\/en\/wp-json\/wp\/v2\/architekturart?post=10172"}],"curies":[{"name":"wp","href":"https:\/\/api.w.org\/{rel}","templated":true}]}}