
{"id":10185,"date":"2021-08-26T16:38:37","date_gmt":"2021-08-26T14:38:37","guid":{"rendered":"https:\/\/www.mareiner.com\/inspiration\/bergdorf-riesner\/"},"modified":"2025-02-24T14:32:27","modified_gmt":"2025-02-24T13:32:27","slug":"bergdorf-riesner","status":"publish","type":"referenzen","link":"https:\/\/www.mareiner.com\/en\/inspiration\/bergdorf-riesner\/","title":{"rendered":"Bergdorf Riesner"},"content":{"rendered":"\r\n<div id=\"block_a69511793b679016e670336d1ef8b59e\" class=\"referenze-detail-block alignfull\">\r\n\t<div class=\"row\">\r\n\r\n\t\t<div class=\"col-xl-6 col-12\">\r\n\r\n\t\t\t\r\n\t\t\t\t<div class=\"row\">\r\n\t\t\t\t\t<div class=\"col-xl-12 col-12\">\r\n\r\n\t\t\t\t\t\t\t\t\t\t\t\t\t<div class=\"referenze-detail referenze-detail__detail-text\">\r\n\t\t\t\t\t\t\t\t<p><strong>Product:<\/strong> <a href=\"https:\/\/www.mareiner.com\/en\/produkte\/grossglockner\/\" target=\"_blank\" rel=\"noopener\">Gro\u00dfglockner<\/a>, <a href=\"https:\/\/www.mareiner.com\/en\/produkte\/piz-palue\/\" target=\"_blank\" rel=\"noopener\">Piz Pal\u00fc<\/a>, <a href=\"https:\/\/www.mareiner.com\/en\/produkte\/piz-bernina-2\/\" target=\"_blank\" rel=\"noopener\">Piz Bernina<\/a><br \/>\n<strong>Planning: <\/strong><a href=\"https:\/\/www.landschuetzer.at\/\">Landsch\u00fctzer Hotels<\/a><br \/>\n<strong>Photography Rights:<\/strong> Mareiner Holz \u00a9 Katarina Pashkovskaya<br \/>\n<strong data-start=\"151\" data-end=\"171\">Project Address:<\/strong> Styria, Austria<\/p>\n\t\t\t\t\t\t\t<\/div>\r\n\t\t\t\t\t\t\r\n\t\t\t\t\t<\/div>\r\n\t\t\t\t<\/div>\r\n\r\n\t\t\t\r\n\t\t\t\t<div class=\"row\">\r\n\t\t\t\t\t<div class=\"col-xl-8 col-12\">\r\n\r\n\t\t\t\t\t\t\t\t\t\t\t\t\t<div class=\"referenze-detail referenze-detail__image\">\r\n\t\t\t\t\t\t\t\t<img loading=\"lazy\" decoding=\"async\" width=\"1800\" height=\"1201\" src=\"https:\/\/www.mareiner.com\/wp-content\/uploads\/2021\/08\/AWP_Piz-Buin_Bergdorf-Donnersbachwald-34-Kopie-c-Katarina-Pashkovskaya.jpg\" class=\"attachment-full size-full\" alt=\"Traditionelles Chalet im Bergdorf Donnersbachwald mit verschneitem Dach und Fassade aus alpinen Wandpaneelen Piz Buin in naturbelassener Optik.\" srcset=\"https:\/\/www.mareiner.com\/wp-content\/uploads\/2021\/08\/AWP_Piz-Buin_Bergdorf-Donnersbachwald-34-Kopie-c-Katarina-Pashkovskaya.jpg 1800w, https:\/\/www.mareiner.com\/wp-content\/uploads\/2021\/08\/AWP_Piz-Buin_Bergdorf-Donnersbachwald-34-Kopie-c-Katarina-Pashkovskaya-300x200.jpg 300w, https:\/\/www.mareiner.com\/wp-content\/uploads\/2021\/08\/AWP_Piz-Buin_Bergdorf-Donnersbachwald-34-Kopie-c-Katarina-Pashkovskaya-1024x683.jpg 1024w, https:\/\/www.mareiner.com\/wp-content\/uploads\/2021\/08\/AWP_Piz-Buin_Bergdorf-Donnersbachwald-34-Kopie-c-Katarina-Pashkovskaya-768x512.jpg 768w, https:\/\/www.mareiner.com\/wp-content\/uploads\/2021\/08\/AWP_Piz-Buin_Bergdorf-Donnersbachwald-34-Kopie-c-Katarina-Pashkovskaya-1536x1025.jpg 1536w, https:\/\/www.mareiner.com\/wp-content\/uploads\/2021\/08\/AWP_Piz-Buin_Bergdorf-Donnersbachwald-34-Kopie-c-Katarina-Pashkovskaya-1000x667.jpg 1000w\" sizes=\"auto, (max-width: 1800px) 100vw, 1800px\" \/>\t\t\t\t\t\t\t<\/div>\r\n\t\t\t\t\t\t\r\n\t\t\t\t\t<\/div>\r\n\t\t\t\t<\/div>\r\n\r\n\t\t\t\r\n\t\t\t\t<div class=\"row\">\r\n\t\t\t\t\t<div class=\"col-xl-12 col-12\">\r\n\r\n\t\t\t\t\t\t\t\t\t\t\t\t\t<div class=\"referenze-detail referenze-detail__text\">\r\n\t\t\t\t\t\t\t\t<p data-start=\"0\" data-end=\"198\">The professional hosts, the Landsch\u00fctzer family from Salzburg, have created a graceful settlement with a dozen cozy chalets \u2013 proving that one can make oneself comfortable even at high altitudes.<\/p>\n<p data-start=\"200\" data-end=\"521\" data-is-last-node=\"\" data-is-only-node=\"\">The houses, named after plants from the mountain botanical book \u2013 like Sonnenr\u00f6schen and Engelwurz \u2013 radiate coziness. This is certainly also due to the many hacked planks from Sankt Marein, which the carpenters used: <a href=\"https:\/\/www.mareiner.com\/en\/produkte\/grossglockner\/\" target=\"_blank\" rel=\"noopener\">Gro\u00dfglockner<\/a> hacked and <a href=\"https:\/\/www.mareiner.com\/en\/produkte\/piz-palue\/\" target=\"_blank\" rel=\"noopener\">Piz Pal\u00fc<\/a> hacked in the living rooms, and <a href=\"https:\/\/www.mareiner.com\/en\/produkte\/piz-bernina-2\/\" target=\"_blank\" rel=\"noopener\">Piz Bernina<\/a> hacked on the exterior.<\/p>\n\t\t\t\t\t\t\t<\/div>\r\n\t\t\t\t\t\t\r\n\t\t\t\t\t<\/div>\r\n\t\t\t\t<\/div>\r\n\r\n\t\t\t\r\n\t\t\t\t<div class=\"row\">\r\n\t\t\t\t\t<div class=\"col-xl-10 col-12\">\r\n\r\n\t\t\t\t\t\t\t\t\t\t\t\t\t<div class=\"referenze-detail referenze-detail__image\">\r\n\t\t\t\t\t\t\t\t<img loading=\"lazy\" decoding=\"async\" width=\"1800\" height=\"1202\" src=\"https:\/\/www.mareiner.com\/wp-content\/uploads\/2021\/08\/AWP_Grossglockner-gehackt_Bergdorf-Donnersbachwald-11-Kopie-c-Katarina-Pashkovskaya.jpg\" class=\"attachment-full size-full\" alt=\"Gem\u00fctlicher Wohnbereich mit sichtbarer Dachschr\u00e4ge und freistehender Badewanne hinter Glas. Wandverkleidung aus gehackten Alpine Wandpaneelen Gro\u00dfglockner im Bergdorf Donnersbachwald.\" srcset=\"https:\/\/www.mareiner.com\/wp-content\/uploads\/2021\/08\/AWP_Grossglockner-gehackt_Bergdorf-Donnersbachwald-11-Kopie-c-Katarina-Pashkovskaya.jpg 1800w, https:\/\/www.mareiner.com\/wp-content\/uploads\/2021\/08\/AWP_Grossglockner-gehackt_Bergdorf-Donnersbachwald-11-Kopie-c-Katarina-Pashkovskaya-300x200.jpg 300w, https:\/\/www.mareiner.com\/wp-content\/uploads\/2021\/08\/AWP_Grossglockner-gehackt_Bergdorf-Donnersbachwald-11-Kopie-c-Katarina-Pashkovskaya-1024x684.jpg 1024w, https:\/\/www.mareiner.com\/wp-content\/uploads\/2021\/08\/AWP_Grossglockner-gehackt_Bergdorf-Donnersbachwald-11-Kopie-c-Katarina-Pashkovskaya-768x513.jpg 768w, https:\/\/www.mareiner.com\/wp-content\/uploads\/2021\/08\/AWP_Grossglockner-gehackt_Bergdorf-Donnersbachwald-11-Kopie-c-Katarina-Pashkovskaya-1536x1026.jpg 1536w, https:\/\/www.mareiner.com\/wp-content\/uploads\/2021\/08\/AWP_Grossglockner-gehackt_Bergdorf-Donnersbachwald-11-Kopie-c-Katarina-Pashkovskaya-1000x668.jpg 1000w\" sizes=\"auto, (max-width: 1800px) 100vw, 1800px\" \/>\t\t\t\t\t\t\t<\/div>\r\n\t\t\t\t\t\t\r\n\t\t\t\t\t<\/div>\r\n\t\t\t\t<\/div>\r\n\r\n\t\t\t\r\n\t\t\t\t<div class=\"row\">\r\n\t\t\t\t\t<div class=\"col-xl-12 col-12\">\r\n\r\n\t\t\t\t\t\t\t\t\t\t\t\t\t<div class=\"referenze-detail referenze-detail__link-box\">\r\n\t\t\t\t\t\t\t\t<div class=\"referenze-detail__linkbox__wrapper\">\r\n\t\t\t\t\t\t\t\t\t<div class=\"referenze-detail__linkbox__image\">\r\n\t\t\t\t\t\t\t\t\t\t<img loading=\"lazy\" decoding=\"async\" width=\"600\" height=\"400\" src=\"https:\/\/www.mareiner.com\/wp-content\/uploads\/2021\/08\/Piz-Bernina-gehackt-3-5.jpg\" class=\"attachment-full size-full\" alt=\"Detailansicht der gehackten Oberfl\u00e4che der Alpine Wandpaneele Piz Bernina mit charakteristischer Maserung und nat\u00fcrlichem Farbspiel f\u00fcr eine rustikale Gestaltung.\" srcset=\"https:\/\/www.mareiner.com\/wp-content\/uploads\/2021\/08\/Piz-Bernina-gehackt-3-5.jpg 600w, https:\/\/www.mareiner.com\/wp-content\/uploads\/2021\/08\/Piz-Bernina-gehackt-3-5-300x200.jpg 300w\" sizes=\"auto, (max-width: 600px) 100vw, 600px\" \/>\t\t\t\t\t\t\t\t\t\t<div class=\"referenze-detail__linkbox__overlay\">\r\n\t\t\t\t\t\t\t\t\t\t\t<h5 class=\"referenze-detail__linkbox__overlay__title\">Piz Bernina<\/h5>\r\n\t\t\t\t\t\t\t\t\t\t\t<div class=\"referenze-detail__linkbox__overlay__subtitle\">\r\n\t\t\t\t\t\t\t\t\t\t\t\tHacked\t\t\t\t\t\t\t\t\t\t\t<\/div>\r\n\t\t\t\t\t\t\t\t\t\t\t<a href=\"https:\/\/www.mareiner.com\/en\/produkte\/piz-bernina-2\/\" target=\"_blank\" class=\"btn btn-light\">TO THE PRODUCT<\/a>\r\n\t\t\t\t\t\t\t\t\t\t<\/div>\r\n\t\t\t\t\t\t\t\t\t<\/div>\r\n\t\t\t\t\t\t\t\t<\/div>\r\n\t\t\t\t\t\t\t<\/div>\r\n\t\t\t\t\t\t\r\n\t\t\t\t\t<\/div>\r\n\t\t\t\t<\/div>\r\n\r\n\t\t\t\r\n\t\t\t\t<div class=\"row\">\r\n\t\t\t\t\t<div class=\"col-xl-12 col-12\">\r\n\r\n\t\t\t\t\t\t\t\t\t\t\t\t\t<div class=\"referenze-detail referenze-detail__image\">\r\n\t\t\t\t\t\t\t\t<img loading=\"lazy\" decoding=\"async\" width=\"1733\" height=\"1065\" src=\"https:\/\/www.mareiner.com\/wp-content\/uploads\/2021\/08\/AWP_Grossglockner-gehackt_Bergdorf-Donnersbachwald-16-Kopie-c-Katarina-Pashkovskaya.jpg\" class=\"attachment-full size-full\" alt=\"Gem\u00fctlicher Wohnraum mit Alpine Wandpaneelen Gro\u00dfglockner gehackt im Bergdorf Donnersbachwald \u2013 warme Holzoberfl\u00e4chen und Sichtdachstuhl schaffen alpines Ambiente mit Ausblick ins Freie.\" srcset=\"https:\/\/www.mareiner.com\/wp-content\/uploads\/2021\/08\/AWP_Grossglockner-gehackt_Bergdorf-Donnersbachwald-16-Kopie-c-Katarina-Pashkovskaya.jpg 1733w, https:\/\/www.mareiner.com\/wp-content\/uploads\/2021\/08\/AWP_Grossglockner-gehackt_Bergdorf-Donnersbachwald-16-Kopie-c-Katarina-Pashkovskaya-300x184.jpg 300w, https:\/\/www.mareiner.com\/wp-content\/uploads\/2021\/08\/AWP_Grossglockner-gehackt_Bergdorf-Donnersbachwald-16-Kopie-c-Katarina-Pashkovskaya-1024x629.jpg 1024w, https:\/\/www.mareiner.com\/wp-content\/uploads\/2021\/08\/AWP_Grossglockner-gehackt_Bergdorf-Donnersbachwald-16-Kopie-c-Katarina-Pashkovskaya-768x472.jpg 768w, https:\/\/www.mareiner.com\/wp-content\/uploads\/2021\/08\/AWP_Grossglockner-gehackt_Bergdorf-Donnersbachwald-16-Kopie-c-Katarina-Pashkovskaya-1536x944.jpg 1536w, https:\/\/www.mareiner.com\/wp-content\/uploads\/2021\/08\/AWP_Grossglockner-gehackt_Bergdorf-Donnersbachwald-16-Kopie-c-Katarina-Pashkovskaya-1000x615.jpg 1000w\" sizes=\"auto, (max-width: 1733px) 100vw, 1733px\" \/>\t\t\t\t\t\t\t<\/div>\r\n\t\t\t\t\t\t\r\n\t\t\t\t\t<\/div>\r\n\t\t\t\t<\/div>\r\n\r\n\t\t\t\t\t\r\n\t\t<\/div>\r\n\r\n\t\t<div class=\"col-xl-6 col-12\">\r\n\r\n\t\t\t\r\n\t\t\t\t<div class=\"row\">\r\n\r\n\t\t\t\t\t<div class=\"col-xl-10 offset-xl-2 col-12\">\r\n\r\n\t\t\t\t\t\t\t\t\t\t\t\t\t<div class=\"referenze-detail referenze-detail__image\">\r\n\t\t\t\t\t\t\t\t<img loading=\"lazy\" decoding=\"async\" width=\"1500\" height=\"1001\" src=\"https:\/\/www.mareiner.com\/wp-content\/uploads\/2021\/08\/AWP_Piz-Palue_Bergdorf-Donnersbachwald-66-c-Katarina-Pashkovskaya-Kopie.jpg\" class=\"attachment-full size-full\" alt=\"Detailaufnahme einer Dachschr\u00e4ge mit Alpine Wandpaneelen Piz Pal\u00fc im Bergdorf Donnersbachwald, naturbelassene Holzoberfl\u00e4che mit markanter Maserung und \u00c4sten.\" srcset=\"https:\/\/www.mareiner.com\/wp-content\/uploads\/2021\/08\/AWP_Piz-Palue_Bergdorf-Donnersbachwald-66-c-Katarina-Pashkovskaya-Kopie.jpg 1500w, https:\/\/www.mareiner.com\/wp-content\/uploads\/2021\/08\/AWP_Piz-Palue_Bergdorf-Donnersbachwald-66-c-Katarina-Pashkovskaya-Kopie-300x200.jpg 300w, https:\/\/www.mareiner.com\/wp-content\/uploads\/2021\/08\/AWP_Piz-Palue_Bergdorf-Donnersbachwald-66-c-Katarina-Pashkovskaya-Kopie-1024x683.jpg 1024w, https:\/\/www.mareiner.com\/wp-content\/uploads\/2021\/08\/AWP_Piz-Palue_Bergdorf-Donnersbachwald-66-c-Katarina-Pashkovskaya-Kopie-768x513.jpg 768w, https:\/\/www.mareiner.com\/wp-content\/uploads\/2021\/08\/AWP_Piz-Palue_Bergdorf-Donnersbachwald-66-c-Katarina-Pashkovskaya-Kopie-1000x667.jpg 1000w\" sizes=\"auto, (max-width: 1500px) 100vw, 1500px\" \/>\t\t\t\t\t\t\t<\/div>\r\n\t\t\t\t\t\t\r\n\t\t\t\t\t<\/div>\r\n\t\t\t\t<\/div>\r\n\r\n\t\t\t\r\n\t\t\t\t<div class=\"row\">\r\n\r\n\t\t\t\t\t<div class=\"col-xl-12 offset-xl-0 col-12\">\r\n\r\n\t\t\t\t\t\t\t\t\t\t\t\t\t<div class=\"referenze-detail referenze-detail__link-box\">\r\n\t\t\t\t\t\t\t\t<div class=\"referenze-detail__linkbox__wrapper\">\r\n\t\t\t\t\t\t\t\t\t<div class=\"referenze-detail__linkbox__image\">\r\n\t\t\t\t\t\t\t\t\t\t<img loading=\"lazy\" decoding=\"async\" width=\"600\" height=\"400\" src=\"https:\/\/www.mareiner.com\/wp-content\/uploads\/2021\/08\/Grossglockner-gehackt.jpg\" class=\"attachment-full size-full\" alt=\"Nahaufnahme der gehackten Holzoberfl\u00e4che Gro\u00dfglockner mit heller, lebendiger Struktur und ausgepr\u00e4gter Maserung sowie \u00c4sten in nat\u00fcrlicher Anordnung.\" srcset=\"https:\/\/www.mareiner.com\/wp-content\/uploads\/2021\/08\/Grossglockner-gehackt.jpg 600w, https:\/\/www.mareiner.com\/wp-content\/uploads\/2021\/08\/Grossglockner-gehackt-300x200.jpg 300w\" sizes=\"auto, (max-width: 600px) 100vw, 600px\" \/>\t\t\t\t\t\t\t\t\t\t<div class=\"referenze-detail__linkbox__overlay\">\r\n\t\t\t\t\t\t\t\t\t\t\t<h5 class=\"referenze-detail__linkbox__overlay__title\">Grossglockner<\/h5>\r\n\t\t\t\t\t\t\t\t\t\t\t<div class=\"referenze-detail__linkbox__overlay__subtitle\">\r\n\t\t\t\t\t\t\t\t\t\t\t\tHacked\t\t\t\t\t\t\t\t\t\t\t<\/div>\r\n\t\t\t\t\t\t\t\t\t\t\t<a href=\"https:\/\/www.mareiner.com\/en\/produkte\/grossglockner\/\" target=\"_blank\" class=\"btn btn-light\">TO THE PRODUCT<\/a>\r\n\t\t\t\t\t\t\t\t\t\t<\/div>\r\n\t\t\t\t\t\t\t\t\t<\/div>\r\n\t\t\t\t\t\t\t\t<\/div>\r\n\t\t\t\t\t\t\t<\/div>\r\n\t\t\t\t\t\t\r\n\t\t\t\t\t<\/div>\r\n\t\t\t\t<\/div>\r\n\r\n\t\t\t\r\n\t\t\t\t<div class=\"row\">\r\n\r\n\t\t\t\t\t<div class=\"col-xl-12 offset-xl-0 col-12\">\r\n\r\n\t\t\t\t\t\t\t\t\t\t\t\t\t<div class=\"referenze-detail referenze-detail__image\">\r\n\t\t\t\t\t\t\t\t<img loading=\"lazy\" decoding=\"async\" width=\"1800\" height=\"1202\" src=\"https:\/\/www.mareiner.com\/wp-content\/uploads\/2021\/08\/AWP_Piz-Buin_Bergdorf-Donnersbachwald-39-Kopie-c-Katarina-Pashkovskaya.jpg\" class=\"attachment-full size-full\" alt=\"Fassade einer verschneiten Bergh\u00fctte mit Alpine Wandpaneelen Piz Buin in nat\u00fcrlichem Holzton, rustikaler Oberfl\u00e4che und Fensterdekoration im Bergdorf Donnersbachwald.\" srcset=\"https:\/\/www.mareiner.com\/wp-content\/uploads\/2021\/08\/AWP_Piz-Buin_Bergdorf-Donnersbachwald-39-Kopie-c-Katarina-Pashkovskaya.jpg 1800w, https:\/\/www.mareiner.com\/wp-content\/uploads\/2021\/08\/AWP_Piz-Buin_Bergdorf-Donnersbachwald-39-Kopie-c-Katarina-Pashkovskaya-300x200.jpg 300w, https:\/\/www.mareiner.com\/wp-content\/uploads\/2021\/08\/AWP_Piz-Buin_Bergdorf-Donnersbachwald-39-Kopie-c-Katarina-Pashkovskaya-1024x684.jpg 1024w, https:\/\/www.mareiner.com\/wp-content\/uploads\/2021\/08\/AWP_Piz-Buin_Bergdorf-Donnersbachwald-39-Kopie-c-Katarina-Pashkovskaya-768x513.jpg 768w, https:\/\/www.mareiner.com\/wp-content\/uploads\/2021\/08\/AWP_Piz-Buin_Bergdorf-Donnersbachwald-39-Kopie-c-Katarina-Pashkovskaya-1536x1026.jpg 1536w, https:\/\/www.mareiner.com\/wp-content\/uploads\/2021\/08\/AWP_Piz-Buin_Bergdorf-Donnersbachwald-39-Kopie-c-Katarina-Pashkovskaya-1000x668.jpg 1000w\" sizes=\"auto, (max-width: 1800px) 100vw, 1800px\" \/>\t\t\t\t\t\t\t<\/div>\r\n\t\t\t\t\t\t\r\n\t\t\t\t\t<\/div>\r\n\t\t\t\t<\/div>\r\n\r\n\t\t\t\r\n\t\t\t\t<div class=\"row\">\r\n\r\n\t\t\t\t\t<div class=\"col-xl-12 offset-xl-0 col-12\">\r\n\r\n\t\t\t\t\t\t\t\t\t\t\t\t\t<div class=\"referenze-detail referenze-detail__link-box\">\r\n\t\t\t\t\t\t\t\t<div class=\"referenze-detail__linkbox__wrapper\">\r\n\t\t\t\t\t\t\t\t\t<div class=\"referenze-detail__linkbox__image\">\r\n\t\t\t\t\t\t\t\t\t\t<img loading=\"lazy\" decoding=\"async\" width=\"600\" height=\"400\" src=\"https:\/\/www.mareiner.com\/wp-content\/uploads\/2021\/08\/Piz-Palue-gehackt-3-5.jpg\" class=\"attachment-full size-full\" alt=\"Detailansicht der Alpine Wandpaneele Piz Pal\u00fc mit gehackter Oberfl\u00e4che, nat\u00fcrlicher Struktur und lebendiger Astzeichnung f\u00fcr eine charaktervolle Wandgestaltung im alpinen Stil.\" srcset=\"https:\/\/www.mareiner.com\/wp-content\/uploads\/2021\/08\/Piz-Palue-gehackt-3-5.jpg 600w, https:\/\/www.mareiner.com\/wp-content\/uploads\/2021\/08\/Piz-Palue-gehackt-3-5-300x200.jpg 300w\" sizes=\"auto, (max-width: 600px) 100vw, 600px\" \/>\t\t\t\t\t\t\t\t\t\t<div class=\"referenze-detail__linkbox__overlay\">\r\n\t\t\t\t\t\t\t\t\t\t\t<h5 class=\"referenze-detail__linkbox__overlay__title\">Piz Pal\u00fc<\/h5>\r\n\t\t\t\t\t\t\t\t\t\t\t<div class=\"referenze-detail__linkbox__overlay__subtitle\">\r\n\t\t\t\t\t\t\t\t\t\t\t\tHacked\t\t\t\t\t\t\t\t\t\t\t<\/div>\r\n\t\t\t\t\t\t\t\t\t\t\t<a href=\"https:\/\/www.mareiner.com\/en\/produkte\/piz-palue\/\" target=\"_blank\" class=\"btn btn-light\">TO THE PRODUCT<\/a>\r\n\t\t\t\t\t\t\t\t\t\t<\/div>\r\n\t\t\t\t\t\t\t\t\t<\/div>\r\n\t\t\t\t\t\t\t\t<\/div>\r\n\t\t\t\t\t\t\t<\/div>\r\n\t\t\t\t\t\t\r\n\t\t\t\t\t<\/div>\r\n\t\t\t\t<\/div>\r\n\r\n\t\t\t\r\n\t\t<\/div>\r\n\r\n\t<\/div>\r\n<\/div>","protected":false},"featured_media":2047,"menu_order":60,"template":"","kategorie_referenzen":[225,140],"anwendungsbereich":[226,141,143],"veredelung":[147],"holzart":[237,150,151],"architekturart":[],"class_list":["post-10185","referenzen","type-referenzen","status-publish","has-post-thumbnail","hentry","kategorie_referenzen-chalets-en","kategorie_referenzen-gastro-and-hotel","anwendungsbereich-ceiling","anwendungsbereich-facade","anwendungsbereich-wall","veredelung-hacked","holzart-arolla-pine","holzart-spruce","holzart-larch"],"acf":[],"_links":{"self":[{"href":"https:\/\/www.mareiner.com\/en\/wp-json\/wp\/v2\/referenzen\/10185","targetHints":{"allow":["GET"]}}],"collection":[{"href":"https:\/\/www.mareiner.com\/en\/wp-json\/wp\/v2\/referenzen"}],"about":[{"href":"https:\/\/www.mareiner.com\/en\/wp-json\/wp\/v2\/types\/referenzen"}],"version-history":[{"count":1,"href":"https:\/\/www.mareiner.com\/en\/wp-json\/wp\/v2\/referenzen\/10185\/revisions"}],"predecessor-version":[{"id":10199,"href":"https:\/\/www.mareiner.com\/en\/wp-json\/wp\/v2\/referenzen\/10185\/revisions\/10199"}],"wp:featuredmedia":[{"embeddable":true,"href":"https:\/\/www.mareiner.com\/en\/wp-json\/wp\/v2\/media\/2047"}],"wp:attachment":[{"href":"https:\/\/www.mareiner.com\/en\/wp-json\/wp\/v2\/media?parent=10185"}],"wp:term":[{"taxonomy":"kategorie_referenzen","embeddable":true,"href":"https:\/\/www.mareiner.com\/en\/wp-json\/wp\/v2\/kategorie_referenzen?post=10185"},{"taxonomy":"anwendungsbereich","embeddable":true,"href":"https:\/\/www.mareiner.com\/en\/wp-json\/wp\/v2\/anwendungsbereich?post=10185"},{"taxonomy":"veredelung","embeddable":true,"href":"https:\/\/www.mareiner.com\/en\/wp-json\/wp\/v2\/veredelung?post=10185"},{"taxonomy":"holzart","embeddable":true,"href":"https:\/\/www.mareiner.com\/en\/wp-json\/wp\/v2\/holzart?post=10185"},{"taxonomy":"architekturart","embeddable":true,"href":"https:\/\/www.mareiner.com\/en\/wp-json\/wp\/v2\/architekturart?post=10185"}],"curies":[{"name":"wp","href":"https:\/\/api.w.org\/{rel}","templated":true}]}}