
{"id":10219,"date":"2021-10-13T15:32:31","date_gmt":"2021-10-13T13:32:31","guid":{"rendered":"https:\/\/www.mareiner.com\/inspiration\/alpes-hotel-pralong\/"},"modified":"2025-02-24T14:56:23","modified_gmt":"2025-02-24T13:56:23","slug":"alpes-hotel-pralong","status":"publish","type":"referenzen","link":"https:\/\/www.mareiner.com\/en\/inspiration\/alpes-hotel-pralong\/","title":{"rendered":"Paradis du Pralong"},"content":{"rendered":"\r\n<div id=\"block_b4857bbd443c2ac2a6af848626a619ae\" class=\"referenze-detail-block alignfull\">\r\n\t<div class=\"row\">\r\n\r\n\t\t<div class=\"col-xl-6 col-12\">\r\n\r\n\t\t\t\r\n\t\t\t\t<div class=\"row\">\r\n\t\t\t\t\t<div class=\"col-xl-12 col-12\">\r\n\r\n\t\t\t\t\t\t\t\t\t\t\t\t\t<div class=\"referenze-detail referenze-detail__detail-text\">\r\n\t\t\t\t\t\t\t\t<p><strong>Product:<\/strong> <a href=\"https:\/\/www.mareiner.com\/en\/produkte\/zermatt-gris\/\" target=\"_blank\" rel=\"noopener\">Zermatt Gris<\/a><br \/>\n<strong>Planning: <\/strong>SG Alpha<br \/>\n<strong>Photography Rights:<\/strong> Vallat \/ SG Alpha<br \/>\n<strong data-start=\"120\" data-end=\"140\">Project Address:<\/strong> Savoy, France<\/p>\n\t\t\t\t\t\t\t<\/div>\r\n\t\t\t\t\t\t\r\n\t\t\t\t\t<\/div>\r\n\t\t\t\t<\/div>\r\n\r\n\t\t\t\r\n\t\t\t\t<div class=\"row\">\r\n\t\t\t\t\t<div class=\"col-xl-8 col-12\">\r\n\r\n\t\t\t\t\t\t\t\t\t\t\t\t\t<div class=\"referenze-detail referenze-detail__image\">\r\n\t\t\t\t\t\t\t\t<img loading=\"lazy\" decoding=\"async\" width=\"2560\" height=\"1709\" src=\"https:\/\/www.mareiner.com\/wp-content\/uploads\/2021\/10\/Hotel-Pralong-Courchevel-190215-122343-scaled.jpg\" class=\"attachment-full size-full\" alt=\"Modernes Wohnzimmer mit grauem Sofa und Altholz-W\u00e4nden aus Mareiner Zermatt Gris. Gro\u00dfe Fenster bieten freien Blick auf verschneite Berge. Stilvolle Kombination aus rustikalem Holz und elegantem Design.\" srcset=\"https:\/\/www.mareiner.com\/wp-content\/uploads\/2021\/10\/Hotel-Pralong-Courchevel-190215-122343-scaled.jpg 2560w, https:\/\/www.mareiner.com\/wp-content\/uploads\/2021\/10\/Hotel-Pralong-Courchevel-190215-122343-300x200.jpg 300w, https:\/\/www.mareiner.com\/wp-content\/uploads\/2021\/10\/Hotel-Pralong-Courchevel-190215-122343-1024x683.jpg 1024w, https:\/\/www.mareiner.com\/wp-content\/uploads\/2021\/10\/Hotel-Pralong-Courchevel-190215-122343-768x513.jpg 768w, https:\/\/www.mareiner.com\/wp-content\/uploads\/2021\/10\/Hotel-Pralong-Courchevel-190215-122343-1536x1025.jpg 1536w, https:\/\/www.mareiner.com\/wp-content\/uploads\/2021\/10\/Hotel-Pralong-Courchevel-190215-122343-2048x1367.jpg 2048w, https:\/\/www.mareiner.com\/wp-content\/uploads\/2021\/10\/Hotel-Pralong-Courchevel-190215-122343-1000x667.jpg 1000w\" sizes=\"auto, (max-width: 2560px) 100vw, 2560px\" \/>\t\t\t\t\t\t\t<\/div>\r\n\t\t\t\t\t\t\r\n\t\t\t\t\t<\/div>\r\n\t\t\t\t<\/div>\r\n\r\n\t\t\t\r\n\t\t\t\t<div class=\"row\">\r\n\t\t\t\t\t<div class=\"col-xl-12 col-12\">\r\n\r\n\t\t\t\t\t\t\t\t\t\t\t\t\t<div class=\"referenze-detail referenze-detail__text\">\r\n\t\t\t\t\t\t\t\t<p>Five stars adorn this exceptional mountain hotel, located in the French Alps, south of Mo\u00fbtiers and Albertville, in the heart of the Trois Vall\u00e9es ski resort in Savoy. From the hotel, the view extends over Courchevel. The hotel\u2019s distinctive style is a natural fit for a five-star establishment, and in the case of the Pralong, it strikes a balance between contemporary design and Mareiner reclaimed wood from Schlierbach\u2014with graceful success. Part of the Pralong rooms and apartments was furnished with sun-burned reclaimed wood in noble gray, commissioned by SG Alpha. In doing so, the hotel offers its guests the experience that modernity and coziness can be perfectly compatible.<\/p>\n\t\t\t\t\t\t\t<\/div>\r\n\t\t\t\t\t\t\r\n\t\t\t\t\t<\/div>\r\n\t\t\t\t<\/div>\r\n\r\n\t\t\t\r\n\t\t\t\t<div class=\"row\">\r\n\t\t\t\t\t<div class=\"col-xl-10 col-12\">\r\n\r\n\t\t\t\t\t\t\t\t\t\t\t\t\t<div class=\"referenze-detail referenze-detail__image\">\r\n\t\t\t\t\t\t\t\t<img loading=\"lazy\" decoding=\"async\" width=\"1581\" height=\"1080\" src=\"https:\/\/www.mareiner.com\/wp-content\/uploads\/2021\/10\/csm_Hotel-Pralong-Courchevel-1.jpg\" class=\"attachment-full size-full\" alt=\"Offener Wohn- und Essbereich mit Esstisch aus Altholz, K\u00fcche, Sofa und Bergblick. W\u00e4nde und M\u00f6bel aus Mareiner Altholz Zermatt Gris schaffen ein edles, gem\u00fctliches Ambiente mit Sicht auf verschneite Alpen.\" srcset=\"https:\/\/www.mareiner.com\/wp-content\/uploads\/2021\/10\/csm_Hotel-Pralong-Courchevel-1.jpg 1581w, https:\/\/www.mareiner.com\/wp-content\/uploads\/2021\/10\/csm_Hotel-Pralong-Courchevel-1-300x205.jpg 300w, https:\/\/www.mareiner.com\/wp-content\/uploads\/2021\/10\/csm_Hotel-Pralong-Courchevel-1-1024x700.jpg 1024w, https:\/\/www.mareiner.com\/wp-content\/uploads\/2021\/10\/csm_Hotel-Pralong-Courchevel-1-768x525.jpg 768w, https:\/\/www.mareiner.com\/wp-content\/uploads\/2021\/10\/csm_Hotel-Pralong-Courchevel-1-1536x1049.jpg 1536w, https:\/\/www.mareiner.com\/wp-content\/uploads\/2021\/10\/csm_Hotel-Pralong-Courchevel-1-1000x683.jpg 1000w\" sizes=\"auto, (max-width: 1581px) 100vw, 1581px\" \/>\t\t\t\t\t\t\t<\/div>\r\n\t\t\t\t\t\t\r\n\t\t\t\t\t<\/div>\r\n\t\t\t\t<\/div>\r\n\r\n\t\t\t\r\n\t\t\t\t<div class=\"row\">\r\n\t\t\t\t\t<div class=\"col-xl-12 col-12\">\r\n\r\n\t\t\t\t\t\t\t\t\t\t\t\t\t<div class=\"referenze-detail referenze-detail__image\">\r\n\t\t\t\t\t\t\t\t<img loading=\"lazy\" decoding=\"async\" width=\"2560\" height=\"1709\" src=\"https:\/\/www.mareiner.com\/wp-content\/uploads\/2021\/10\/Hotel-Pralong-Courchevel-190215-122512-scaled.jpg\" class=\"attachment-full size-full\" alt=\"Moderne Hotelk\u00fcche mit Fronten und Wandverkleidung aus Mareiner Altholz Zermatt Gris, kombiniert mit schwarzer Stein-Arbeitsplatte, hochwertiger Ausstattung und Blick auf die verschneite Berglandschaft.\" srcset=\"https:\/\/www.mareiner.com\/wp-content\/uploads\/2021\/10\/Hotel-Pralong-Courchevel-190215-122512-scaled.jpg 2560w, https:\/\/www.mareiner.com\/wp-content\/uploads\/2021\/10\/Hotel-Pralong-Courchevel-190215-122512-300x200.jpg 300w, https:\/\/www.mareiner.com\/wp-content\/uploads\/2021\/10\/Hotel-Pralong-Courchevel-190215-122512-1024x683.jpg 1024w, https:\/\/www.mareiner.com\/wp-content\/uploads\/2021\/10\/Hotel-Pralong-Courchevel-190215-122512-768x513.jpg 768w, https:\/\/www.mareiner.com\/wp-content\/uploads\/2021\/10\/Hotel-Pralong-Courchevel-190215-122512-1536x1025.jpg 1536w, https:\/\/www.mareiner.com\/wp-content\/uploads\/2021\/10\/Hotel-Pralong-Courchevel-190215-122512-2048x1367.jpg 2048w, https:\/\/www.mareiner.com\/wp-content\/uploads\/2021\/10\/Hotel-Pralong-Courchevel-190215-122512-1000x667.jpg 1000w\" sizes=\"auto, (max-width: 2560px) 100vw, 2560px\" \/>\t\t\t\t\t\t\t<\/div>\r\n\t\t\t\t\t\t\r\n\t\t\t\t\t<\/div>\r\n\t\t\t\t<\/div>\r\n\r\n\t\t\t\t\t\r\n\t\t<\/div>\r\n\r\n\t\t<div class=\"col-xl-6 col-12\">\r\n\r\n\t\t\t\r\n\t\t\t\t<div class=\"row\">\r\n\r\n\t\t\t\t\t<div class=\"col-xl-12 offset-xl-0 col-12\">\r\n\r\n\t\t\t\t\t\t\t\t\t\t\t\t\t<div class=\"referenze-detail referenze-detail__image\">\r\n\t\t\t\t\t\t\t\t<img loading=\"lazy\" decoding=\"async\" width=\"1575\" height=\"1080\" src=\"https:\/\/www.mareiner.com\/wp-content\/uploads\/2021\/10\/csm_Hotel-Pralong-Courchevel-2.jpg\" class=\"attachment-full size-full\" alt=\"Heller Wohn- und Essbereich mit grauem Sofa, Esstisch und K\u00fcche, gestaltet mit Mareiner Altholz Zermatt Gris. Gro\u00dfe Fenster er\u00f6ffnen den Blick auf die Berge, modernes Ambiente trifft rustikale Holzstruktur.\" srcset=\"https:\/\/www.mareiner.com\/wp-content\/uploads\/2021\/10\/csm_Hotel-Pralong-Courchevel-2.jpg 1575w, https:\/\/www.mareiner.com\/wp-content\/uploads\/2021\/10\/csm_Hotel-Pralong-Courchevel-2-300x206.jpg 300w, https:\/\/www.mareiner.com\/wp-content\/uploads\/2021\/10\/csm_Hotel-Pralong-Courchevel-2-1024x702.jpg 1024w, https:\/\/www.mareiner.com\/wp-content\/uploads\/2021\/10\/csm_Hotel-Pralong-Courchevel-2-768x527.jpg 768w, https:\/\/www.mareiner.com\/wp-content\/uploads\/2021\/10\/csm_Hotel-Pralong-Courchevel-2-1536x1053.jpg 1536w, https:\/\/www.mareiner.com\/wp-content\/uploads\/2021\/10\/csm_Hotel-Pralong-Courchevel-2-1000x686.jpg 1000w\" sizes=\"auto, (max-width: 1575px) 100vw, 1575px\" \/>\t\t\t\t\t\t\t<\/div>\r\n\t\t\t\t\t\t\r\n\t\t\t\t\t<\/div>\r\n\t\t\t\t<\/div>\r\n\r\n\t\t\t\r\n\t\t\t\t<div class=\"row\">\r\n\r\n\t\t\t\t\t<div class=\"col-xl-12 offset-xl-0 col-12\">\r\n\r\n\t\t\t\t\t\t\t\t\t\t\t\t\t<div class=\"referenze-detail referenze-detail__link-box\">\r\n\t\t\t\t\t\t\t\t<div class=\"referenze-detail__linkbox__wrapper\">\r\n\t\t\t\t\t\t\t\t\t<div class=\"referenze-detail__linkbox__image\">\r\n\t\t\t\t\t\t\t\t\t\t<img loading=\"lazy\" decoding=\"async\" width=\"1000\" height=\"1000\" src=\"https:\/\/www.mareiner.com\/wp-content\/uploads\/2021\/08\/3SP_Oberflaeche-Original-Sonnenverbrannt-1.jpg\" class=\"attachment-full size-full\" alt=\"Nahaufnahme einer 3-Schicht-Platte aus originalem Altholz mit charakteristischer, sonnenverbrannter grauer Oberfl\u00e4che. Die Holzstruktur zeigt eine silbergraue Patina mit ausgepr\u00e4gter Maserung, Astspuren und nat\u00fcrlichen Witterungsspuren, die durch jahrelange Sonneneinstrahlung im Freien entstanden sind.\" srcset=\"https:\/\/www.mareiner.com\/wp-content\/uploads\/2021\/08\/3SP_Oberflaeche-Original-Sonnenverbrannt-1.jpg 1000w, https:\/\/www.mareiner.com\/wp-content\/uploads\/2021\/08\/3SP_Oberflaeche-Original-Sonnenverbrannt-1-300x300.jpg 300w, https:\/\/www.mareiner.com\/wp-content\/uploads\/2021\/08\/3SP_Oberflaeche-Original-Sonnenverbrannt-1-150x150.jpg 150w, https:\/\/www.mareiner.com\/wp-content\/uploads\/2021\/08\/3SP_Oberflaeche-Original-Sonnenverbrannt-1-768x768.jpg 768w, https:\/\/www.mareiner.com\/wp-content\/uploads\/2021\/08\/3SP_Oberflaeche-Original-Sonnenverbrannt-1-400x400.jpg 400w, https:\/\/www.mareiner.com\/wp-content\/uploads\/2021\/08\/3SP_Oberflaeche-Original-Sonnenverbrannt-1-600x600.jpg 600w\" sizes=\"auto, (max-width: 1000px) 100vw, 1000px\" \/>\t\t\t\t\t\t\t\t\t\t<div class=\"referenze-detail__linkbox__overlay\">\r\n\t\t\t\t\t\t\t\t\t\t\t<h5 class=\"referenze-detail__linkbox__overlay__title\">Zermatt Gris<\/h5>\r\n\t\t\t\t\t\t\t\t\t\t\t<div class=\"referenze-detail__linkbox__overlay__subtitle\">\r\n\t\t\t\t\t\t\t\t\t\t\t\t\t\t\t\t\t\t\t\t\t\t\t<\/div>\r\n\t\t\t\t\t\t\t\t\t\t\t<a href=\"https:\/\/www.mareiner.com\/en\/produkte\/zermatt-gris\/\" target=\"_blank\" class=\"btn btn-light\">TO THE PRODUCT<\/a>\r\n\t\t\t\t\t\t\t\t\t\t<\/div>\r\n\t\t\t\t\t\t\t\t\t<\/div>\r\n\t\t\t\t\t\t\t\t<\/div>\r\n\t\t\t\t\t\t\t<\/div>\r\n\t\t\t\t\t\t\r\n\t\t\t\t\t<\/div>\r\n\t\t\t\t<\/div>\r\n\r\n\t\t\t\r\n\t\t\t\t<div class=\"row\">\r\n\r\n\t\t\t\t\t<div class=\"col-xl-10 offset-xl-2 col-12\">\r\n\r\n\t\t\t\t\t\t\t\t\t\t\t\t\t<div class=\"referenze-detail referenze-detail__image\">\r\n\t\t\t\t\t\t\t\t<img loading=\"lazy\" decoding=\"async\" width=\"2560\" height=\"1709\" src=\"https:\/\/www.mareiner.com\/wp-content\/uploads\/2021\/10\/Hotel-Pralong-Courchevel-190215-122150-scaled.jpg\" class=\"attachment-full size-full\" alt=\"Gro\u00dfz\u00fcgige Wohnk\u00fcche mit K\u00fcchenzeile und Barbereich aus Mareiner Altholz Zermatt Gris, kombiniert mit moderner Einrichtung und Panoramablick auf die verschneiten Alpen im Hotel Paradis du Pralong.\" srcset=\"https:\/\/www.mareiner.com\/wp-content\/uploads\/2021\/10\/Hotel-Pralong-Courchevel-190215-122150-scaled.jpg 2560w, https:\/\/www.mareiner.com\/wp-content\/uploads\/2021\/10\/Hotel-Pralong-Courchevel-190215-122150-300x200.jpg 300w, https:\/\/www.mareiner.com\/wp-content\/uploads\/2021\/10\/Hotel-Pralong-Courchevel-190215-122150-1024x683.jpg 1024w, https:\/\/www.mareiner.com\/wp-content\/uploads\/2021\/10\/Hotel-Pralong-Courchevel-190215-122150-768x513.jpg 768w, https:\/\/www.mareiner.com\/wp-content\/uploads\/2021\/10\/Hotel-Pralong-Courchevel-190215-122150-1536x1025.jpg 1536w, https:\/\/www.mareiner.com\/wp-content\/uploads\/2021\/10\/Hotel-Pralong-Courchevel-190215-122150-2048x1367.jpg 2048w, https:\/\/www.mareiner.com\/wp-content\/uploads\/2021\/10\/Hotel-Pralong-Courchevel-190215-122150-1000x667.jpg 1000w\" sizes=\"auto, (max-width: 2560px) 100vw, 2560px\" \/>\t\t\t\t\t\t\t<\/div>\r\n\t\t\t\t\t\t\r\n\t\t\t\t\t<\/div>\r\n\t\t\t\t<\/div>\r\n\r\n\t\t\t\r\n\t\t<\/div>\r\n\r\n\t<\/div>\r\n<\/div>","protected":false},"featured_media":10220,"menu_order":65,"template":"","kategorie_referenzen":[225,140],"anwendungsbereich":[226,227,224,230,143],"veredelung":[144],"holzart":[231,150,152],"architekturart":[],"class_list":["post-10219","referenzen","type-referenzen","status-publish","has-post-thumbnail","hentry","kategorie_referenzen-chalets-en","kategorie_referenzen-gastro-and-hotel","anwendungsbereich-ceiling","anwendungsbereich-design-panels","anwendungsbereich-furniture-and-shop-fitting","anwendungsbereich-reclaimed-wood","anwendungsbereich-wall","veredelung-pre-greyed","holzart-fir","holzart-spruce","holzart-pine"],"acf":[],"_links":{"self":[{"href":"https:\/\/www.mareiner.com\/en\/wp-json\/wp\/v2\/referenzen\/10219","targetHints":{"allow":["GET"]}}],"collection":[{"href":"https:\/\/www.mareiner.com\/en\/wp-json\/wp\/v2\/referenzen"}],"about":[{"href":"https:\/\/www.mareiner.com\/en\/wp-json\/wp\/v2\/types\/referenzen"}],"version-history":[{"count":1,"href":"https:\/\/www.mareiner.com\/en\/wp-json\/wp\/v2\/referenzen\/10219\/revisions"}],"predecessor-version":[{"id":10227,"href":"https:\/\/www.mareiner.com\/en\/wp-json\/wp\/v2\/referenzen\/10219\/revisions\/10227"}],"wp:featuredmedia":[{"embeddable":true,"href":"https:\/\/www.mareiner.com\/en\/wp-json\/wp\/v2\/media\/10220"}],"wp:attachment":[{"href":"https:\/\/www.mareiner.com\/en\/wp-json\/wp\/v2\/media?parent=10219"}],"wp:term":[{"taxonomy":"kategorie_referenzen","embeddable":true,"href":"https:\/\/www.mareiner.com\/en\/wp-json\/wp\/v2\/kategorie_referenzen?post=10219"},{"taxonomy":"anwendungsbereich","embeddable":true,"href":"https:\/\/www.mareiner.com\/en\/wp-json\/wp\/v2\/anwendungsbereich?post=10219"},{"taxonomy":"veredelung","embeddable":true,"href":"https:\/\/www.mareiner.com\/en\/wp-json\/wp\/v2\/veredelung?post=10219"},{"taxonomy":"holzart","embeddable":true,"href":"https:\/\/www.mareiner.com\/en\/wp-json\/wp\/v2\/holzart?post=10219"},{"taxonomy":"architekturart","embeddable":true,"href":"https:\/\/www.mareiner.com\/en\/wp-json\/wp\/v2\/architekturart?post=10219"}],"curies":[{"name":"wp","href":"https:\/\/api.w.org\/{rel}","templated":true}]}}