
{"id":10237,"date":"2024-01-10T14:30:52","date_gmt":"2024-01-10T13:30:52","guid":{"rendered":"https:\/\/www.mareiner.com\/inspiration\/einfamilienhaus-g\/"},"modified":"2025-02-24T15:33:15","modified_gmt":"2025-02-24T14:33:15","slug":"single-family-home-g","status":"publish","type":"referenzen","link":"https:\/\/www.mareiner.com\/en\/inspiration\/single-family-home-g\/","title":{"rendered":"single family home G."},"content":{"rendered":"\r\n<div id=\"block_78b97347986d5bced3dd1c85a460a179\" class=\"referenze-detail-block alignfull\">\r\n\t<div class=\"row\">\r\n\r\n\t\t<div class=\"col-xl-6 col-12\">\r\n\r\n\t\t\t\r\n\t\t\t\t<div class=\"row\">\r\n\t\t\t\t\t<div class=\"col-xl-12 col-12\">\r\n\r\n\t\t\t\t\t\t\t\t\t\t\t\t\t<div class=\"referenze-detail referenze-detail__detail-text\">\r\n\t\t\t\t\t\t\t\t<p><strong>Product: <\/strong><a href=\"https:\/\/www.mareiner.com\/en\/produkte\/piz-bernina-2\/\" target=\"_blank\" rel=\"noopener\">Piz Bernina Lava<\/a>, <a href=\"https:\/\/www.mareiner.com\/en\/produkte\/kebony\/\" target=\"_blank\" rel=\"noopener\">Kebony<\/a><br \/>\n<strong>Architecture:<\/strong> <a href=\"https:\/\/holzarchitekten.at\/\" target=\"_blank\" rel=\"noopener\">holz.architekten ZT KG<\/a><br \/>\n<strong>Photography:<\/strong> Mareiner \u00a9 Toni Muhr<br \/>\n<strong data-start=\"123\" data-end=\"143\">Project Address:<\/strong> Vienna, Austria<\/p>\n\t\t\t\t\t\t\t<\/div>\r\n\t\t\t\t\t\t\r\n\t\t\t\t\t<\/div>\r\n\t\t\t\t<\/div>\r\n\r\n\t\t\t\r\n\t\t\t\t<div class=\"row\">\r\n\t\t\t\t\t<div class=\"col-xl-12 col-12\">\r\n\r\n\t\t\t\t\t\t\t\t\t\t\t\t\t<div class=\"referenze-detail referenze-detail__image\">\r\n\t\t\t\t\t\t\t\t<img loading=\"lazy\" decoding=\"async\" width=\"2560\" height=\"1707\" src=\"https:\/\/www.mareiner.com\/wp-content\/uploads\/2024\/01\/EFH_Gloger_VESUV-Lamellen-Designplatten_Mareiner-c-Toni-Muhr-115-scaled.jpg\" class=\"attachment-full size-full\" alt=\"Modernes zweigeschossiges Wohnhaus mit vertikalen Holzlamellen aus Piz Bernina Lava, beleuchtetem Innenraum, gro\u00dfen Glasfl\u00e4chen und Natursteinmauern im Garten bei einsetzender D\u00e4mmerung.\" srcset=\"https:\/\/www.mareiner.com\/wp-content\/uploads\/2024\/01\/EFH_Gloger_VESUV-Lamellen-Designplatten_Mareiner-c-Toni-Muhr-115-scaled.jpg 2560w, https:\/\/www.mareiner.com\/wp-content\/uploads\/2024\/01\/EFH_Gloger_VESUV-Lamellen-Designplatten_Mareiner-c-Toni-Muhr-115-300x200.jpg 300w, https:\/\/www.mareiner.com\/wp-content\/uploads\/2024\/01\/EFH_Gloger_VESUV-Lamellen-Designplatten_Mareiner-c-Toni-Muhr-115-1024x683.jpg 1024w, https:\/\/www.mareiner.com\/wp-content\/uploads\/2024\/01\/EFH_Gloger_VESUV-Lamellen-Designplatten_Mareiner-c-Toni-Muhr-115-768x512.jpg 768w, https:\/\/www.mareiner.com\/wp-content\/uploads\/2024\/01\/EFH_Gloger_VESUV-Lamellen-Designplatten_Mareiner-c-Toni-Muhr-115-1536x1024.jpg 1536w, https:\/\/www.mareiner.com\/wp-content\/uploads\/2024\/01\/EFH_Gloger_VESUV-Lamellen-Designplatten_Mareiner-c-Toni-Muhr-115-2048x1365.jpg 2048w, https:\/\/www.mareiner.com\/wp-content\/uploads\/2024\/01\/EFH_Gloger_VESUV-Lamellen-Designplatten_Mareiner-c-Toni-Muhr-115-1000x667.jpg 1000w\" sizes=\"auto, (max-width: 2560px) 100vw, 2560px\" \/>\t\t\t\t\t\t\t<\/div>\r\n\t\t\t\t\t\t\r\n\t\t\t\t\t<\/div>\r\n\t\t\t\t<\/div>\r\n\r\n\t\t\t\r\n\t\t\t\t<div class=\"row\">\r\n\t\t\t\t\t<div class=\"col-xl-12 col-12\">\r\n\r\n\t\t\t\t\t\t\t\t\t\t\t\t\t<div class=\"referenze-detail referenze-detail__text\">\r\n\t\t\t\t\t\t\t\t<p>Wood surfaces, wood sliding elements, wood slats: all from a single source for both interior and exterior. For the facade, terrace, walls, and furniture. A play of light and shadow, combined with ecological construction, makes the single-family home a true dream home. Not only do the Mareiner Piz Bernina Lava elements in various finishes, as well as the Kebony terrace, create a special living atmosphere, but they also make for a truly beautiful sight.<\/p>\n\t\t\t\t\t\t\t<\/div>\r\n\t\t\t\t\t\t\r\n\t\t\t\t\t<\/div>\r\n\t\t\t\t<\/div>\r\n\r\n\t\t\t\r\n\t\t\t\t<div class=\"row\">\r\n\t\t\t\t\t<div class=\"col-xl-10 col-12\">\r\n\r\n\t\t\t\t\t\t\t\t\t\t\t\t\t<div class=\"referenze-detail referenze-detail__image\">\r\n\t\t\t\t\t\t\t\t<img loading=\"lazy\" decoding=\"async\" width=\"1707\" height=\"2560\" src=\"https:\/\/www.mareiner.com\/wp-content\/uploads\/2024\/01\/EFH_Gloger_VESUV-Lamellen-Designplatten_Mareiner-c-Toni-Muhr-95-scaled.jpg\" class=\"attachment-full size-full\" alt=\"Senkrechte Lamellen aus thermisch behandeltem Holz Piz Bernina Lava vor einem Fenster \u2013 markante Maserung sorgt f\u00fcr nat\u00fcrlichen Sicht- und Sonnenschutz.\" srcset=\"https:\/\/www.mareiner.com\/wp-content\/uploads\/2024\/01\/EFH_Gloger_VESUV-Lamellen-Designplatten_Mareiner-c-Toni-Muhr-95-scaled.jpg 1707w, https:\/\/www.mareiner.com\/wp-content\/uploads\/2024\/01\/EFH_Gloger_VESUV-Lamellen-Designplatten_Mareiner-c-Toni-Muhr-95-200x300.jpg 200w, https:\/\/www.mareiner.com\/wp-content\/uploads\/2024\/01\/EFH_Gloger_VESUV-Lamellen-Designplatten_Mareiner-c-Toni-Muhr-95-683x1024.jpg 683w, https:\/\/www.mareiner.com\/wp-content\/uploads\/2024\/01\/EFH_Gloger_VESUV-Lamellen-Designplatten_Mareiner-c-Toni-Muhr-95-768x1152.jpg 768w, https:\/\/www.mareiner.com\/wp-content\/uploads\/2024\/01\/EFH_Gloger_VESUV-Lamellen-Designplatten_Mareiner-c-Toni-Muhr-95-1024x1536.jpg 1024w, https:\/\/www.mareiner.com\/wp-content\/uploads\/2024\/01\/EFH_Gloger_VESUV-Lamellen-Designplatten_Mareiner-c-Toni-Muhr-95-1365x2048.jpg 1365w, https:\/\/www.mareiner.com\/wp-content\/uploads\/2024\/01\/EFH_Gloger_VESUV-Lamellen-Designplatten_Mareiner-c-Toni-Muhr-95-1000x1500.jpg 1000w\" sizes=\"auto, (max-width: 1707px) 100vw, 1707px\" \/>\t\t\t\t\t\t\t<\/div>\r\n\t\t\t\t\t\t\r\n\t\t\t\t\t<\/div>\r\n\t\t\t\t<\/div>\r\n\r\n\t\t\t\r\n\t\t\t\t<div class=\"row\">\r\n\t\t\t\t\t<div class=\"col-xl-12 col-12\">\r\n\r\n\t\t\t\t\t\t\t\t\t\t\t\t\t<div class=\"referenze-detail referenze-detail__link-box\">\r\n\t\t\t\t\t\t\t\t<div class=\"referenze-detail__linkbox__wrapper\">\r\n\t\t\t\t\t\t\t\t\t<div class=\"referenze-detail__linkbox__image\">\r\n\t\t\t\t\t\t\t\t\t\t<img loading=\"lazy\" decoding=\"async\" width=\"1499\" height=\"1000\" src=\"https:\/\/www.mareiner.com\/wp-content\/uploads\/2024\/01\/Mareiner-Piz-Bernina_LAVA-114_w.jpg\" class=\"attachment-full size-full\" alt=\"Fl\u00e4chige Holzoberfl\u00e4che mit markanter, geflammter Optik. Die Bretter zeigen starke Kontraste zwischen hellen und dunklen Bereichen, typisch f\u00fcr gebranntes Holz. Ausdrucksstarke Maserung mit rustikalem Charakter f\u00fcr traditionelle oder moderne Akzente.\" srcset=\"https:\/\/www.mareiner.com\/wp-content\/uploads\/2024\/01\/Mareiner-Piz-Bernina_LAVA-114_w.jpg 1499w, https:\/\/www.mareiner.com\/wp-content\/uploads\/2024\/01\/Mareiner-Piz-Bernina_LAVA-114_w-300x200.jpg 300w, https:\/\/www.mareiner.com\/wp-content\/uploads\/2024\/01\/Mareiner-Piz-Bernina_LAVA-114_w-1024x683.jpg 1024w, https:\/\/www.mareiner.com\/wp-content\/uploads\/2024\/01\/Mareiner-Piz-Bernina_LAVA-114_w-768x512.jpg 768w, https:\/\/www.mareiner.com\/wp-content\/uploads\/2024\/01\/Mareiner-Piz-Bernina_LAVA-114_w-1000x667.jpg 1000w\" sizes=\"auto, (max-width: 1499px) 100vw, 1499px\" \/>\t\t\t\t\t\t\t\t\t\t<div class=\"referenze-detail__linkbox__overlay\">\r\n\t\t\t\t\t\t\t\t\t\t\t<h5 class=\"referenze-detail__linkbox__overlay__title\">Piz Bernina Lava<\/h5>\r\n\t\t\t\t\t\t\t\t\t\t\t<div class=\"referenze-detail__linkbox__overlay__subtitle\">\r\n\t\t\t\t\t\t\t\t\t\t\t\tLocal Larch, natural, flamed\t\t\t\t\t\t\t\t\t\t\t<\/div>\r\n\t\t\t\t\t\t\t\t\t\t\t<a href=\"https:\/\/www.mareiner.com\/en\/produkte\/piz-bernina-2\/\" target=\"_blank\" class=\"btn btn-light\">TO THE PRODUCT<\/a>\r\n\t\t\t\t\t\t\t\t\t\t<\/div>\r\n\t\t\t\t\t\t\t\t\t<\/div>\r\n\t\t\t\t\t\t\t\t<\/div>\r\n\t\t\t\t\t\t\t<\/div>\r\n\t\t\t\t\t\t\r\n\t\t\t\t\t<\/div>\r\n\t\t\t\t<\/div>\r\n\r\n\t\t\t\r\n\t\t\t\t<div class=\"row\">\r\n\t\t\t\t\t<div class=\"col-xl-12 col-12\">\r\n\r\n\t\t\t\t\t\t\t\t\t\t\t\t\t<div class=\"referenze-detail referenze-detail__image\">\r\n\t\t\t\t\t\t\t\t<img loading=\"lazy\" decoding=\"async\" width=\"2560\" height=\"1707\" src=\"https:\/\/www.mareiner.com\/wp-content\/uploads\/2024\/01\/EFH_Gloger_VESUV-Lamellen-Designplatten_Mareiner-c-Toni-Muhr-85-scaled.jpg\" class=\"attachment-full size-full\" alt=\"Nahaufnahme einer K\u00fcchenfront mit markanter Maserung und bronzefarbenem Griff, gefertigt aus Piz Bernina Lava \u2013 thermisch veredeltes Holz mit charakterstarker Struktur.\" srcset=\"https:\/\/www.mareiner.com\/wp-content\/uploads\/2024\/01\/EFH_Gloger_VESUV-Lamellen-Designplatten_Mareiner-c-Toni-Muhr-85-scaled.jpg 2560w, https:\/\/www.mareiner.com\/wp-content\/uploads\/2024\/01\/EFH_Gloger_VESUV-Lamellen-Designplatten_Mareiner-c-Toni-Muhr-85-300x200.jpg 300w, https:\/\/www.mareiner.com\/wp-content\/uploads\/2024\/01\/EFH_Gloger_VESUV-Lamellen-Designplatten_Mareiner-c-Toni-Muhr-85-1024x683.jpg 1024w, https:\/\/www.mareiner.com\/wp-content\/uploads\/2024\/01\/EFH_Gloger_VESUV-Lamellen-Designplatten_Mareiner-c-Toni-Muhr-85-768x512.jpg 768w, https:\/\/www.mareiner.com\/wp-content\/uploads\/2024\/01\/EFH_Gloger_VESUV-Lamellen-Designplatten_Mareiner-c-Toni-Muhr-85-1536x1024.jpg 1536w, https:\/\/www.mareiner.com\/wp-content\/uploads\/2024\/01\/EFH_Gloger_VESUV-Lamellen-Designplatten_Mareiner-c-Toni-Muhr-85-2048x1366.jpg 2048w, https:\/\/www.mareiner.com\/wp-content\/uploads\/2024\/01\/EFH_Gloger_VESUV-Lamellen-Designplatten_Mareiner-c-Toni-Muhr-85-1000x667.jpg 1000w\" sizes=\"auto, (max-width: 2560px) 100vw, 2560px\" \/>\t\t\t\t\t\t\t<\/div>\r\n\t\t\t\t\t\t\r\n\t\t\t\t\t<\/div>\r\n\t\t\t\t<\/div>\r\n\r\n\t\t\t\t\t\r\n\t\t<\/div>\r\n\r\n\t\t<div class=\"col-xl-6 col-12\">\r\n\r\n\t\t\t\r\n\t\t\t\t<div class=\"row\">\r\n\r\n\t\t\t\t\t<div class=\"col-xl-10 offset-xl-2 col-12\">\r\n\r\n\t\t\t\t\t\t\t\t\t\t\t\t\t<div class=\"referenze-detail referenze-detail__image\">\r\n\t\t\t\t\t\t\t\t<img loading=\"lazy\" decoding=\"async\" width=\"2560\" height=\"1707\" src=\"https:\/\/www.mareiner.com\/wp-content\/uploads\/2024\/01\/EFH_Gloger_VESUV-KEBONY_Mareiner-c-Toni-Muhr-59-scaled.jpg\" class=\"attachment-full size-full\" alt=\"Detailaufnahme einer Terrasse aus Kebony-Holz und vertikaler Lamellenfassade aus Piz Bernina Lava \u2013 pr\u00e4zise Verarbeitung und nat\u00fcrliche Farbnuancen im harmonischen Zusammenspiel.\" srcset=\"https:\/\/www.mareiner.com\/wp-content\/uploads\/2024\/01\/EFH_Gloger_VESUV-KEBONY_Mareiner-c-Toni-Muhr-59-scaled.jpg 2560w, https:\/\/www.mareiner.com\/wp-content\/uploads\/2024\/01\/EFH_Gloger_VESUV-KEBONY_Mareiner-c-Toni-Muhr-59-300x200.jpg 300w, https:\/\/www.mareiner.com\/wp-content\/uploads\/2024\/01\/EFH_Gloger_VESUV-KEBONY_Mareiner-c-Toni-Muhr-59-1024x683.jpg 1024w, https:\/\/www.mareiner.com\/wp-content\/uploads\/2024\/01\/EFH_Gloger_VESUV-KEBONY_Mareiner-c-Toni-Muhr-59-768x512.jpg 768w, https:\/\/www.mareiner.com\/wp-content\/uploads\/2024\/01\/EFH_Gloger_VESUV-KEBONY_Mareiner-c-Toni-Muhr-59-1536x1024.jpg 1536w, https:\/\/www.mareiner.com\/wp-content\/uploads\/2024\/01\/EFH_Gloger_VESUV-KEBONY_Mareiner-c-Toni-Muhr-59-2048x1365.jpg 2048w, https:\/\/www.mareiner.com\/wp-content\/uploads\/2024\/01\/EFH_Gloger_VESUV-KEBONY_Mareiner-c-Toni-Muhr-59-1000x667.jpg 1000w\" sizes=\"auto, (max-width: 2560px) 100vw, 2560px\" \/>\t\t\t\t\t\t\t<\/div>\r\n\t\t\t\t\t\t\r\n\t\t\t\t\t<\/div>\r\n\t\t\t\t<\/div>\r\n\r\n\t\t\t\r\n\t\t\t\t<div class=\"row\">\r\n\r\n\t\t\t\t\t<div class=\"col-xl-12 offset-xl-0 col-12\">\r\n\r\n\t\t\t\t\t\t\t\t\t\t\t\t\t<div class=\"referenze-detail referenze-detail__image\">\r\n\t\t\t\t\t\t\t\t<img loading=\"lazy\" decoding=\"async\" width=\"1707\" height=\"2560\" src=\"https:\/\/www.mareiner.com\/wp-content\/uploads\/2024\/01\/EFH_Gloger_VESUV-Lamellen-Designplatten_Mareiner-c-Toni-Muhr-89-scaled.jpg\" class=\"attachment-full size-full\" alt=\"Moderne K\u00fcche mit dunkler Arbeitsplatte und Fronten aus thermisch behandeltem Holz Piz Bernina Lava \u2013 charaktervolle Maserung trifft auf stilvolle Ger\u00e4teintegration.\" srcset=\"https:\/\/www.mareiner.com\/wp-content\/uploads\/2024\/01\/EFH_Gloger_VESUV-Lamellen-Designplatten_Mareiner-c-Toni-Muhr-89-scaled.jpg 1707w, https:\/\/www.mareiner.com\/wp-content\/uploads\/2024\/01\/EFH_Gloger_VESUV-Lamellen-Designplatten_Mareiner-c-Toni-Muhr-89-200x300.jpg 200w, https:\/\/www.mareiner.com\/wp-content\/uploads\/2024\/01\/EFH_Gloger_VESUV-Lamellen-Designplatten_Mareiner-c-Toni-Muhr-89-683x1024.jpg 683w, https:\/\/www.mareiner.com\/wp-content\/uploads\/2024\/01\/EFH_Gloger_VESUV-Lamellen-Designplatten_Mareiner-c-Toni-Muhr-89-768x1152.jpg 768w, https:\/\/www.mareiner.com\/wp-content\/uploads\/2024\/01\/EFH_Gloger_VESUV-Lamellen-Designplatten_Mareiner-c-Toni-Muhr-89-1024x1536.jpg 1024w, https:\/\/www.mareiner.com\/wp-content\/uploads\/2024\/01\/EFH_Gloger_VESUV-Lamellen-Designplatten_Mareiner-c-Toni-Muhr-89-1365x2048.jpg 1365w, https:\/\/www.mareiner.com\/wp-content\/uploads\/2024\/01\/EFH_Gloger_VESUV-Lamellen-Designplatten_Mareiner-c-Toni-Muhr-89-1000x1500.jpg 1000w\" sizes=\"auto, (max-width: 1707px) 100vw, 1707px\" \/>\t\t\t\t\t\t\t<\/div>\r\n\t\t\t\t\t\t\r\n\t\t\t\t\t<\/div>\r\n\t\t\t\t<\/div>\r\n\r\n\t\t\t\r\n\t\t\t\t<div class=\"row\">\r\n\r\n\t\t\t\t\t<div class=\"col-xl-12 offset-xl-0 col-12\">\r\n\r\n\t\t\t\t\t\t\t\t\t\t\t\t\t<div class=\"referenze-detail referenze-detail__link-box\">\r\n\t\t\t\t\t\t\t\t<div class=\"referenze-detail__linkbox__wrapper\">\r\n\t\t\t\t\t\t\t\t\t<div class=\"referenze-detail__linkbox__image\">\r\n\t\t\t\t\t\t\t\t\t\t<img loading=\"lazy\" decoding=\"async\" width=\"1499\" height=\"1000\" src=\"https:\/\/www.mareiner.com\/wp-content\/uploads\/2021\/08\/Mareiner-Kebony-BODEN-GEHOBELT-2374_w.jpg\" class=\"attachment-full size-full\" alt=\"Terrassendielen mit gehobelter Oberfl\u00e4che in einem satten, mittleren Braunton. Die glatte Struktur wirkt besonders edel und bringt die dezenten Maserungen sowie nat\u00fcrlichen Farbverl\u00e4ufe des Holzes fein zur Geltung.\" srcset=\"https:\/\/www.mareiner.com\/wp-content\/uploads\/2021\/08\/Mareiner-Kebony-BODEN-GEHOBELT-2374_w.jpg 1499w, https:\/\/www.mareiner.com\/wp-content\/uploads\/2021\/08\/Mareiner-Kebony-BODEN-GEHOBELT-2374_w-300x200.jpg 300w, https:\/\/www.mareiner.com\/wp-content\/uploads\/2021\/08\/Mareiner-Kebony-BODEN-GEHOBELT-2374_w-1024x683.jpg 1024w, https:\/\/www.mareiner.com\/wp-content\/uploads\/2021\/08\/Mareiner-Kebony-BODEN-GEHOBELT-2374_w-768x512.jpg 768w, https:\/\/www.mareiner.com\/wp-content\/uploads\/2021\/08\/Mareiner-Kebony-BODEN-GEHOBELT-2374_w-1000x667.jpg 1000w\" sizes=\"auto, (max-width: 1499px) 100vw, 1499px\" \/>\t\t\t\t\t\t\t\t\t\t<div class=\"referenze-detail__linkbox__overlay\">\r\n\t\t\t\t\t\t\t\t\t\t\t<h5 class=\"referenze-detail__linkbox__overlay__title\">Kebony<\/h5>\r\n\t\t\t\t\t\t\t\t\t\t\t<div class=\"referenze-detail__linkbox__overlay__subtitle\">\r\n\t\t\t\t\t\t\t\t\t\t\t\tPinus radiata, kebonisiert\t\t\t\t\t\t\t\t\t\t\t<\/div>\r\n\t\t\t\t\t\t\t\t\t\t\t<a href=\"https:\/\/www.mareiner.com\/en\/produkte\/kebony\/\" target=\"_blank\" class=\"btn btn-light\">TO THE PRODUCT<\/a>\r\n\t\t\t\t\t\t\t\t\t\t<\/div>\r\n\t\t\t\t\t\t\t\t\t<\/div>\r\n\t\t\t\t\t\t\t\t<\/div>\r\n\t\t\t\t\t\t\t<\/div>\r\n\t\t\t\t\t\t\r\n\t\t\t\t\t<\/div>\r\n\t\t\t\t<\/div>\r\n\r\n\t\t\t\r\n\t\t\t\t<div class=\"row\">\r\n\r\n\t\t\t\t\t<div class=\"col-xl-12 offset-xl-0 col-12\">\r\n\r\n\t\t\t\t\t\t\t\t\t\t\t\t\t<div class=\"referenze-detail referenze-detail__image\">\r\n\t\t\t\t\t\t\t\t<img loading=\"lazy\" decoding=\"async\" width=\"1707\" height=\"2560\" src=\"https:\/\/www.mareiner.com\/wp-content\/uploads\/2024\/01\/EFH_Gloger_VESUV-Lamellen-Designplatten_Mareiner-c-Toni-Muhr-112-scaled.jpg\" class=\"attachment-full size-full\" alt=\"Fassade eines modernen Einfamilienhauses mit vertikalen Holzlamellen aus Piz Bernina Lava, kombiniert mit wei\u00dfen Wandfl\u00e4chen und dunklen Rahmen. Im Vordergrund bl\u00fchender Garten mit niedriger Natursteinmauer.\" srcset=\"https:\/\/www.mareiner.com\/wp-content\/uploads\/2024\/01\/EFH_Gloger_VESUV-Lamellen-Designplatten_Mareiner-c-Toni-Muhr-112-scaled.jpg 1707w, https:\/\/www.mareiner.com\/wp-content\/uploads\/2024\/01\/EFH_Gloger_VESUV-Lamellen-Designplatten_Mareiner-c-Toni-Muhr-112-200x300.jpg 200w, https:\/\/www.mareiner.com\/wp-content\/uploads\/2024\/01\/EFH_Gloger_VESUV-Lamellen-Designplatten_Mareiner-c-Toni-Muhr-112-683x1024.jpg 683w, https:\/\/www.mareiner.com\/wp-content\/uploads\/2024\/01\/EFH_Gloger_VESUV-Lamellen-Designplatten_Mareiner-c-Toni-Muhr-112-768x1152.jpg 768w, https:\/\/www.mareiner.com\/wp-content\/uploads\/2024\/01\/EFH_Gloger_VESUV-Lamellen-Designplatten_Mareiner-c-Toni-Muhr-112-1024x1536.jpg 1024w, https:\/\/www.mareiner.com\/wp-content\/uploads\/2024\/01\/EFH_Gloger_VESUV-Lamellen-Designplatten_Mareiner-c-Toni-Muhr-112-1365x2048.jpg 1365w, https:\/\/www.mareiner.com\/wp-content\/uploads\/2024\/01\/EFH_Gloger_VESUV-Lamellen-Designplatten_Mareiner-c-Toni-Muhr-112-1000x1500.jpg 1000w\" sizes=\"auto, (max-width: 1707px) 100vw, 1707px\" \/>\t\t\t\t\t\t\t<\/div>\r\n\t\t\t\t\t\t\r\n\t\t\t\t\t<\/div>\r\n\t\t\t\t<\/div>\r\n\r\n\t\t\t\r\n\t\t<\/div>\r\n\r\n\t<\/div>\r\n<\/div>","protected":false},"featured_media":8011,"menu_order":71,"template":"","kategorie_referenzen":[154],"anwendungsbereich":[227,141,224,142,143],"veredelung":[234,223,146],"holzart":[151,152],"architekturart":[],"class_list":["post-10237","referenzen","type-referenzen","status-publish","has-post-thumbnail","hentry","kategorie_referenzen-residential-construction","anwendungsbereich-design-panels","anwendungsbereich-facade","anwendungsbereich-furniture-and-shop-fitting","anwendungsbereich-terrace","anwendungsbereich-wall","veredelung-oiled","veredelung-planed","veredelung-burnt","holzart-larch","holzart-pine"],"acf":[],"_links":{"self":[{"href":"https:\/\/www.mareiner.com\/en\/wp-json\/wp\/v2\/referenzen\/10237","targetHints":{"allow":["GET"]}}],"collection":[{"href":"https:\/\/www.mareiner.com\/en\/wp-json\/wp\/v2\/referenzen"}],"about":[{"href":"https:\/\/www.mareiner.com\/en\/wp-json\/wp\/v2\/types\/referenzen"}],"version-history":[{"count":1,"href":"https:\/\/www.mareiner.com\/en\/wp-json\/wp\/v2\/referenzen\/10237\/revisions"}],"predecessor-version":[{"id":10245,"href":"https:\/\/www.mareiner.com\/en\/wp-json\/wp\/v2\/referenzen\/10237\/revisions\/10245"}],"wp:featuredmedia":[{"embeddable":true,"href":"https:\/\/www.mareiner.com\/en\/wp-json\/wp\/v2\/media\/8011"}],"wp:attachment":[{"href":"https:\/\/www.mareiner.com\/en\/wp-json\/wp\/v2\/media?parent=10237"}],"wp:term":[{"taxonomy":"kategorie_referenzen","embeddable":true,"href":"https:\/\/www.mareiner.com\/en\/wp-json\/wp\/v2\/kategorie_referenzen?post=10237"},{"taxonomy":"anwendungsbereich","embeddable":true,"href":"https:\/\/www.mareiner.com\/en\/wp-json\/wp\/v2\/anwendungsbereich?post=10237"},{"taxonomy":"veredelung","embeddable":true,"href":"https:\/\/www.mareiner.com\/en\/wp-json\/wp\/v2\/veredelung?post=10237"},{"taxonomy":"holzart","embeddable":true,"href":"https:\/\/www.mareiner.com\/en\/wp-json\/wp\/v2\/holzart?post=10237"},{"taxonomy":"architekturart","embeddable":true,"href":"https:\/\/www.mareiner.com\/en\/wp-json\/wp\/v2\/architekturart?post=10237"}],"curies":[{"name":"wp","href":"https:\/\/api.w.org\/{rel}","templated":true}]}}