
{"id":10246,"date":"2021-08-26T14:21:38","date_gmt":"2021-08-26T12:21:38","guid":{"rendered":"https:\/\/www.mareiner.com\/inspiration\/privathaus-weber\/"},"modified":"2025-02-24T15:43:13","modified_gmt":"2025-02-24T14:43:13","slug":"private-house-weber","status":"publish","type":"referenzen","link":"https:\/\/www.mareiner.com\/en\/inspiration\/private-house-weber\/","title":{"rendered":"Private house Weber"},"content":{"rendered":"\r\n<div id=\"block_657d9a43c754a98c7126726c189526d7\" class=\"referenze-detail-block alignfull\">\r\n\t<div class=\"row\">\r\n\r\n\t\t<div class=\"col-xl-6 col-12\">\r\n\r\n\t\t\t\r\n\t\t\t\t<div class=\"row\">\r\n\t\t\t\t\t<div class=\"col-xl-12 col-12\">\r\n\r\n\t\t\t\t\t\t\t\t\t\t\t\t\t<div class=\"referenze-detail referenze-detail__detail-text\">\r\n\t\t\t\t\t\t\t\t<p><strong>Product:<\/strong> <a href=\"https:\/\/www.mareiner.com\/en\/produkte\/gran-paradiso-212\/\" target=\"_blank\" rel=\"noopener\">Gran Paradiso 212\u00b0<\/a> with band-saw cut &amp; pre-weathered<br \/>\n<strong>Planning: <\/strong><a href=\"https:\/\/weber-wohndesign.at\/\">Weber Wohndesign &amp; Tischlerei<\/a><br \/>\n<strong>Photography Rights:<\/strong> Mareiner Holz \u00a9 Katarina Pashkovskaya<br \/>\n<strong data-start=\"190\" data-end=\"210\">Project Address:<\/strong> Lower Austria, Austria<\/p>\n\t\t\t\t\t\t\t<\/div>\r\n\t\t\t\t\t\t\r\n\t\t\t\t\t<\/div>\r\n\t\t\t\t<\/div>\r\n\r\n\t\t\t\r\n\t\t\t\t<div class=\"row\">\r\n\t\t\t\t\t<div class=\"col-xl-8 col-12\">\r\n\r\n\t\t\t\t\t\t\t\t\t\t\t\t\t<div class=\"referenze-detail referenze-detail__image\">\r\n\t\t\t\t\t\t\t\t<img loading=\"lazy\" decoding=\"async\" width=\"600\" height=\"900\" src=\"https:\/\/www.mareiner.com\/wp-content\/uploads\/2021\/08\/Privathaus-Pernitz-NOe_Mareiner-Holz-c-Katarina-Pashkovskaya-40.jpg\" class=\"attachment-full size-full\" alt=\"Modernes Einfamilienhaus mit klarer Linienf\u00fchrung und einer Fassade aus Gran Paradiso 212\u00b0 Holz mit Bands\u00e4geschnitt, vorvergraut. Die obere Etage ist mit grauer Holzverschalung verkleidet, w\u00e4hrend das Erdgeschoss in wei\u00dfem Putz gehalten ist. Eine Rampe f\u00fchrt zur oberen Etage, das Haus steht auf einem gepflegten Grundst\u00fcck mit gr\u00fcnem Rasen.\" srcset=\"https:\/\/www.mareiner.com\/wp-content\/uploads\/2021\/08\/Privathaus-Pernitz-NOe_Mareiner-Holz-c-Katarina-Pashkovskaya-40.jpg 600w, https:\/\/www.mareiner.com\/wp-content\/uploads\/2021\/08\/Privathaus-Pernitz-NOe_Mareiner-Holz-c-Katarina-Pashkovskaya-40-200x300.jpg 200w\" sizes=\"auto, (max-width: 600px) 100vw, 600px\" \/>\t\t\t\t\t\t\t<\/div>\r\n\t\t\t\t\t\t\r\n\t\t\t\t\t<\/div>\r\n\t\t\t\t<\/div>\r\n\r\n\t\t\t\r\n\t\t\t\t<div class=\"row\">\r\n\t\t\t\t\t<div class=\"col-xl-12 col-12\">\r\n\r\n\t\t\t\t\t\t\t\t\t\t\t\t\t<div class=\"referenze-detail referenze-detail__text\">\r\n\t\t\t\t\t\t\t\t<p>After several consultation sessions with wood experts from Mareiner, the Weber family decided on a spruce facade from our workshop for their contemporary two-generation home. They also chose to have the tongue-and-groove planks treated at 212\u00b0C coated with a matte wood stain from Jotun Trebitt in the steel-gray shade VM 616. The result, covering over 500m\u00b2, is a facade that looks fully plastered from a distance\u2014yet, upon closer inspection, proves to be sustainably constructed.<\/p>\n\t\t\t\t\t\t\t<\/div>\r\n\t\t\t\t\t\t\r\n\t\t\t\t\t<\/div>\r\n\t\t\t\t<\/div>\r\n\r\n\t\t\t\r\n\t\t\t\t<div class=\"row\">\r\n\t\t\t\t\t<div class=\"col-xl-10 col-12\">\r\n\r\n\t\t\t\t\t\t\t\t\t\t\t\t\t<div class=\"referenze-detail referenze-detail__image\">\r\n\t\t\t\t\t\t\t\t<img loading=\"lazy\" decoding=\"async\" width=\"900\" height=\"600\" src=\"https:\/\/www.mareiner.com\/wp-content\/uploads\/2021\/08\/Privathaus-Pernitz-NOe_Mareiner-Holz-c-Katarina-Pashkovskaya-19.jpg\" class=\"attachment-full size-full\" alt=\"Modern gestalteter Wohn-Essbereich in einem Privathaus mit gro\u00dfer Fensterfront und Panoramablick ins Gr\u00fcne. Die R\u00fcckwand des Essbereichs ist mit warmem Holz \u2013 Gran Paradiso \u2013 gestaltet, erg\u00e4nzt durch eine gem\u00fctliche Eckbank und moderne H\u00e4ngelampen. In der Fensterlaibung ist eine gem\u00fctliche Sitznische mit roten Kissen integriert.\" srcset=\"https:\/\/www.mareiner.com\/wp-content\/uploads\/2021\/08\/Privathaus-Pernitz-NOe_Mareiner-Holz-c-Katarina-Pashkovskaya-19.jpg 900w, https:\/\/www.mareiner.com\/wp-content\/uploads\/2021\/08\/Privathaus-Pernitz-NOe_Mareiner-Holz-c-Katarina-Pashkovskaya-19-300x200.jpg 300w, https:\/\/www.mareiner.com\/wp-content\/uploads\/2021\/08\/Privathaus-Pernitz-NOe_Mareiner-Holz-c-Katarina-Pashkovskaya-19-768x512.jpg 768w\" sizes=\"auto, (max-width: 900px) 100vw, 900px\" \/>\t\t\t\t\t\t\t<\/div>\r\n\t\t\t\t\t\t\r\n\t\t\t\t\t<\/div>\r\n\t\t\t\t<\/div>\r\n\r\n\t\t\t\t\t\r\n\t\t<\/div>\r\n\r\n\t\t<div class=\"col-xl-6 col-12\">\r\n\r\n\t\t\t\r\n\t\t\t\t<div class=\"row\">\r\n\r\n\t\t\t\t\t<div class=\"col-xl-10 offset-xl-2 col-12\">\r\n\r\n\t\t\t\t\t\t\t\t\t\t\t\t\t<div class=\"referenze-detail referenze-detail__image\">\r\n\t\t\t\t\t\t\t\t<img loading=\"lazy\" decoding=\"async\" width=\"900\" height=\"600\" src=\"https:\/\/www.mareiner.com\/wp-content\/uploads\/2021\/08\/Privathaus-Pernitz-NOe_Mareiner-Holz-c-Katarina-Pashkovskaya-2.jpg\" class=\"attachment-full size-full\" alt=\"Gem\u00fctliche Sitzecke in einem modern eingerichteten Wohnraum mit rustikaler Holzverkleidung \u2013 Gran Paradiso \u2013 an der Wand. Die gro\u00dfe Fensterlaibung ist mit grauem Polster und leuchtend roten Kissen ausgestattet und bietet einen Ausblick auf eine h\u00fcgelige Landschaft. Eine rote Polsterstuhl setzt einen farblichen Akzent.\" srcset=\"https:\/\/www.mareiner.com\/wp-content\/uploads\/2021\/08\/Privathaus-Pernitz-NOe_Mareiner-Holz-c-Katarina-Pashkovskaya-2.jpg 900w, https:\/\/www.mareiner.com\/wp-content\/uploads\/2021\/08\/Privathaus-Pernitz-NOe_Mareiner-Holz-c-Katarina-Pashkovskaya-2-300x200.jpg 300w, https:\/\/www.mareiner.com\/wp-content\/uploads\/2021\/08\/Privathaus-Pernitz-NOe_Mareiner-Holz-c-Katarina-Pashkovskaya-2-768x512.jpg 768w\" sizes=\"auto, (max-width: 900px) 100vw, 900px\" \/>\t\t\t\t\t\t\t<\/div>\r\n\t\t\t\t\t\t\r\n\t\t\t\t\t<\/div>\r\n\t\t\t\t<\/div>\r\n\r\n\t\t\t\r\n\t\t\t\t<div class=\"row\">\r\n\r\n\t\t\t\t\t<div class=\"col-xl-12 offset-xl-0 col-12\">\r\n\r\n\t\t\t\t\t\t\t\t\t\t\t\t\t<div class=\"referenze-detail referenze-detail__quote\">\r\n\t\t\t\t\t\t\t\t<div class=\"referenze-quote text-center\">\r\n\t\t\t\t\t\t\t\t\t<div class=\"referenze-quote__symbol\">\r\n\t\t\t\t\t\t\t\t\t\t<svg xmlns=\"http:\/\/www.w3.org\/2000\/svg\" xmlns:xlink=\"http:\/\/www.w3.org\/1999\/xlink\" width=\"37.254\" height=\"29.278\" viewBox=\"0 0 37.254 29.278\"><defs><clipPath id=\"a\"><path d=\"M0,0H37.254V-29.278H0Z\" fill=\"#473729\"\/><\/clipPath><\/defs><g transform=\"translate(0 29.278)\" clip-path=\"url(#a)\"><g transform=\"translate(27.537 -29.278)\"><path d=\"M0,0C-4.922,0-6.057,3.281-6.057,5.174A3.347,3.347,0,0,0-2.65,8.708a6.926,6.926,0,0,1,6.31,7.067c0,5.174-4.922,8.707-9.591,10.853a1.865,1.865,0,0,0,.883,2.65C2.9,26.88,9.591,20.823,9.717,12.115,9.717,5.553,5.174,0,0,0M-21.327,0c-4.922,0-6.058,3.281-6.058,5.174a3.347,3.347,0,0,0,3.407,3.534,6.926,6.926,0,0,1,6.31,7.067c0,5.174-4.921,8.707-9.591,10.853a1.864,1.864,0,0,0,.884,2.65c7.95-2.4,14.639-8.455,14.765-17.163C-11.61,5.553-16.153,0-21.327,0\" fill=\"#473729\"\/><\/g><\/g><\/svg>\r\n\t\t\t\t\t\t\t\t\t<\/div>\r\n\t\t\t\t\t\t\t\t\t<div class=\"referenze-quote__text\">\r\n\t\t\t\t\t\t\t\t\t\tOur goal is to provide individual solutions for various personalities that bring long-lasting joy. With the products from Mareiner, this is excellently achieved.<br \/>\r\n\t\t\t\t\t\t\t\t\t<\/div>\r\n\t\t\t\t\t\t\t\t\t<div class=\"referenze-quote__author\">\r\n\t\t\t\t\t\t\t\t\t\tFam. Weber\t\t\t\t\t\t\t\t\t<\/div>\r\n\t\t\t\t\t\t\t\t<\/div>\r\n\t\t\t\t\t\t\t<\/div>\r\n\t\t\t\t\t\t\r\n\t\t\t\t\t<\/div>\r\n\t\t\t\t<\/div>\r\n\r\n\t\t\t\r\n\t\t\t\t<div class=\"row\">\r\n\r\n\t\t\t\t\t<div class=\"col-xl-12 offset-xl-0 col-12\">\r\n\r\n\t\t\t\t\t\t\t\t\t\t\t\t\t<div class=\"referenze-detail referenze-detail__image\">\r\n\t\t\t\t\t\t\t\t<img loading=\"lazy\" decoding=\"async\" width=\"900\" height=\"600\" src=\"https:\/\/www.mareiner.com\/wp-content\/uploads\/2021\/08\/Privathaus-Pernitz-NOe_Mareiner-Holz-c-Katarina-Pashkovskaya-56.jpg\" class=\"attachment-full size-full\" alt=\"Stra\u00dfenseitige Ansicht eines modernen, eingeschossigen Wohnhauses mit flacher Dachform. Die Fassade ist mit vertikalen Holzpaneelen in Grau gestaltet, erg\u00e4nzt durch Sichtbetonelemente im Eingangs- und Carportbereich. Das Produkt an der Fassade ist \u201eGran Paradiso 212\u00b0 mit Bands\u00e4geschnitt &amp; vorvergraut\u201c.\" srcset=\"https:\/\/www.mareiner.com\/wp-content\/uploads\/2021\/08\/Privathaus-Pernitz-NOe_Mareiner-Holz-c-Katarina-Pashkovskaya-56.jpg 900w, https:\/\/www.mareiner.com\/wp-content\/uploads\/2021\/08\/Privathaus-Pernitz-NOe_Mareiner-Holz-c-Katarina-Pashkovskaya-56-300x200.jpg 300w, https:\/\/www.mareiner.com\/wp-content\/uploads\/2021\/08\/Privathaus-Pernitz-NOe_Mareiner-Holz-c-Katarina-Pashkovskaya-56-768x512.jpg 768w\" sizes=\"auto, (max-width: 900px) 100vw, 900px\" \/>\t\t\t\t\t\t\t<\/div>\r\n\t\t\t\t\t\t\r\n\t\t\t\t\t<\/div>\r\n\t\t\t\t<\/div>\r\n\r\n\t\t\t\r\n\t\t<\/div>\r\n\r\n\t<\/div>\r\n<\/div>","protected":false},"featured_media":1952,"menu_order":72,"template":"","kategorie_referenzen":[154],"anwendungsbereich":[227,141,143],"veredelung":[145,149],"holzart":[150,151],"architekturart":[],"class_list":["post-10246","referenzen","type-referenzen","status-publish","has-post-thumbnail","hentry","kategorie_referenzen-residential-construction","anwendungsbereich-design-panels","anwendungsbereich-facade","anwendungsbereich-wall","veredelung-bandsaw-cut","veredelung-thermically-treated","holzart-spruce","holzart-larch"],"acf":[],"_links":{"self":[{"href":"https:\/\/www.mareiner.com\/en\/wp-json\/wp\/v2\/referenzen\/10246","targetHints":{"allow":["GET"]}}],"collection":[{"href":"https:\/\/www.mareiner.com\/en\/wp-json\/wp\/v2\/referenzen"}],"about":[{"href":"https:\/\/www.mareiner.com\/en\/wp-json\/wp\/v2\/types\/referenzen"}],"version-history":[{"count":1,"href":"https:\/\/www.mareiner.com\/en\/wp-json\/wp\/v2\/referenzen\/10246\/revisions"}],"predecessor-version":[{"id":10251,"href":"https:\/\/www.mareiner.com\/en\/wp-json\/wp\/v2\/referenzen\/10246\/revisions\/10251"}],"wp:featuredmedia":[{"embeddable":true,"href":"https:\/\/www.mareiner.com\/en\/wp-json\/wp\/v2\/media\/1952"}],"wp:attachment":[{"href":"https:\/\/www.mareiner.com\/en\/wp-json\/wp\/v2\/media?parent=10246"}],"wp:term":[{"taxonomy":"kategorie_referenzen","embeddable":true,"href":"https:\/\/www.mareiner.com\/en\/wp-json\/wp\/v2\/kategorie_referenzen?post=10246"},{"taxonomy":"anwendungsbereich","embeddable":true,"href":"https:\/\/www.mareiner.com\/en\/wp-json\/wp\/v2\/anwendungsbereich?post=10246"},{"taxonomy":"veredelung","embeddable":true,"href":"https:\/\/www.mareiner.com\/en\/wp-json\/wp\/v2\/veredelung?post=10246"},{"taxonomy":"holzart","embeddable":true,"href":"https:\/\/www.mareiner.com\/en\/wp-json\/wp\/v2\/holzart?post=10246"},{"taxonomy":"architekturart","embeddable":true,"href":"https:\/\/www.mareiner.com\/en\/wp-json\/wp\/v2\/architekturart?post=10246"}],"curies":[{"name":"wp","href":"https:\/\/api.w.org\/{rel}","templated":true}]}}