
{"id":10254,"date":"2021-08-25T16:22:25","date_gmt":"2021-08-25T14:22:25","guid":{"rendered":"https:\/\/www.mareiner.com\/inspiration\/hotel-essigmanngut\/"},"modified":"2025-02-24T15:56:23","modified_gmt":"2025-02-24T14:56:23","slug":"hotel-essigmanngut","status":"publish","type":"referenzen","link":"https:\/\/www.mareiner.com\/en\/inspiration\/hotel-essigmanngut\/","title":{"rendered":"Boutiquehotel Am Essigmanngut"},"content":{"rendered":"\r\n<div id=\"block_98c3593c53ce21df63e3739768045a9d\" class=\"referenze-detail-block alignfull\">\r\n\t<div class=\"row\">\r\n\r\n\t\t<div class=\"col-xl-6 col-12\">\r\n\r\n\t\t\t\r\n\t\t\t\t<div class=\"row\">\r\n\t\t\t\t\t<div class=\"col-xl-12 col-12\">\r\n\r\n\t\t\t\t\t\t\t\t\t\t\t\t\t<div class=\"referenze-detail referenze-detail__detail-text\">\r\n\t\t\t\t\t\t\t\t<p><strong>Product:<\/strong>\u00a0<a href=\"https:\/\/www.mareiner.com\/en\/produkte\/gran-paradiso-212\/\" target=\"_blank\" rel=\"noopener\">Gran paradiso 212\u00b0<\/a><br \/>\n<strong>Architecture:<\/strong> <a href=\"https:\/\/www.4juu.at\">Architekt Karl Gruber, 4juu Architekten<\/a><br \/>\n<strong>Photography:<\/strong> Mareiner Holz \u00a9 Katarina Pashkovskaya<br \/>\n<strong data-start=\"175\" data-end=\"195\">Project Address:<\/strong> Salzburg, Austria<\/p>\n\t\t\t\t\t\t\t<\/div>\r\n\t\t\t\t\t\t\r\n\t\t\t\t\t<\/div>\r\n\t\t\t\t<\/div>\r\n\r\n\t\t\t\r\n\t\t\t\t<div class=\"row\">\r\n\t\t\t\t\t<div class=\"col-xl-8 col-12\">\r\n\r\n\t\t\t\t\t\t\t\t\t\t\t\t\t<div class=\"referenze-detail referenze-detail__image\">\r\n\t\t\t\t\t\t\t\t<img loading=\"lazy\" decoding=\"async\" width=\"667\" height=\"1000\" src=\"https:\/\/www.mareiner.com\/wp-content\/uploads\/2021\/08\/web_Essigmanngut_MH_Salzburg-228.jpg\" class=\"attachment-full size-full\" alt=\"Eingangsbereich des Hotels \u201eDas Essigmanngut\u201c in Salzburg mit modernem Empfangsschild im Vordergrund. Dahinter das Hotelgeb\u00e4ude mit vertikaler Holzfassade aus Mareiner Holz und beeindruckendem Bergpanorama im Hintergrund.\" srcset=\"https:\/\/www.mareiner.com\/wp-content\/uploads\/2021\/08\/web_Essigmanngut_MH_Salzburg-228.jpg 667w, https:\/\/www.mareiner.com\/wp-content\/uploads\/2021\/08\/web_Essigmanngut_MH_Salzburg-228-200x300.jpg 200w\" sizes=\"auto, (max-width: 667px) 100vw, 667px\" \/>\t\t\t\t\t\t\t<\/div>\r\n\t\t\t\t\t\t\r\n\t\t\t\t\t<\/div>\r\n\t\t\t\t<\/div>\r\n\r\n\t\t\t\r\n\t\t\t\t<div class=\"row\">\r\n\t\t\t\t\t<div class=\"col-xl-12 col-12\">\r\n\r\n\t\t\t\t\t\t\t\t\t\t\t\t\t<div class=\"referenze-detail referenze-detail__text\">\r\n\t\t\t\t\t\t\t\t<p data-start=\"0\" data-end=\"148\">Inside, Gran Paradiso from our panel family provides the kitsch-free yet cozy comfort that the builders and hosts at Essigmanngut had envisioned.<\/p>\n<p data-start=\"150\" data-end=\"589\" data-is-last-node=\"\" data-is-only-node=\"\">An impression of the interior is already conveyed by the building envelope, which <a href=\"https:\/\/www.4juu.at\/\" target=\"_blank\" rel=\"noopener\">Karl Gruber<\/a> had executed in Gran Paradiso: Thermally treated spruce at 212\u00b0, with smooth edges in varying widths and smoothly planed. For the surface treatment \u2013 a dark brown stain \u2013 the wonderful master carpenter and timber construction technician <a href=\"https:\/\/www.cg-holzbau.at\/\" target=\"_blank\" rel=\"noopener\">Christian Groismaier<\/a>, who was entrusted with the phenomenal one-man-show implementation, took care of it.<\/p>\n\t\t\t\t\t\t\t<\/div>\r\n\t\t\t\t\t\t\r\n\t\t\t\t\t<\/div>\r\n\t\t\t\t<\/div>\r\n\r\n\t\t\t\r\n\t\t\t\t<div class=\"row\">\r\n\t\t\t\t\t<div class=\"col-xl-10 col-12\">\r\n\r\n\t\t\t\t\t\t\t\t\t\t\t\t\t<div class=\"referenze-detail referenze-detail__image\">\r\n\t\t\t\t\t\t\t\t<img loading=\"lazy\" decoding=\"async\" width=\"1000\" height=\"667\" src=\"https:\/\/www.mareiner.com\/wp-content\/uploads\/2021\/08\/web_Hotel-Essigmanngut_AWP-Mont-Blanc_Mareiner-Holz-c-Katarina-Pashkovskaya-1.jpg\" class=\"attachment-full size-full\" alt=\"Modern gestalteter Loungebereich im Hotel Essigmanngut in Salzburg mit vollst\u00e4ndig in Mareiner Mont Blanc Alpine Wandpaneelen verkleideten W\u00e4nden und Decken. Die U-f\u00f6rmige Sitzbank ist mit blaugrauen Polstern versehen.\" srcset=\"https:\/\/www.mareiner.com\/wp-content\/uploads\/2021\/08\/web_Hotel-Essigmanngut_AWP-Mont-Blanc_Mareiner-Holz-c-Katarina-Pashkovskaya-1.jpg 1000w, https:\/\/www.mareiner.com\/wp-content\/uploads\/2021\/08\/web_Hotel-Essigmanngut_AWP-Mont-Blanc_Mareiner-Holz-c-Katarina-Pashkovskaya-1-300x200.jpg 300w, https:\/\/www.mareiner.com\/wp-content\/uploads\/2021\/08\/web_Hotel-Essigmanngut_AWP-Mont-Blanc_Mareiner-Holz-c-Katarina-Pashkovskaya-1-768x512.jpg 768w\" sizes=\"auto, (max-width: 1000px) 100vw, 1000px\" \/>\t\t\t\t\t\t\t<\/div>\r\n\t\t\t\t\t\t\r\n\t\t\t\t\t<\/div>\r\n\t\t\t\t<\/div>\r\n\r\n\t\t\t\r\n\t\t\t\t<div class=\"row\">\r\n\t\t\t\t\t<div class=\"col-xl-12 col-12\">\r\n\r\n\t\t\t\t\t\t\t\t\t\t\t\t\t<div class=\"referenze-detail referenze-detail__link-box\">\r\n\t\t\t\t\t\t\t\t<div class=\"referenze-detail__linkbox__wrapper\">\r\n\t\t\t\t\t\t\t\t\t<div class=\"referenze-detail__linkbox__image\">\r\n\t\t\t\t\t\t\t\t\t\t<img loading=\"lazy\" decoding=\"async\" width=\"600\" height=\"400\" src=\"https:\/\/www.mareiner.com\/wp-content\/uploads\/2021\/08\/GranParadiso-212-gebuerstet.jpg\" class=\"attachment-full size-full\" alt=\"Nahaufnahme einer geb\u00fcrsteten Holzoberfl\u00e4che des Typs &quot;Gran Paradiso 212&quot; von Mareiner Holz. Die strukturierte Maserung und die nat\u00fcrlichen Astl\u00f6cher sind gleichm\u00e4\u00dfig \u00fcber das mittelbraune, seidenmatt wirkende Holz verteilt, was dem Material eine warme und lebendige Anmutung verleiht.\" srcset=\"https:\/\/www.mareiner.com\/wp-content\/uploads\/2021\/08\/GranParadiso-212-gebuerstet.jpg 600w, https:\/\/www.mareiner.com\/wp-content\/uploads\/2021\/08\/GranParadiso-212-gebuerstet-300x200.jpg 300w\" sizes=\"auto, (max-width: 600px) 100vw, 600px\" \/>\t\t\t\t\t\t\t\t\t\t<div class=\"referenze-detail__linkbox__overlay\">\r\n\t\t\t\t\t\t\t\t\t\t\t<h5 class=\"referenze-detail__linkbox__overlay__title\">Gran Paradiso 212\u00b0<\/h5>\r\n\t\t\t\t\t\t\t\t\t\t\t<div class=\"referenze-detail__linkbox__overlay__subtitle\">\r\n\t\t\t\t\t\t\t\t\t\t\t\tBrushed\t\t\t\t\t\t\t\t\t\t\t<\/div>\r\n\t\t\t\t\t\t\t\t\t\t\t<a href=\"https:\/\/www.mareiner.com\/en\/produkte\/gran-paradiso-212\/\" target=\"_blank\" class=\"btn btn-light\">TO THE PRODUCT<\/a>\r\n\t\t\t\t\t\t\t\t\t\t<\/div>\r\n\t\t\t\t\t\t\t\t\t<\/div>\r\n\t\t\t\t\t\t\t\t<\/div>\r\n\t\t\t\t\t\t\t<\/div>\r\n\t\t\t\t\t\t\r\n\t\t\t\t\t<\/div>\r\n\t\t\t\t<\/div>\r\n\r\n\t\t\t\r\n\t\t\t\t<div class=\"row\">\r\n\t\t\t\t\t<div class=\"col-xl-12 col-12\">\r\n\r\n\t\t\t\t\t\t\t\t\t\t\t\t\t<div class=\"referenze-detail referenze-detail__image\">\r\n\t\t\t\t\t\t\t\t<img loading=\"lazy\" decoding=\"async\" width=\"1000\" height=\"667\" src=\"https:\/\/www.mareiner.com\/wp-content\/uploads\/2021\/08\/web_Hotel-Essigmanngut_AWP-Gran-Paradiso_Mareiner-Holz-c-Katarina-Pashkovskaya-17.jpg\" class=\"attachment-full size-full\" alt=\"Moderner Hotel-Restaurantbereich mit decken- und wandverkleidetem Gran Paradiso 212\u00b0 Holz von Mareiner. Gro\u00dfe Glasfronten bieten Blick ins Gr\u00fcne. Elegante M\u00f6blierung mit schwarzen Sesseln, rosa St\u00fchlen und zentralem Regalmodul.\" srcset=\"https:\/\/www.mareiner.com\/wp-content\/uploads\/2021\/08\/web_Hotel-Essigmanngut_AWP-Gran-Paradiso_Mareiner-Holz-c-Katarina-Pashkovskaya-17.jpg 1000w, https:\/\/www.mareiner.com\/wp-content\/uploads\/2021\/08\/web_Hotel-Essigmanngut_AWP-Gran-Paradiso_Mareiner-Holz-c-Katarina-Pashkovskaya-17-300x200.jpg 300w, https:\/\/www.mareiner.com\/wp-content\/uploads\/2021\/08\/web_Hotel-Essigmanngut_AWP-Gran-Paradiso_Mareiner-Holz-c-Katarina-Pashkovskaya-17-768x512.jpg 768w\" sizes=\"auto, (max-width: 1000px) 100vw, 1000px\" \/>\t\t\t\t\t\t\t<\/div>\r\n\t\t\t\t\t\t\r\n\t\t\t\t\t<\/div>\r\n\t\t\t\t<\/div>\r\n\r\n\t\t\t\r\n\t\t\t\t<div class=\"row\">\r\n\t\t\t\t\t<div class=\"col-xl-10 col-12\">\r\n\r\n\t\t\t\t\t\t\t\t\t\t\t\t\t<div class=\"referenze-detail referenze-detail__image\">\r\n\t\t\t\t\t\t\t\t<img loading=\"lazy\" decoding=\"async\" width=\"1000\" height=\"666\" src=\"https:\/\/www.mareiner.com\/wp-content\/uploads\/2021\/08\/web_Hotel-Essigmanngut_AWP-Gran-Paradiso_Mareiner-Holz-c-Katarina-Pashkovskaya-24.jpg\" class=\"attachment-full size-full\" alt=\"Helle Hotel-Lounge mit W\u00e4nden aus Mareiner Gran Paradiso 212\u00b0 Holz. Im Vordergrund ein Glas-Kamin, dahinter eine Sitznische mit Tisch und Pflanze. Rechts moderne Rezeption mit runder Wanddeko und H\u00e4ngeleuchten.\" srcset=\"https:\/\/www.mareiner.com\/wp-content\/uploads\/2021\/08\/web_Hotel-Essigmanngut_AWP-Gran-Paradiso_Mareiner-Holz-c-Katarina-Pashkovskaya-24.jpg 1000w, https:\/\/www.mareiner.com\/wp-content\/uploads\/2021\/08\/web_Hotel-Essigmanngut_AWP-Gran-Paradiso_Mareiner-Holz-c-Katarina-Pashkovskaya-24-300x200.jpg 300w, https:\/\/www.mareiner.com\/wp-content\/uploads\/2021\/08\/web_Hotel-Essigmanngut_AWP-Gran-Paradiso_Mareiner-Holz-c-Katarina-Pashkovskaya-24-768x511.jpg 768w\" sizes=\"auto, (max-width: 1000px) 100vw, 1000px\" \/>\t\t\t\t\t\t\t<\/div>\r\n\t\t\t\t\t\t\r\n\t\t\t\t\t<\/div>\r\n\t\t\t\t<\/div>\r\n\r\n\t\t\t\t\t\r\n\t\t<\/div>\r\n\r\n\t\t<div class=\"col-xl-6 col-12\">\r\n\r\n\t\t\t\r\n\t\t\t\t<div class=\"row\">\r\n\r\n\t\t\t\t\t<div class=\"col-xl-10 offset-xl-2 col-12\">\r\n\r\n\t\t\t\t\t\t\t\t\t\t\t\t\t<div class=\"referenze-detail referenze-detail__image\">\r\n\t\t\t\t\t\t\t\t<img loading=\"lazy\" decoding=\"async\" width=\"667\" height=\"1000\" src=\"https:\/\/www.mareiner.com\/wp-content\/uploads\/2021\/08\/web_Hotel-Essigmanngut_AWP-Mont-Blanc_Mareiner-Holz-c-Katarina-Pashkovskaya-11.jpg\" class=\"attachment-full size-full\" alt=\"Detailansicht einer Sitznische im Hotel Essigmanngut mit Wandverkleidung aus Mareiner Mont Blanc Alpine Wandpaneelen. Zwei metallische Vasen mit Zweigen stehen dekorativ auf der R\u00fcckenlehne einer gepolsterten Bank mit floralen Mustern.\" srcset=\"https:\/\/www.mareiner.com\/wp-content\/uploads\/2021\/08\/web_Hotel-Essigmanngut_AWP-Mont-Blanc_Mareiner-Holz-c-Katarina-Pashkovskaya-11.jpg 667w, https:\/\/www.mareiner.com\/wp-content\/uploads\/2021\/08\/web_Hotel-Essigmanngut_AWP-Mont-Blanc_Mareiner-Holz-c-Katarina-Pashkovskaya-11-200x300.jpg 200w\" sizes=\"auto, (max-width: 667px) 100vw, 667px\" \/>\t\t\t\t\t\t\t<\/div>\r\n\t\t\t\t\t\t\r\n\t\t\t\t\t<\/div>\r\n\t\t\t\t<\/div>\r\n\r\n\t\t\t\r\n\t\t\t\t<div class=\"row\">\r\n\r\n\t\t\t\t\t<div class=\"col-xl-10 offset-xl-2 col-12\">\r\n\r\n\t\t\t\t\t\t\t\t\t\t\t\t\t<div class=\"referenze-detail referenze-detail__link-box\">\r\n\t\t\t\t\t\t\t\t<div class=\"referenze-detail__linkbox__wrapper\">\r\n\t\t\t\t\t\t\t\t\t<div class=\"referenze-detail__linkbox__image\">\r\n\t\t\t\t\t\t\t\t\t\t<img loading=\"lazy\" decoding=\"async\" width=\"1499\" height=\"1000\" src=\"https:\/\/www.mareiner.com\/wp-content\/uploads\/2024\/01\/Mareiner-Gran-Paradiso-212\u00b0_gehackt-024_w.jpg\" class=\"attachment-full size-full\" alt=\"Chopped wood surface with a strong, irregular structure and deep grain. The rustic finish in warm brown gives the wood a striking reclaimed wood look with a handcrafted character.\" srcset=\"https:\/\/www.mareiner.com\/wp-content\/uploads\/2024\/01\/Mareiner-Gran-Paradiso-212\u00b0_gehackt-024_w.jpg 1499w, https:\/\/www.mareiner.com\/wp-content\/uploads\/2024\/01\/Mareiner-Gran-Paradiso-212\u00b0_gehackt-024_w-300x200.jpg 300w, https:\/\/www.mareiner.com\/wp-content\/uploads\/2024\/01\/Mareiner-Gran-Paradiso-212\u00b0_gehackt-024_w-1024x683.jpg 1024w, https:\/\/www.mareiner.com\/wp-content\/uploads\/2024\/01\/Mareiner-Gran-Paradiso-212\u00b0_gehackt-024_w-768x512.jpg 768w, https:\/\/www.mareiner.com\/wp-content\/uploads\/2024\/01\/Mareiner-Gran-Paradiso-212\u00b0_gehackt-024_w-1000x667.jpg 1000w\" sizes=\"auto, (max-width: 1499px) 100vw, 1499px\" \/>\t\t\t\t\t\t\t\t\t\t<div class=\"referenze-detail__linkbox__overlay\">\r\n\t\t\t\t\t\t\t\t\t\t\t<h5 class=\"referenze-detail__linkbox__overlay__title\">Gran Paradiso 212\u00b0 <\/h5>\r\n\t\t\t\t\t\t\t\t\t\t\t<div class=\"referenze-detail__linkbox__overlay__subtitle\">\r\n\t\t\t\t\t\t\t\t\t\t\t\tHacked\t\t\t\t\t\t\t\t\t\t\t<\/div>\r\n\t\t\t\t\t\t\t\t\t\t\t<a href=\"https:\/\/www.mareiner.com\/en\/produkte\/gran-paradiso-212\/\" target=\"_blank\" class=\"btn btn-light\">TO THE PRODUCT<\/a>\r\n\t\t\t\t\t\t\t\t\t\t<\/div>\r\n\t\t\t\t\t\t\t\t\t<\/div>\r\n\t\t\t\t\t\t\t\t<\/div>\r\n\t\t\t\t\t\t\t<\/div>\r\n\t\t\t\t\t\t\r\n\t\t\t\t\t<\/div>\r\n\t\t\t\t<\/div>\r\n\r\n\t\t\t\r\n\t\t\t\t<div class=\"row\">\r\n\r\n\t\t\t\t\t<div class=\"col-xl-10 offset-xl-2 col-12\">\r\n\r\n\t\t\t\t\t\t\t\t\t\t\t\t\t<div class=\"referenze-detail referenze-detail__quote\">\r\n\t\t\t\t\t\t\t\t<div class=\"referenze-quote text-center\">\r\n\t\t\t\t\t\t\t\t\t<div class=\"referenze-quote__symbol\">\r\n\t\t\t\t\t\t\t\t\t\t<svg xmlns=\"http:\/\/www.w3.org\/2000\/svg\" xmlns:xlink=\"http:\/\/www.w3.org\/1999\/xlink\" width=\"37.254\" height=\"29.278\" viewBox=\"0 0 37.254 29.278\"><defs><clipPath id=\"a\"><path d=\"M0,0H37.254V-29.278H0Z\" fill=\"#473729\"\/><\/clipPath><\/defs><g transform=\"translate(0 29.278)\" clip-path=\"url(#a)\"><g transform=\"translate(27.537 -29.278)\"><path d=\"M0,0C-4.922,0-6.057,3.281-6.057,5.174A3.347,3.347,0,0,0-2.65,8.708a6.926,6.926,0,0,1,6.31,7.067c0,5.174-4.922,8.707-9.591,10.853a1.865,1.865,0,0,0,.883,2.65C2.9,26.88,9.591,20.823,9.717,12.115,9.717,5.553,5.174,0,0,0M-21.327,0c-4.922,0-6.058,3.281-6.058,5.174a3.347,3.347,0,0,0,3.407,3.534,6.926,6.926,0,0,1,6.31,7.067c0,5.174-4.921,8.707-9.591,10.853a1.864,1.864,0,0,0,.884,2.65c7.95-2.4,14.639-8.455,14.765-17.163C-11.61,5.553-16.153,0-21.327,0\" fill=\"#473729\"\/><\/g><\/g><\/svg>\r\n\t\t\t\t\t\t\t\t\t<\/div>\r\n\t\t\t\t\t\t\t\t\t<div class=\"referenze-quote__text\">\r\n\t\t\t\t\t\t\t\t\t\t&#8220;Our company philosophy is to listen, observe the surroundings, and individually develop each client&#8217;s dream home. This has also been achieved at the Hotel Am Essigmanngut with wood from Mareiner.&#8221;\t\t\t\t\t\t\t\t\t<\/div>\r\n\t\t\t\t\t\t\t\t\t<div class=\"referenze-quote__author\">\r\n\t\t\t\t\t\t\t\t\t\tDI Karl Gruber, Architect\t\t\t\t\t\t\t\t\t<\/div>\r\n\t\t\t\t\t\t\t\t<\/div>\r\n\t\t\t\t\t\t\t<\/div>\r\n\t\t\t\t\t\t\r\n\t\t\t\t\t<\/div>\r\n\t\t\t\t<\/div>\r\n\r\n\t\t\t\r\n\t\t\t\t<div class=\"row\">\r\n\r\n\t\t\t\t\t<div class=\"col-xl-10 offset-xl-2 col-12\">\r\n\r\n\t\t\t\t\t\t\t\t\t\t\t\t\t<div class=\"referenze-detail referenze-detail__image\">\r\n\t\t\t\t\t\t\t\t<img loading=\"lazy\" decoding=\"async\" width=\"1000\" height=\"667\" src=\"https:\/\/www.mareiner.com\/wp-content\/uploads\/2021\/08\/web_Essigmanngut_MH_Salzburg-85.jpg\" class=\"attachment-full size-full\" alt=\"Balkonansicht des Hotels Essigmanngut in Salzburg mit blick auf eine Holzfassade. Entlang des Balkons stehen kleine Holzsitzgruppen vor den G\u00e4stezimmern. Im Hintergrund weite gr\u00fcne Wiesen und bewaldete H\u00fcgel.\" srcset=\"https:\/\/www.mareiner.com\/wp-content\/uploads\/2021\/08\/web_Essigmanngut_MH_Salzburg-85.jpg 1000w, https:\/\/www.mareiner.com\/wp-content\/uploads\/2021\/08\/web_Essigmanngut_MH_Salzburg-85-300x200.jpg 300w, https:\/\/www.mareiner.com\/wp-content\/uploads\/2021\/08\/web_Essigmanngut_MH_Salzburg-85-768x512.jpg 768w\" sizes=\"auto, (max-width: 1000px) 100vw, 1000px\" \/>\t\t\t\t\t\t\t<\/div>\r\n\t\t\t\t\t\t\r\n\t\t\t\t\t<\/div>\r\n\t\t\t\t<\/div>\r\n\r\n\t\t\t\r\n\t\t<\/div>\r\n\r\n\t<\/div>\r\n<\/div>","protected":false},"featured_media":1822,"menu_order":74,"template":"","kategorie_referenzen":[140],"anwendungsbereich":[226,227,141,224,142,143],"veredelung":[147,148,149],"holzart":[150,151],"architekturart":[],"class_list":["post-10254","referenzen","type-referenzen","status-publish","has-post-thumbnail","hentry","kategorie_referenzen-gastro-and-hotel","anwendungsbereich-ceiling","anwendungsbereich-design-panels","anwendungsbereich-facade","anwendungsbereich-furniture-and-shop-fitting","anwendungsbereich-terrace","anwendungsbereich-wall","veredelung-hacked","veredelung-brushed","veredelung-thermically-treated","holzart-spruce","holzart-larch"],"acf":[],"_links":{"self":[{"href":"https:\/\/www.mareiner.com\/en\/wp-json\/wp\/v2\/referenzen\/10254","targetHints":{"allow":["GET"]}}],"collection":[{"href":"https:\/\/www.mareiner.com\/en\/wp-json\/wp\/v2\/referenzen"}],"about":[{"href":"https:\/\/www.mareiner.com\/en\/wp-json\/wp\/v2\/types\/referenzen"}],"version-history":[{"count":2,"href":"https:\/\/www.mareiner.com\/en\/wp-json\/wp\/v2\/referenzen\/10254\/revisions"}],"predecessor-version":[{"id":10260,"href":"https:\/\/www.mareiner.com\/en\/wp-json\/wp\/v2\/referenzen\/10254\/revisions\/10260"}],"wp:featuredmedia":[{"embeddable":true,"href":"https:\/\/www.mareiner.com\/en\/wp-json\/wp\/v2\/media\/1822"}],"wp:attachment":[{"href":"https:\/\/www.mareiner.com\/en\/wp-json\/wp\/v2\/media?parent=10254"}],"wp:term":[{"taxonomy":"kategorie_referenzen","embeddable":true,"href":"https:\/\/www.mareiner.com\/en\/wp-json\/wp\/v2\/kategorie_referenzen?post=10254"},{"taxonomy":"anwendungsbereich","embeddable":true,"href":"https:\/\/www.mareiner.com\/en\/wp-json\/wp\/v2\/anwendungsbereich?post=10254"},{"taxonomy":"veredelung","embeddable":true,"href":"https:\/\/www.mareiner.com\/en\/wp-json\/wp\/v2\/veredelung?post=10254"},{"taxonomy":"holzart","embeddable":true,"href":"https:\/\/www.mareiner.com\/en\/wp-json\/wp\/v2\/holzart?post=10254"},{"taxonomy":"architekturart","embeddable":true,"href":"https:\/\/www.mareiner.com\/en\/wp-json\/wp\/v2\/architekturart?post=10254"}],"curies":[{"name":"wp","href":"https:\/\/api.w.org\/{rel}","templated":true}]}}