
{"id":10321,"date":"2021-10-13T16:04:38","date_gmt":"2021-10-13T14:04:38","guid":{"rendered":"https:\/\/www.mareiner.com\/inspiration\/semianrzentrum-der-baum\/"},"modified":"2025-02-25T08:58:19","modified_gmt":"2025-02-25T07:58:19","slug":"seminar-center-der-baum","status":"publish","type":"referenzen","link":"https:\/\/www.mareiner.com\/en\/inspiration\/seminar-center-der-baum\/","title":{"rendered":"Seminar Center Der Baum"},"content":{"rendered":"\r\n<div id=\"block_ed4544b780f6a91fab4bc0ea916d3628\" class=\"referenze-detail-block alignfull\">\r\n\t<div class=\"row\">\r\n\r\n\t\t<div class=\"col-xl-6 col-12\">\r\n\r\n\t\t\t\r\n\t\t\t\t<div class=\"row\">\r\n\t\t\t\t\t<div class=\"col-xl-12 col-12\">\r\n\r\n\t\t\t\t\t\t\t\t\t\t\t\t\t<div class=\"referenze-detail referenze-detail__detail-text\">\r\n\t\t\t\t\t\t\t\t<p><strong>Product:<\/strong> <a href=\"https:\/\/www.mareiner.com\/en\/produkte\/zermatt-gris\/\" target=\"_blank\" rel=\"noopener\">Zermatt Gris<\/a>, <a href=\"https:\/\/www.mareiner.com\/en\/produkte\/gstaad\/\" target=\"_blank\" rel=\"noopener\">Gstaad<\/a><br \/>\n<strong>Design Planning: <\/strong>Hubert Baumgartner<br \/>\n<strong>Photo Rights:<\/strong> <a href=\"https:\/\/derbaum.net\/\" target=\"_blank\" rel=\"noopener\">der baum<\/a>, <a href=\"https:\/\/www.stilsicher-floristik.at\/\" target=\"_blank\" rel=\"noopener\">stilsicher-floristik<\/a><br \/>\n<strong>Project Address: <\/strong>Kremstal, Austria<\/p>\n\t\t\t\t\t\t\t<\/div>\r\n\t\t\t\t\t\t\r\n\t\t\t\t\t<\/div>\r\n\t\t\t\t<\/div>\r\n\r\n\t\t\t\r\n\t\t\t\t<div class=\"row\">\r\n\t\t\t\t\t<div class=\"col-xl-8 col-12\">\r\n\r\n\t\t\t\t\t\t\t\t\t\t\t\t\t<div class=\"referenze-detail referenze-detail__image\">\r\n\t\t\t\t\t\t\t\t<img loading=\"lazy\" decoding=\"async\" width=\"401\" height=\"600\" src=\"https:\/\/www.mareiner.com\/wp-content\/uploads\/2021\/10\/seminarzentrum-der-baum-1.jpg\" class=\"attachment-full size-full\" alt=\"Vorderansicht des Seminarzentrums der Baum mit Naturstein- und Altholzfassade, gro\u00dfer Glasfront, Treppe im Vordergrund, herbstlicher Bepflanzung und einem Firmenschild am Geb\u00e4ude.\" srcset=\"https:\/\/www.mareiner.com\/wp-content\/uploads\/2021\/10\/seminarzentrum-der-baum-1.jpg 401w, https:\/\/www.mareiner.com\/wp-content\/uploads\/2021\/10\/seminarzentrum-der-baum-1-201x300.jpg 201w\" sizes=\"auto, (max-width: 401px) 100vw, 401px\" \/>\t\t\t\t\t\t\t<\/div>\r\n\t\t\t\t\t\t\r\n\t\t\t\t\t<\/div>\r\n\t\t\t\t<\/div>\r\n\r\n\t\t\t\r\n\t\t\t\t<div class=\"row\">\r\n\t\t\t\t\t<div class=\"col-xl-12 col-12\">\r\n\r\n\t\t\t\t\t\t\t\t\t\t\t\t\t<div class=\"referenze-detail referenze-detail__text\">\r\n\t\t\t\t\t\t\t\t<p data-start=\"127\" data-end=\"387\">In autumn 2020, Hubert Baumgartner welcomed visitors for the first time to his seminar center in Inzersdorf, located in the scenic Kremstal region of Upper Austria\u2014a space that unveils a universe primarily crafted from reclaimed wood.<\/p>\n<p data-start=\"389\" data-end=\"750\">However, referring to reclaimed wood in the singular doesn&#8217;t do justice to the variety found here; instead, it\u2019s more fitting to speak of reclaimed woods in the plural. The seminar buildings, constructed in various sizes with individually designed seminar rooms, stand as a masterful demonstration of the diverse design possibilities offered by aged wood. Every surface and area of the expansive ensemble presents a distinct design variation, often harmoniously combined with modern materials. The result is a truly unique atmosphere\u2014one that cannot be found anywhere else.<\/p>\n\t\t\t\t\t\t\t<\/div>\r\n\t\t\t\t\t\t\r\n\t\t\t\t\t<\/div>\r\n\t\t\t\t<\/div>\r\n\r\n\t\t\t\r\n\t\t\t\t<div class=\"row\">\r\n\t\t\t\t\t<div class=\"col-xl-10 col-12\">\r\n\r\n\t\t\t\t\t\t\t\t\t\t\t\t\t<div class=\"referenze-detail referenze-detail__image\">\r\n\t\t\t\t\t\t\t\t<img loading=\"lazy\" decoding=\"async\" width=\"401\" height=\"600\" src=\"https:\/\/www.mareiner.com\/wp-content\/uploads\/2021\/10\/seminarzentrum-der-baum-3.jpg\" class=\"attachment-full size-full\" alt=\"Ansicht des Seminarzentrums der Baum mit Holzfassade aus Mareiner Altholz, Teich und rotem Sofa im Vordergrund, eingebettet in nat\u00fcrliche Umgebung mit B\u00e4umen und rustikalem Charme.\" srcset=\"https:\/\/www.mareiner.com\/wp-content\/uploads\/2021\/10\/seminarzentrum-der-baum-3.jpg 401w, https:\/\/www.mareiner.com\/wp-content\/uploads\/2021\/10\/seminarzentrum-der-baum-3-201x300.jpg 201w\" sizes=\"auto, (max-width: 401px) 100vw, 401px\" \/>\t\t\t\t\t\t\t<\/div>\r\n\t\t\t\t\t\t\r\n\t\t\t\t\t<\/div>\r\n\t\t\t\t<\/div>\r\n\r\n\t\t\t\r\n\t\t\t\t<div class=\"row\">\r\n\t\t\t\t\t<div class=\"col-xl-12 col-12\">\r\n\r\n\t\t\t\t\t\t\t\t\t\t\t\t\t<div class=\"referenze-detail referenze-detail__link-box\">\r\n\t\t\t\t\t\t\t\t<div class=\"referenze-detail__linkbox__wrapper\">\r\n\t\t\t\t\t\t\t\t\t<div class=\"referenze-detail__linkbox__image\">\r\n\t\t\t\t\t\t\t\t\t\t<img loading=\"lazy\" decoding=\"async\" width=\"1000\" height=\"1000\" src=\"https:\/\/www.mareiner.com\/wp-content\/uploads\/2021\/08\/3SP-Oberflaeche-Original-Handgehackt-1.jpg\" class=\"attachment-full size-full\" alt=\"Nahaufnahme einer 3-Schicht-Platte aus originalem Altholz mit handgehackter Oberfl\u00e4che. Die senkrecht verlaufenden Holzmaserungen, Astl\u00f6cher und Unebenheiten erz\u00e4hlen von der nat\u00fcrlichen Alterung und manuellen Bearbeitung des Holzes. Die Oberfl\u00e4che wirkt rustikal, charaktervoll und lebendig.\" srcset=\"https:\/\/www.mareiner.com\/wp-content\/uploads\/2021\/08\/3SP-Oberflaeche-Original-Handgehackt-1.jpg 1000w, https:\/\/www.mareiner.com\/wp-content\/uploads\/2021\/08\/3SP-Oberflaeche-Original-Handgehackt-1-300x300.jpg 300w, https:\/\/www.mareiner.com\/wp-content\/uploads\/2021\/08\/3SP-Oberflaeche-Original-Handgehackt-1-150x150.jpg 150w, https:\/\/www.mareiner.com\/wp-content\/uploads\/2021\/08\/3SP-Oberflaeche-Original-Handgehackt-1-768x768.jpg 768w, https:\/\/www.mareiner.com\/wp-content\/uploads\/2021\/08\/3SP-Oberflaeche-Original-Handgehackt-1-400x400.jpg 400w, https:\/\/www.mareiner.com\/wp-content\/uploads\/2021\/08\/3SP-Oberflaeche-Original-Handgehackt-1-600x600.jpg 600w\" sizes=\"auto, (max-width: 1000px) 100vw, 1000px\" \/>\t\t\t\t\t\t\t\t\t\t<div class=\"referenze-detail__linkbox__overlay\">\r\n\t\t\t\t\t\t\t\t\t\t\t<h5 class=\"referenze-detail__linkbox__overlay__title\">Gstaad<\/h5>\r\n\t\t\t\t\t\t\t\t\t\t\t<div class=\"referenze-detail__linkbox__overlay__subtitle\">\r\n\t\t\t\t\t\t\t\t\t\t\t\t\t\t\t\t\t\t\t\t\t\t\t<\/div>\r\n\t\t\t\t\t\t\t\t\t\t\t<a href=\"https:\/\/www.mareiner.com\/en\/produkte\/gstaad\/\" target=\"_blank\" class=\"btn btn-light\">TO THE PRODUCT<\/a>\r\n\t\t\t\t\t\t\t\t\t\t<\/div>\r\n\t\t\t\t\t\t\t\t\t<\/div>\r\n\t\t\t\t\t\t\t\t<\/div>\r\n\t\t\t\t\t\t\t<\/div>\r\n\t\t\t\t\t\t\r\n\t\t\t\t\t<\/div>\r\n\t\t\t\t<\/div>\r\n\r\n\t\t\t\t\t\r\n\t\t<\/div>\r\n\r\n\t\t<div class=\"col-xl-6 col-12\">\r\n\r\n\t\t\t\r\n\t\t\t\t<div class=\"row\">\r\n\r\n\t\t\t\t\t<div class=\"col-xl-12 offset-xl-0 col-12\">\r\n\r\n\t\t\t\t\t\t\t\t\t\t\t\t\t<div class=\"referenze-detail referenze-detail__image\">\r\n\t\t\t\t\t\t\t\t<img loading=\"lazy\" decoding=\"async\" width=\"1035\" height=\"837\" src=\"https:\/\/www.mareiner.com\/wp-content\/uploads\/2021\/10\/seminarzentrum-der-baum-5.jpg\" class=\"attachment-full size-full\" alt=\"Gem\u00fctliches Doppelbett mit R\u00fcckwand aus Mareiner Altholz Gstaad und geflochtener Altholzverkleidung. Dekokissen mit Waldbild und warmem Licht schaffen eine naturnahe, entspannte Atmosph\u00e4re.\" srcset=\"https:\/\/www.mareiner.com\/wp-content\/uploads\/2021\/10\/seminarzentrum-der-baum-5.jpg 1035w, https:\/\/www.mareiner.com\/wp-content\/uploads\/2021\/10\/seminarzentrum-der-baum-5-300x243.jpg 300w, https:\/\/www.mareiner.com\/wp-content\/uploads\/2021\/10\/seminarzentrum-der-baum-5-1024x828.jpg 1024w, https:\/\/www.mareiner.com\/wp-content\/uploads\/2021\/10\/seminarzentrum-der-baum-5-768x621.jpg 768w, https:\/\/www.mareiner.com\/wp-content\/uploads\/2021\/10\/seminarzentrum-der-baum-5-1000x809.jpg 1000w\" sizes=\"auto, (max-width: 1035px) 100vw, 1035px\" \/>\t\t\t\t\t\t\t<\/div>\r\n\t\t\t\t\t\t\r\n\t\t\t\t\t<\/div>\r\n\t\t\t\t<\/div>\r\n\r\n\t\t\t\r\n\t\t\t\t<div class=\"row\">\r\n\r\n\t\t\t\t\t<div class=\"col-xl-12 offset-xl-0 col-12\">\r\n\r\n\t\t\t\t\t\t\t\t\t\t\t\t\t<div class=\"referenze-detail referenze-detail__image\">\r\n\t\t\t\t\t\t\t\t<img loading=\"lazy\" decoding=\"async\" width=\"401\" height=\"600\" src=\"https:\/\/www.mareiner.com\/wp-content\/uploads\/2021\/10\/seminarzentrum-der-baum-2.jpg\" class=\"attachment-full size-full\" alt=\"H\u00f6lzerne Fassade des Seminarzentrums der Baum aus Mareiner Altholz, davor ein wei\u00dfes Hochzeitskleid an der Wand und ein alter steinerner Brunnen im Garten mit Pflanzen.\" srcset=\"https:\/\/www.mareiner.com\/wp-content\/uploads\/2021\/10\/seminarzentrum-der-baum-2.jpg 401w, https:\/\/www.mareiner.com\/wp-content\/uploads\/2021\/10\/seminarzentrum-der-baum-2-201x300.jpg 201w\" sizes=\"auto, (max-width: 401px) 100vw, 401px\" \/>\t\t\t\t\t\t\t<\/div>\r\n\t\t\t\t\t\t\r\n\t\t\t\t\t<\/div>\r\n\t\t\t\t<\/div>\r\n\r\n\t\t\t\r\n\t\t\t\t<div class=\"row\">\r\n\r\n\t\t\t\t\t<div class=\"col-xl-12 offset-xl-0 col-12\">\r\n\r\n\t\t\t\t\t\t\t\t\t\t\t\t\t<div class=\"referenze-detail referenze-detail__link-box\">\r\n\t\t\t\t\t\t\t\t<div class=\"referenze-detail__linkbox__wrapper\">\r\n\t\t\t\t\t\t\t\t\t<div class=\"referenze-detail__linkbox__image\">\r\n\t\t\t\t\t\t\t\t\t\t<img loading=\"lazy\" decoding=\"async\" width=\"1000\" height=\"1000\" src=\"https:\/\/www.mareiner.com\/wp-content\/uploads\/2021\/08\/3SP_Oberflaeche-Original-Sonnenverbrannt-1.jpg\" class=\"attachment-full size-full\" alt=\"Nahaufnahme einer 3-Schicht-Platte aus originalem Altholz mit charakteristischer, sonnenverbrannter grauer Oberfl\u00e4che. Die Holzstruktur zeigt eine silbergraue Patina mit ausgepr\u00e4gter Maserung, Astspuren und nat\u00fcrlichen Witterungsspuren, die durch jahrelange Sonneneinstrahlung im Freien entstanden sind.\" srcset=\"https:\/\/www.mareiner.com\/wp-content\/uploads\/2021\/08\/3SP_Oberflaeche-Original-Sonnenverbrannt-1.jpg 1000w, https:\/\/www.mareiner.com\/wp-content\/uploads\/2021\/08\/3SP_Oberflaeche-Original-Sonnenverbrannt-1-300x300.jpg 300w, https:\/\/www.mareiner.com\/wp-content\/uploads\/2021\/08\/3SP_Oberflaeche-Original-Sonnenverbrannt-1-150x150.jpg 150w, https:\/\/www.mareiner.com\/wp-content\/uploads\/2021\/08\/3SP_Oberflaeche-Original-Sonnenverbrannt-1-768x768.jpg 768w, https:\/\/www.mareiner.com\/wp-content\/uploads\/2021\/08\/3SP_Oberflaeche-Original-Sonnenverbrannt-1-400x400.jpg 400w, https:\/\/www.mareiner.com\/wp-content\/uploads\/2021\/08\/3SP_Oberflaeche-Original-Sonnenverbrannt-1-600x600.jpg 600w\" sizes=\"auto, (max-width: 1000px) 100vw, 1000px\" \/>\t\t\t\t\t\t\t\t\t\t<div class=\"referenze-detail__linkbox__overlay\">\r\n\t\t\t\t\t\t\t\t\t\t\t<h5 class=\"referenze-detail__linkbox__overlay__title\">Zermatt Gris<\/h5>\r\n\t\t\t\t\t\t\t\t\t\t\t<div class=\"referenze-detail__linkbox__overlay__subtitle\">\r\n\t\t\t\t\t\t\t\t\t\t\t\t\t\t\t\t\t\t\t\t\t\t\t<\/div>\r\n\t\t\t\t\t\t\t\t\t\t\t<a href=\"https:\/\/www.mareiner.com\/en\/produkte\/zermatt-gris\/\" target=\"_blank\" class=\"btn btn-light\">TO THE PRODUCT<\/a>\r\n\t\t\t\t\t\t\t\t\t\t<\/div>\r\n\t\t\t\t\t\t\t\t\t<\/div>\r\n\t\t\t\t\t\t\t\t<\/div>\r\n\t\t\t\t\t\t\t<\/div>\r\n\t\t\t\t\t\t\r\n\t\t\t\t\t<\/div>\r\n\t\t\t\t<\/div>\r\n\r\n\t\t\t\r\n\t\t\t\t<div class=\"row\">\r\n\r\n\t\t\t\t\t<div class=\"col-xl-12 offset-xl-0 col-12\">\r\n\r\n\t\t\t\t\t\t\t\t\t\t\t\t\t<div class=\"referenze-detail referenze-detail__image\">\r\n\t\t\t\t\t\t\t\t<img loading=\"lazy\" decoding=\"async\" width=\"640\" height=\"480\" src=\"https:\/\/www.mareiner.com\/wp-content\/uploads\/2021\/10\/seminarzentrum-der-baum-4.jpg\" class=\"attachment-full size-full\" alt=\"Au\u00dfenfassade des Seminarzentrums der Baum aus Mareiner Altholz (Gstaad und Zermatt Gris) mit kunstvoll ausgeschnittenen Ornamenten und warmen, nat\u00fcrlichen Farbt\u00f6nen in der Holzstruktur.\" srcset=\"https:\/\/www.mareiner.com\/wp-content\/uploads\/2021\/10\/seminarzentrum-der-baum-4.jpg 640w, https:\/\/www.mareiner.com\/wp-content\/uploads\/2021\/10\/seminarzentrum-der-baum-4-300x225.jpg 300w\" sizes=\"auto, (max-width: 640px) 100vw, 640px\" \/>\t\t\t\t\t\t\t<\/div>\r\n\t\t\t\t\t\t\r\n\t\t\t\t\t<\/div>\r\n\t\t\t\t<\/div>\r\n\r\n\t\t\t\r\n\t\t<\/div>\r\n\r\n\t<\/div>\r\n<\/div>","protected":false},"featured_media":10322,"menu_order":84,"template":"","kategorie_referenzen":[222,140],"anwendungsbereich":[226,227,141,224,230,143],"veredelung":[144,147],"holzart":[231,150,152],"architekturart":[],"class_list":["post-10321","referenzen","type-referenzen","status-publish","has-post-thumbnail","hentry","kategorie_referenzen-public-construction","kategorie_referenzen-gastro-and-hotel","anwendungsbereich-ceiling","anwendungsbereich-design-panels","anwendungsbereich-facade","anwendungsbereich-furniture-and-shop-fitting","anwendungsbereich-reclaimed-wood","anwendungsbereich-wall","veredelung-pre-greyed","veredelung-hacked","holzart-fir","holzart-spruce","holzart-pine"],"acf":[],"_links":{"self":[{"href":"https:\/\/www.mareiner.com\/en\/wp-json\/wp\/v2\/referenzen\/10321","targetHints":{"allow":["GET"]}}],"collection":[{"href":"https:\/\/www.mareiner.com\/en\/wp-json\/wp\/v2\/referenzen"}],"about":[{"href":"https:\/\/www.mareiner.com\/en\/wp-json\/wp\/v2\/types\/referenzen"}],"version-history":[{"count":1,"href":"https:\/\/www.mareiner.com\/en\/wp-json\/wp\/v2\/referenzen\/10321\/revisions"}],"predecessor-version":[{"id":10333,"href":"https:\/\/www.mareiner.com\/en\/wp-json\/wp\/v2\/referenzen\/10321\/revisions\/10333"}],"wp:featuredmedia":[{"embeddable":true,"href":"https:\/\/www.mareiner.com\/en\/wp-json\/wp\/v2\/media\/10322"}],"wp:attachment":[{"href":"https:\/\/www.mareiner.com\/en\/wp-json\/wp\/v2\/media?parent=10321"}],"wp:term":[{"taxonomy":"kategorie_referenzen","embeddable":true,"href":"https:\/\/www.mareiner.com\/en\/wp-json\/wp\/v2\/kategorie_referenzen?post=10321"},{"taxonomy":"anwendungsbereich","embeddable":true,"href":"https:\/\/www.mareiner.com\/en\/wp-json\/wp\/v2\/anwendungsbereich?post=10321"},{"taxonomy":"veredelung","embeddable":true,"href":"https:\/\/www.mareiner.com\/en\/wp-json\/wp\/v2\/veredelung?post=10321"},{"taxonomy":"holzart","embeddable":true,"href":"https:\/\/www.mareiner.com\/en\/wp-json\/wp\/v2\/holzart?post=10321"},{"taxonomy":"architekturart","embeddable":true,"href":"https:\/\/www.mareiner.com\/en\/wp-json\/wp\/v2\/architekturart?post=10321"}],"curies":[{"name":"wp","href":"https:\/\/api.w.org\/{rel}","templated":true}]}}