
{"id":9886,"date":"2024-07-08T15:22:34","date_gmt":"2024-07-08T13:22:34","guid":{"rendered":"https:\/\/www.mareiner.com\/inspiration\/motto-am-fluss\/"},"modified":"2025-02-24T11:07:08","modified_gmt":"2025-02-24T10:07:08","slug":"motto-am-fluss","status":"publish","type":"referenzen","link":"https:\/\/www.mareiner.com\/en\/inspiration\/motto-am-fluss\/","title":{"rendered":"CAF\u00c9 RESTAURANT MOTTO AM FLUSS"},"content":{"rendered":"\r\n<div id=\"block_248c0739365053954dab9389a58ea542\" class=\"referenze-detail-block alignfull\">\r\n\t<div class=\"row\">\r\n\r\n\t\t<div class=\"col-xl-6 col-12\">\r\n\r\n\t\t\t\r\n\t\t\t\t<div class=\"row\">\r\n\t\t\t\t\t<div class=\"col-xl-12 col-12\">\r\n\r\n\t\t\t\t\t\t\t\t\t\t\t\t\t<div class=\"referenze-detail referenze-detail__detail-text\">\r\n\t\t\t\t\t\t\t\t<p><strong>Product:<\/strong> <a href=\"https:\/\/www.mareiner.com\/en\/produkte\/kebony\/\" target=\"_blank\" rel=\"noopener\">Kebony<\/a><br \/>\n<strong>Architecture:<\/strong> <a href=\"https:\/\/www.behf.at\/\" target=\"_blank\" rel=\"noopener\">BEHF Architects<\/a><br \/>\n<strong>Photography:<\/strong> Stefan Diesner \/ Florence Stoiber<br \/>\n<strong>Project Address:<\/strong> Vienna, Austria<\/p>\n\t\t\t\t\t\t\t<\/div>\r\n\t\t\t\t\t\t\r\n\t\t\t\t\t<\/div>\r\n\t\t\t\t<\/div>\r\n\r\n\t\t\t\r\n\t\t\t\t<div class=\"row\">\r\n\t\t\t\t\t<div class=\"col-xl-12 col-12\">\r\n\r\n\t\t\t\t\t\t\t\t\t\t\t\t\t<div class=\"referenze-detail referenze-detail__image\">\r\n\t\t\t\t\t\t\t\t<img loading=\"lazy\" decoding=\"async\" width=\"2560\" height=\"1707\" src=\"https:\/\/www.mareiner.com\/wp-content\/uploads\/2024\/07\/TER-Kebony_Motto-am-Fluss_Wien_042-c-Stefan-Diesner-scaled.jpg\" class=\"attachment-full size-full\" alt=\"Weitl\u00e4ufige Terrasse des \u201eMotto am Fluss\u201c in Wien mit Kebony-Holzdielen von Mareiner. Wei\u00dfe Metallm\u00f6bel, zahlreiche Pflanzen und Glasfassade schaffen ein elegantes, gr\u00fcnes Ambiente. Die Szene ist sonnig und l\u00e4dt zum Verweilen ein.\" srcset=\"https:\/\/www.mareiner.com\/wp-content\/uploads\/2024\/07\/TER-Kebony_Motto-am-Fluss_Wien_042-c-Stefan-Diesner-scaled.jpg 2560w, https:\/\/www.mareiner.com\/wp-content\/uploads\/2024\/07\/TER-Kebony_Motto-am-Fluss_Wien_042-c-Stefan-Diesner-300x200.jpg 300w, https:\/\/www.mareiner.com\/wp-content\/uploads\/2024\/07\/TER-Kebony_Motto-am-Fluss_Wien_042-c-Stefan-Diesner-1024x683.jpg 1024w, https:\/\/www.mareiner.com\/wp-content\/uploads\/2024\/07\/TER-Kebony_Motto-am-Fluss_Wien_042-c-Stefan-Diesner-768x512.jpg 768w, https:\/\/www.mareiner.com\/wp-content\/uploads\/2024\/07\/TER-Kebony_Motto-am-Fluss_Wien_042-c-Stefan-Diesner-1536x1024.jpg 1536w, https:\/\/www.mareiner.com\/wp-content\/uploads\/2024\/07\/TER-Kebony_Motto-am-Fluss_Wien_042-c-Stefan-Diesner-2048x1365.jpg 2048w, https:\/\/www.mareiner.com\/wp-content\/uploads\/2024\/07\/TER-Kebony_Motto-am-Fluss_Wien_042-c-Stefan-Diesner-1000x667.jpg 1000w\" sizes=\"auto, (max-width: 2560px) 100vw, 2560px\" \/>\t\t\t\t\t\t\t<\/div>\r\n\t\t\t\t\t\t\r\n\t\t\t\t\t<\/div>\r\n\t\t\t\t<\/div>\r\n\r\n\t\t\t\r\n\t\t\t\t<div class=\"row\">\r\n\t\t\t\t\t<div class=\"col-xl-12 col-12\">\r\n\r\n\t\t\t\t\t\t\t\t\t\t\t\t\t<div class=\"referenze-detail referenze-detail__text\">\r\n\t\t\t\t\t\t\t\t<p>One of Vienna&#8217;s best dining spots has anchored at the Danube Canal, at the ship dock of the Twin City Liners: <em data-start=\"113\" data-end=\"129\">Motto am Fluss<\/em>, led by Bernd Schlachner, serving an inspired world cuisine made from regional and bio-fair ingredients. Inside, the ambiance of a caf\u00e9 and restaurant from 1950s Venice; outside, on a ship-deck-like terrace by Mareiner, which, with nearly 1,000 m2 of space, is one of the largest in the city and, thanks to Kebony, withstands immense stress: from the blazing hot Viennese summers to the thousands of feet that walk across the sun deck daily&#8230;<\/p>\n\t\t\t\t\t\t\t<\/div>\r\n\t\t\t\t\t\t\r\n\t\t\t\t\t<\/div>\r\n\t\t\t\t<\/div>\r\n\r\n\t\t\t\r\n\t\t\t\t<div class=\"row\">\r\n\t\t\t\t\t<div class=\"col-xl-10 col-12\">\r\n\r\n\t\t\t\t\t\t\t\t\t\t\t\t\t<div class=\"referenze-detail referenze-detail__link-box\">\r\n\t\t\t\t\t\t\t\t<div class=\"referenze-detail__linkbox__wrapper\">\r\n\t\t\t\t\t\t\t\t\t<div class=\"referenze-detail__linkbox__image\">\r\n\t\t\t\t\t\t\t\t\t\t<img loading=\"lazy\" decoding=\"async\" width=\"1499\" height=\"1000\" src=\"https:\/\/www.mareiner.com\/wp-content\/uploads\/2021\/08\/Mareiner-Kebony-BODEN-GEHOBELT-2374_w.jpg\" class=\"attachment-full size-full\" alt=\"Terrassendielen mit gehobelter Oberfl\u00e4che in einem satten, mittleren Braunton. Die glatte Struktur wirkt besonders edel und bringt die dezenten Maserungen sowie nat\u00fcrlichen Farbverl\u00e4ufe des Holzes fein zur Geltung.\" srcset=\"https:\/\/www.mareiner.com\/wp-content\/uploads\/2021\/08\/Mareiner-Kebony-BODEN-GEHOBELT-2374_w.jpg 1499w, https:\/\/www.mareiner.com\/wp-content\/uploads\/2021\/08\/Mareiner-Kebony-BODEN-GEHOBELT-2374_w-300x200.jpg 300w, https:\/\/www.mareiner.com\/wp-content\/uploads\/2021\/08\/Mareiner-Kebony-BODEN-GEHOBELT-2374_w-1024x683.jpg 1024w, https:\/\/www.mareiner.com\/wp-content\/uploads\/2021\/08\/Mareiner-Kebony-BODEN-GEHOBELT-2374_w-768x512.jpg 768w, https:\/\/www.mareiner.com\/wp-content\/uploads\/2021\/08\/Mareiner-Kebony-BODEN-GEHOBELT-2374_w-1000x667.jpg 1000w\" sizes=\"auto, (max-width: 1499px) 100vw, 1499px\" \/>\t\t\t\t\t\t\t\t\t\t<div class=\"referenze-detail__linkbox__overlay\">\r\n\t\t\t\t\t\t\t\t\t\t\t<h5 class=\"referenze-detail__linkbox__overlay__title\">Kebony<\/h5>\r\n\t\t\t\t\t\t\t\t\t\t\t<div class=\"referenze-detail__linkbox__overlay__subtitle\">\r\n\t\t\t\t\t\t\t\t\t\t\t\tPinus radiata clear\t\t\t\t\t\t\t\t\t\t\t<\/div>\r\n\t\t\t\t\t\t\t\t\t\t\t<a href=\"https:\/\/www.mareiner.com\/en\/produkte\/kebony\/\" target=\"_blank\" class=\"btn btn-light\">TO THE PRODUCT<\/a>\r\n\t\t\t\t\t\t\t\t\t\t<\/div>\r\n\t\t\t\t\t\t\t\t\t<\/div>\r\n\t\t\t\t\t\t\t\t<\/div>\r\n\t\t\t\t\t\t\t<\/div>\r\n\t\t\t\t\t\t\r\n\t\t\t\t\t<\/div>\r\n\t\t\t\t<\/div>\r\n\r\n\t\t\t\r\n\t\t\t\t<div class=\"row\">\r\n\t\t\t\t\t<div class=\"col-xl-10 col-12\">\r\n\r\n\t\t\t\t\t\t\t\t\t\t\t\t\t<div class=\"referenze-detail referenze-detail__image\">\r\n\t\t\t\t\t\t\t\t<img loading=\"lazy\" decoding=\"async\" width=\"1707\" height=\"2560\" src=\"https:\/\/www.mareiner.com\/wp-content\/uploads\/2024\/07\/TER_Kebony_Motto-am-Fluss_Wien_044-c-Stefan-Diesner-scaled.jpg\" class=\"attachment-full size-full\" alt=\"Nahaufnahme der Kebony-Holzdielen von Mareiner auf der Terrasse des Lokals \u201eMotto am Fluss\u201c in Wien. Im Hintergrund unscharf: wei\u00dfe Bistrost\u00fchle, Pflanzk\u00fcbel und gro\u00dfe Fensterfront mit Spiegelung. Mediterrane Atmosph\u00e4re bei Sonnenschein.\" srcset=\"https:\/\/www.mareiner.com\/wp-content\/uploads\/2024\/07\/TER_Kebony_Motto-am-Fluss_Wien_044-c-Stefan-Diesner-scaled.jpg 1707w, https:\/\/www.mareiner.com\/wp-content\/uploads\/2024\/07\/TER_Kebony_Motto-am-Fluss_Wien_044-c-Stefan-Diesner-200x300.jpg 200w, https:\/\/www.mareiner.com\/wp-content\/uploads\/2024\/07\/TER_Kebony_Motto-am-Fluss_Wien_044-c-Stefan-Diesner-683x1024.jpg 683w, https:\/\/www.mareiner.com\/wp-content\/uploads\/2024\/07\/TER_Kebony_Motto-am-Fluss_Wien_044-c-Stefan-Diesner-768x1152.jpg 768w, https:\/\/www.mareiner.com\/wp-content\/uploads\/2024\/07\/TER_Kebony_Motto-am-Fluss_Wien_044-c-Stefan-Diesner-1024x1536.jpg 1024w, https:\/\/www.mareiner.com\/wp-content\/uploads\/2024\/07\/TER_Kebony_Motto-am-Fluss_Wien_044-c-Stefan-Diesner-1365x2048.jpg 1365w, https:\/\/www.mareiner.com\/wp-content\/uploads\/2024\/07\/TER_Kebony_Motto-am-Fluss_Wien_044-c-Stefan-Diesner-1000x1500.jpg 1000w\" sizes=\"auto, (max-width: 1707px) 100vw, 1707px\" \/>\t\t\t\t\t\t\t<\/div>\r\n\t\t\t\t\t\t\r\n\t\t\t\t\t<\/div>\r\n\t\t\t\t<\/div>\r\n\r\n\t\t\t\r\n\t\t\t\t<div class=\"row\">\r\n\t\t\t\t\t<div class=\"col-xl-12 col-12\">\r\n\r\n\t\t\t\t\t\t\t\t\t\t\t\t\t<div class=\"referenze-detail referenze-detail__image\">\r\n\t\t\t\t\t\t\t\t<img loading=\"lazy\" decoding=\"async\" width=\"2560\" height=\"1706\" src=\"https:\/\/www.mareiner.com\/wp-content\/uploads\/2024\/07\/\u00a9Florence_Stoiber-1654-scaled.jpg\" class=\"attachment-full size-full\" alt=\"Sonnige Terrasse des Lokals \u201eMotto am Fluss\u201c in Wien mit Sitzpl\u00e4tzen entlang der Glasfassade, gelben Polstern und Tischen. Der Boden ist mit Kebony-Holzdielen gestaltet. \u00dcppige Pflanzk\u00fcbel und Blick auf die Stadt schaffen mediterranes Flair.\" srcset=\"https:\/\/www.mareiner.com\/wp-content\/uploads\/2024\/07\/\u00a9Florence_Stoiber-1654-scaled.jpg 2560w, https:\/\/www.mareiner.com\/wp-content\/uploads\/2024\/07\/\u00a9Florence_Stoiber-1654-300x200.jpg 300w, https:\/\/www.mareiner.com\/wp-content\/uploads\/2024\/07\/\u00a9Florence_Stoiber-1654-1024x683.jpg 1024w, https:\/\/www.mareiner.com\/wp-content\/uploads\/2024\/07\/\u00a9Florence_Stoiber-1654-768x512.jpg 768w, https:\/\/www.mareiner.com\/wp-content\/uploads\/2024\/07\/\u00a9Florence_Stoiber-1654-1536x1024.jpg 1536w, https:\/\/www.mareiner.com\/wp-content\/uploads\/2024\/07\/\u00a9Florence_Stoiber-1654-2048x1365.jpg 2048w, https:\/\/www.mareiner.com\/wp-content\/uploads\/2024\/07\/\u00a9Florence_Stoiber-1654-1000x667.jpg 1000w\" sizes=\"auto, (max-width: 2560px) 100vw, 2560px\" \/>\t\t\t\t\t\t\t<\/div>\r\n\t\t\t\t\t\t\r\n\t\t\t\t\t<\/div>\r\n\t\t\t\t<\/div>\r\n\r\n\t\t\t\t\t\r\n\t\t<\/div>\r\n\r\n\t\t<div class=\"col-xl-6 col-12\">\r\n\r\n\t\t\t\r\n\t\t\t\t<div class=\"row\">\r\n\r\n\t\t\t\t\t<div class=\"col-xl-10 offset-xl-2 col-12\">\r\n\r\n\t\t\t\t\t\t\t\t\t\t\t\t\t<div class=\"referenze-detail referenze-detail__image\">\r\n\t\t\t\t\t\t\t\t<img loading=\"lazy\" decoding=\"async\" width=\"1706\" height=\"2560\" src=\"https:\/\/www.mareiner.com\/wp-content\/uploads\/2024\/07\/\u00a9Florence_Stoiber-1601-scaled.jpg\" class=\"attachment-full size-full\" alt=\"Blick auf die verspielte Terrasse des Lokals \u201eMotto am Fluss\u201c in Wien. Wei\u00dfe Bistrost\u00fchle mit gelben Polstern und runde Tische stehen auf Kebony-Holzdielen von Mareiner. \u00dcppige Bepflanzung und Blument\u00f6pfe schaffen ein charmantes, mediterranes Flair.\" srcset=\"https:\/\/www.mareiner.com\/wp-content\/uploads\/2024\/07\/\u00a9Florence_Stoiber-1601-scaled.jpg 1706w, https:\/\/www.mareiner.com\/wp-content\/uploads\/2024\/07\/\u00a9Florence_Stoiber-1601-200x300.jpg 200w, https:\/\/www.mareiner.com\/wp-content\/uploads\/2024\/07\/\u00a9Florence_Stoiber-1601-683x1024.jpg 683w, https:\/\/www.mareiner.com\/wp-content\/uploads\/2024\/07\/\u00a9Florence_Stoiber-1601-768x1152.jpg 768w, https:\/\/www.mareiner.com\/wp-content\/uploads\/2024\/07\/\u00a9Florence_Stoiber-1601-1024x1536.jpg 1024w, https:\/\/www.mareiner.com\/wp-content\/uploads\/2024\/07\/\u00a9Florence_Stoiber-1601-1365x2048.jpg 1365w, https:\/\/www.mareiner.com\/wp-content\/uploads\/2024\/07\/\u00a9Florence_Stoiber-1601-1000x1500.jpg 1000w\" sizes=\"auto, (max-width: 1706px) 100vw, 1706px\" \/>\t\t\t\t\t\t\t<\/div>\r\n\t\t\t\t\t\t\r\n\t\t\t\t\t<\/div>\r\n\t\t\t\t<\/div>\r\n\r\n\t\t\t\r\n\t\t\t\t<div class=\"row\">\r\n\r\n\t\t\t\t\t<div class=\"col-xl-12 offset-xl-0 col-12\">\r\n\r\n\t\t\t\t\t\t\t\t\t\t\t\t\t<div class=\"referenze-detail referenze-detail__image\">\r\n\t\t\t\t\t\t\t\t<img loading=\"lazy\" decoding=\"async\" width=\"1707\" height=\"2560\" src=\"https:\/\/www.mareiner.com\/wp-content\/uploads\/2024\/07\/TER_Kebony_Motto-am-Fluss_Wien_055-c-Stefan-Diesner-scaled.jpg\" class=\"attachment-full size-full\" alt=\"Gro\u00dfz\u00fcgige Terrasse des Wiener Lokals \u201eMotto am Fluss\u201c mit Kebony-Holzdielen von Mareiner. Im Vordergrund breite Holzstufen mit rutschfesten Metallschienen, im Hintergrund wei\u00dfe Gartenm\u00f6bel, Pflanzen und Sonnensegel unter blauem Himmel.\" srcset=\"https:\/\/www.mareiner.com\/wp-content\/uploads\/2024\/07\/TER_Kebony_Motto-am-Fluss_Wien_055-c-Stefan-Diesner-scaled.jpg 1707w, https:\/\/www.mareiner.com\/wp-content\/uploads\/2024\/07\/TER_Kebony_Motto-am-Fluss_Wien_055-c-Stefan-Diesner-200x300.jpg 200w, https:\/\/www.mareiner.com\/wp-content\/uploads\/2024\/07\/TER_Kebony_Motto-am-Fluss_Wien_055-c-Stefan-Diesner-683x1024.jpg 683w, https:\/\/www.mareiner.com\/wp-content\/uploads\/2024\/07\/TER_Kebony_Motto-am-Fluss_Wien_055-c-Stefan-Diesner-768x1152.jpg 768w, https:\/\/www.mareiner.com\/wp-content\/uploads\/2024\/07\/TER_Kebony_Motto-am-Fluss_Wien_055-c-Stefan-Diesner-1024x1536.jpg 1024w, https:\/\/www.mareiner.com\/wp-content\/uploads\/2024\/07\/TER_Kebony_Motto-am-Fluss_Wien_055-c-Stefan-Diesner-1365x2048.jpg 1365w, https:\/\/www.mareiner.com\/wp-content\/uploads\/2024\/07\/TER_Kebony_Motto-am-Fluss_Wien_055-c-Stefan-Diesner-1000x1500.jpg 1000w\" sizes=\"auto, (max-width: 1707px) 100vw, 1707px\" \/>\t\t\t\t\t\t\t<\/div>\r\n\t\t\t\t\t\t\r\n\t\t\t\t\t<\/div>\r\n\t\t\t\t<\/div>\r\n\r\n\t\t\t\r\n\t\t\t\t<div class=\"row\">\r\n\r\n\t\t\t\t\t<div class=\"col-xl-10 offset-xl-2 col-12\">\r\n\r\n\t\t\t\t\t\t\t\t\t\t\t\t\t<div class=\"referenze-detail referenze-detail__quote\">\r\n\t\t\t\t\t\t\t\t<div class=\"referenze-quote text-center\">\r\n\t\t\t\t\t\t\t\t\t<div class=\"referenze-quote__symbol\">\r\n\t\t\t\t\t\t\t\t\t\t<svg xmlns=\"http:\/\/www.w3.org\/2000\/svg\" xmlns:xlink=\"http:\/\/www.w3.org\/1999\/xlink\" width=\"37.254\" height=\"29.278\" viewBox=\"0 0 37.254 29.278\"><defs><clipPath id=\"a\"><path d=\"M0,0H37.254V-29.278H0Z\" fill=\"#473729\"\/><\/clipPath><\/defs><g transform=\"translate(0 29.278)\" clip-path=\"url(#a)\"><g transform=\"translate(27.537 -29.278)\"><path d=\"M0,0C-4.922,0-6.057,3.281-6.057,5.174A3.347,3.347,0,0,0-2.65,8.708a6.926,6.926,0,0,1,6.31,7.067c0,5.174-4.922,8.707-9.591,10.853a1.865,1.865,0,0,0,.883,2.65C2.9,26.88,9.591,20.823,9.717,12.115,9.717,5.553,5.174,0,0,0M-21.327,0c-4.922,0-6.058,3.281-6.058,5.174a3.347,3.347,0,0,0,3.407,3.534,6.926,6.926,0,0,1,6.31,7.067c0,5.174-4.921,8.707-9.591,10.853a1.864,1.864,0,0,0,.884,2.65c7.95-2.4,14.639-8.455,14.765-17.163C-11.61,5.553-16.153,0-21.327,0\" fill=\"#473729\"\/><\/g><\/g><\/svg>\r\n\t\t\t\t\t\t\t\t\t<\/div>\r\n\t\t\t\t\t\t\t\t\t<div class=\"referenze-quote__text\">\r\n\t\t\t\t\t\t\t\t\t\tPICCOLA VENEZIA A VIENNA\t\t\t\t\t\t\t\t\t<\/div>\r\n\t\t\t\t\t\t\t\t\t<div class=\"referenze-quote__author\">\r\n\t\t\t\t\t\t\t\t\t\tMOTTO AM FLUSS, Vienna\t\t\t\t\t\t\t\t\t<\/div>\r\n\t\t\t\t\t\t\t\t<\/div>\r\n\t\t\t\t\t\t\t<\/div>\r\n\t\t\t\t\t\t\r\n\t\t\t\t\t<\/div>\r\n\t\t\t\t<\/div>\r\n\r\n\t\t\t\r\n\t\t\t\t<div class=\"row\">\r\n\r\n\t\t\t\t\t<div class=\"col-xl-10 offset-xl-2 col-12\">\r\n\r\n\t\t\t\t\t\t\t\t\t\t\t\t\t<div class=\"referenze-detail referenze-detail__image\">\r\n\t\t\t\t\t\t\t\t<img loading=\"lazy\" decoding=\"async\" width=\"2560\" height=\"1707\" src=\"https:\/\/www.mareiner.com\/wp-content\/uploads\/2024\/07\/TER_Kebony_Motto-am-Fluss_Wien_014-c-Stefan-Diesner-scaled.jpg\" class=\"attachment-full size-full\" alt=\"Wei\u00dfe Metallst\u00fchle mit Polstern und runde Bistrotische auf der Terrasse von \u201eMotto am Fluss\u201c in Wien. Der Holzboden besteht aus Kebony-Dielen von Mareiner. Lange Nachmittagsschatten und bl\u00fchende Pflanzen schaffen ein romantisches Ambiente.\" srcset=\"https:\/\/www.mareiner.com\/wp-content\/uploads\/2024\/07\/TER_Kebony_Motto-am-Fluss_Wien_014-c-Stefan-Diesner-scaled.jpg 2560w, https:\/\/www.mareiner.com\/wp-content\/uploads\/2024\/07\/TER_Kebony_Motto-am-Fluss_Wien_014-c-Stefan-Diesner-300x200.jpg 300w, https:\/\/www.mareiner.com\/wp-content\/uploads\/2024\/07\/TER_Kebony_Motto-am-Fluss_Wien_014-c-Stefan-Diesner-1024x683.jpg 1024w, https:\/\/www.mareiner.com\/wp-content\/uploads\/2024\/07\/TER_Kebony_Motto-am-Fluss_Wien_014-c-Stefan-Diesner-768x512.jpg 768w, https:\/\/www.mareiner.com\/wp-content\/uploads\/2024\/07\/TER_Kebony_Motto-am-Fluss_Wien_014-c-Stefan-Diesner-1536x1024.jpg 1536w, https:\/\/www.mareiner.com\/wp-content\/uploads\/2024\/07\/TER_Kebony_Motto-am-Fluss_Wien_014-c-Stefan-Diesner-2048x1365.jpg 2048w, https:\/\/www.mareiner.com\/wp-content\/uploads\/2024\/07\/TER_Kebony_Motto-am-Fluss_Wien_014-c-Stefan-Diesner-1000x667.jpg 1000w\" sizes=\"auto, (max-width: 2560px) 100vw, 2560px\" \/>\t\t\t\t\t\t\t<\/div>\r\n\t\t\t\t\t\t\r\n\t\t\t\t\t<\/div>\r\n\t\t\t\t<\/div>\r\n\r\n\t\t\t\r\n\t\t\t\t<div class=\"row\">\r\n\r\n\t\t\t\t\t<div class=\"col-xl-12 offset-xl-0 col-12\">\r\n\r\n\t\t\t\t\t\t\t\t\t\t\t\t\t<div class=\"referenze-detail referenze-detail__image\">\r\n\t\t\t\t\t\t\t\t\t\t\t\t\t\t\t<\/div>\r\n\t\t\t\t\t\t\r\n\t\t\t\t\t<\/div>\r\n\t\t\t\t<\/div>\r\n\r\n\t\t\t\r\n\t\t<\/div>\r\n\r\n\t<\/div>\r\n<\/div>","protected":false},"featured_media":8861,"menu_order":2,"template":"","kategorie_referenzen":[222,140],"anwendungsbereich":[142],"veredelung":[223],"holzart":[152],"architekturart":[],"class_list":["post-9886","referenzen","type-referenzen","status-publish","has-post-thumbnail","hentry","kategorie_referenzen-public-construction","kategorie_referenzen-gastro-and-hotel","anwendungsbereich-terrace","veredelung-planed","holzart-pine"],"acf":[],"_links":{"self":[{"href":"https:\/\/www.mareiner.com\/en\/wp-json\/wp\/v2\/referenzen\/9886","targetHints":{"allow":["GET"]}}],"collection":[{"href":"https:\/\/www.mareiner.com\/en\/wp-json\/wp\/v2\/referenzen"}],"about":[{"href":"https:\/\/www.mareiner.com\/en\/wp-json\/wp\/v2\/types\/referenzen"}],"version-history":[{"count":3,"href":"https:\/\/www.mareiner.com\/en\/wp-json\/wp\/v2\/referenzen\/9886\/revisions"}],"predecessor-version":[{"id":10073,"href":"https:\/\/www.mareiner.com\/en\/wp-json\/wp\/v2\/referenzen\/9886\/revisions\/10073"}],"wp:featuredmedia":[{"embeddable":true,"href":"https:\/\/www.mareiner.com\/en\/wp-json\/wp\/v2\/media\/8861"}],"wp:attachment":[{"href":"https:\/\/www.mareiner.com\/en\/wp-json\/wp\/v2\/media?parent=9886"}],"wp:term":[{"taxonomy":"kategorie_referenzen","embeddable":true,"href":"https:\/\/www.mareiner.com\/en\/wp-json\/wp\/v2\/kategorie_referenzen?post=9886"},{"taxonomy":"anwendungsbereich","embeddable":true,"href":"https:\/\/www.mareiner.com\/en\/wp-json\/wp\/v2\/anwendungsbereich?post=9886"},{"taxonomy":"veredelung","embeddable":true,"href":"https:\/\/www.mareiner.com\/en\/wp-json\/wp\/v2\/veredelung?post=9886"},{"taxonomy":"holzart","embeddable":true,"href":"https:\/\/www.mareiner.com\/en\/wp-json\/wp\/v2\/holzart?post=9886"},{"taxonomy":"architekturart","embeddable":true,"href":"https:\/\/www.mareiner.com\/en\/wp-json\/wp\/v2\/architekturart?post=9886"}],"curies":[{"name":"wp","href":"https:\/\/api.w.org\/{rel}","templated":true}]}}