
{"id":9910,"date":"2024-01-11T12:17:48","date_gmt":"2024-01-11T11:17:48","guid":{"rendered":"https:\/\/www.mareiner.com\/inspiration\/privathaus-e\/"},"modified":"2025-02-24T11:28:22","modified_gmt":"2025-02-24T10:28:22","slug":"privathaus-e","status":"publish","type":"referenzen","link":"https:\/\/www.mareiner.com\/en\/inspiration\/privathaus-e\/","title":{"rendered":"Private house E."},"content":{"rendered":"\r\n<div id=\"block_0e501369e8d9a4dfb16a4611f2d160cf\" class=\"referenze-detail-block alignfull\">\r\n\t<div class=\"row\">\r\n\r\n\t\t<div class=\"col-xl-6 col-12\">\r\n\r\n\t\t\t\r\n\t\t\t\t<div class=\"row\">\r\n\t\t\t\t\t<div class=\"col-xl-12 col-12\">\r\n\r\n\t\t\t\t\t\t\t\t\t\t\t\t\t<div class=\"referenze-detail referenze-detail__detail-text\">\r\n\t\t\t\t\t\t\t\t<p><strong>Product: <\/strong><a href=\"https:\/\/www.mareiner.com\/en\/produkte\/zermatt-gris\/\" target=\"_blank\" rel=\"noopener\">Zermatt<\/a><br \/>\n<strong>Architecture: <\/strong><a href=\"https:\/\/www.lebensraumholz.de\/\" target=\"_blank\" rel=\"noopener\">Lebensraum Holz GmbH<\/a><br \/>\n<strong>Photography:<\/strong> Michael Voit<br \/>\n<strong>Project Address:<\/strong> Germany<\/p>\n\t\t\t\t\t\t\t<\/div>\r\n\t\t\t\t\t\t\r\n\t\t\t\t\t<\/div>\r\n\t\t\t\t<\/div>\r\n\r\n\t\t\t\r\n\t\t\t\t<div class=\"row\">\r\n\t\t\t\t\t<div class=\"col-xl-12 col-12\">\r\n\r\n\t\t\t\t\t\t\t\t\t\t\t\t\t<div class=\"referenze-detail referenze-detail__image\">\r\n\t\t\t\t\t\t\t\t<img loading=\"lazy\" decoding=\"async\" width=\"640\" height=\"427\" src=\"https:\/\/www.mareiner.com\/wp-content\/uploads\/2024\/01\/Privathaus-Elsner_2021-5.jpg\" class=\"attachment-full size-full\" alt=\"R\u00fcckansicht eines modernen Wohnhauses mit vertikaler Zermatt-Holzfassade von Mareiner. Die gro\u00dfe Terrasse besteht aus Holzdielen, eingerahmt von bl\u00fchenden Beeten und Natursteinen. Gro\u00dffl\u00e4chige Fensterfronten \u00f6ffnen den Wohnbereich zum Garten.\" srcset=\"https:\/\/www.mareiner.com\/wp-content\/uploads\/2024\/01\/Privathaus-Elsner_2021-5.jpg 640w, https:\/\/www.mareiner.com\/wp-content\/uploads\/2024\/01\/Privathaus-Elsner_2021-5-300x200.jpg 300w\" sizes=\"auto, (max-width: 640px) 100vw, 640px\" \/>\t\t\t\t\t\t\t<\/div>\r\n\t\t\t\t\t\t\r\n\t\t\t\t\t<\/div>\r\n\t\t\t\t<\/div>\r\n\r\n\t\t\t\r\n\t\t\t\t<div class=\"row\">\r\n\t\t\t\t\t<div class=\"col-xl-12 col-12\">\r\n\r\n\t\t\t\t\t\t\t\t\t\t\t\t\t<div class=\"referenze-detail referenze-detail__text\">\r\n\t\t\t\t\t\t\t\t<p>A combination of modernity and historic charm: The stylish wooden house in Germany, planned and realized by Lebensraum Holz, is a true masterpiece for living. The building envelope itself is also a prime example: original reclaimed wood, sun-dried and weathered, was prepared by the Mareiner reclaimed wood specialists in such a way that it transforms the single-family home into a unique gem.<\/p>\n\t\t\t\t\t\t\t<\/div>\r\n\t\t\t\t\t\t\r\n\t\t\t\t\t<\/div>\r\n\t\t\t\t<\/div>\r\n\r\n\t\t\t\r\n\t\t\t\t<div class=\"row\">\r\n\t\t\t\t\t<div class=\"col-xl-12 col-12\">\r\n\r\n\t\t\t\t\t\t\t\t\t\t\t\t\t<div class=\"referenze-detail referenze-detail__link-box\">\r\n\t\t\t\t\t\t\t\t<div class=\"referenze-detail__linkbox__wrapper\">\r\n\t\t\t\t\t\t\t\t\t<div class=\"referenze-detail__linkbox__image\">\r\n\t\t\t\t\t\t\t\t\t\t<img loading=\"lazy\" decoding=\"async\" width=\"1499\" height=\"1000\" src=\"https:\/\/www.mareiner.com\/wp-content\/uploads\/2024\/01\/Mareiner-Zermatt_GRIS-183_w.jpg\" class=\"attachment-full size-full\" alt=\"Grautoniges Altholz mit stark strukturierter Oberfl\u00e4che, verwitterten Jahresringen und markanten Astl\u00f6chern. Die Patina vermittelt einen rustikalen, gealterten Charakter mit nat\u00fcrlicher Maserung und unregelm\u00e4\u00dfiger F\u00e4rbung.\" srcset=\"https:\/\/www.mareiner.com\/wp-content\/uploads\/2024\/01\/Mareiner-Zermatt_GRIS-183_w.jpg 1499w, https:\/\/www.mareiner.com\/wp-content\/uploads\/2024\/01\/Mareiner-Zermatt_GRIS-183_w-300x200.jpg 300w, https:\/\/www.mareiner.com\/wp-content\/uploads\/2024\/01\/Mareiner-Zermatt_GRIS-183_w-1024x683.jpg 1024w, https:\/\/www.mareiner.com\/wp-content\/uploads\/2024\/01\/Mareiner-Zermatt_GRIS-183_w-768x512.jpg 768w, https:\/\/www.mareiner.com\/wp-content\/uploads\/2024\/01\/Mareiner-Zermatt_GRIS-183_w-1000x667.jpg 1000w\" sizes=\"auto, (max-width: 1499px) 100vw, 1499px\" \/>\t\t\t\t\t\t\t\t\t\t<div class=\"referenze-detail__linkbox__overlay\">\r\n\t\t\t\t\t\t\t\t\t\t\t<h5 class=\"referenze-detail__linkbox__overlay__title\">Zermatt<\/h5>\r\n\t\t\t\t\t\t\t\t\t\t\t<div class=\"referenze-detail__linkbox__overlay__subtitle\">\r\n\t\t\t\t\t\t\t\t\t\t\t\toriginal reclaimed wood, sun-dried\t\t\t\t\t\t\t\t\t\t\t<\/div>\r\n\t\t\t\t\t\t\t\t\t\t\t<a href=\"https:\/\/www.mareiner.com\/en\/produkte\/zermatt-gris\/\" target=\"_blank\" class=\"btn btn-light\">TO THE PRODUCT<\/a>\r\n\t\t\t\t\t\t\t\t\t\t<\/div>\r\n\t\t\t\t\t\t\t\t\t<\/div>\r\n\t\t\t\t\t\t\t\t<\/div>\r\n\t\t\t\t\t\t\t<\/div>\r\n\t\t\t\t\t\t\r\n\t\t\t\t\t<\/div>\r\n\t\t\t\t<\/div>\r\n\r\n\t\t\t\t\t\r\n\t\t<\/div>\r\n\r\n\t\t<div class=\"col-xl-6 col-12\">\r\n\r\n\t\t\t\r\n\t\t\t\t<div class=\"row\">\r\n\r\n\t\t\t\t\t<div class=\"col-xl-10 offset-xl-2 col-12\">\r\n\r\n\t\t\t\t\t\t\t\t\t\t\t\t\t<div class=\"referenze-detail referenze-detail__image\">\r\n\t\t\t\t\t\t\t\t<img loading=\"lazy\" decoding=\"async\" width=\"640\" height=\"427\" src=\"https:\/\/www.mareiner.com\/wp-content\/uploads\/2024\/01\/Privathaus-Elsner_2021-4.jpg\" class=\"attachment-full size-full\" alt=\"Einfahrt zu einem modernen Wohnhaus mit vertikal montierter Zermatt-Holzfassade von Mareiner. Der Vorplatz ist mit Natursteinpflaster belegt, umrahmt von schlichten Pflanzgef\u00e4\u00dfen und gr\u00fcner Bepflanzung.\" srcset=\"https:\/\/www.mareiner.com\/wp-content\/uploads\/2024\/01\/Privathaus-Elsner_2021-4.jpg 640w, https:\/\/www.mareiner.com\/wp-content\/uploads\/2024\/01\/Privathaus-Elsner_2021-4-300x200.jpg 300w\" sizes=\"auto, (max-width: 640px) 100vw, 640px\" \/>\t\t\t\t\t\t\t<\/div>\r\n\t\t\t\t\t\t\r\n\t\t\t\t\t<\/div>\r\n\t\t\t\t<\/div>\r\n\r\n\t\t\t\r\n\t\t\t\t<div class=\"row\">\r\n\r\n\t\t\t\t\t<div class=\"col-xl-12 offset-xl-0 col-12\">\r\n\r\n\t\t\t\t\t\t\t\t\t\t\t\t\t<div class=\"referenze-detail referenze-detail__image\">\r\n\t\t\t\t\t\t\t\t<img loading=\"lazy\" decoding=\"async\" width=\"640\" height=\"427\" src=\"https:\/\/www.mareiner.com\/wp-content\/uploads\/2024\/01\/Privathaus-Elsner_2021-6.jpg\" class=\"attachment-full size-full\" alt=\"Zweigeschossiges Wohnhaus mit vertikaler Holzfassade aus Mareiner Zermatt. Das Geb\u00e4ude steht in einem gepflegten Garten mit Rasenfl\u00e4che, Hochbeeten und B\u00e4umen. Die graubraune Holzstruktur der Fassade verleiht dem Haus eine nat\u00fcrliche, elegante Anmutung.\" srcset=\"https:\/\/www.mareiner.com\/wp-content\/uploads\/2024\/01\/Privathaus-Elsner_2021-6.jpg 640w, https:\/\/www.mareiner.com\/wp-content\/uploads\/2024\/01\/Privathaus-Elsner_2021-6-300x200.jpg 300w\" sizes=\"auto, (max-width: 640px) 100vw, 640px\" \/>\t\t\t\t\t\t\t<\/div>\r\n\t\t\t\t\t\t\r\n\t\t\t\t\t<\/div>\r\n\t\t\t\t<\/div>\r\n\r\n\t\t\t\r\n\t\t\t\t<div class=\"row\">\r\n\r\n\t\t\t\t\t<div class=\"col-xl-12 offset-xl-0 col-12\">\r\n\r\n\t\t\t\t\t\t\t\t\t\t\t\t\t<div class=\"referenze-detail referenze-detail__image\">\r\n\t\t\t\t\t\t\t\t<img loading=\"lazy\" decoding=\"async\" width=\"640\" height=\"427\" src=\"https:\/\/www.mareiner.com\/wp-content\/uploads\/2024\/01\/Privathaus-Elsner_2021-2.jpg\" class=\"attachment-full size-full\" alt=\"Modernes Wohnhaus mit vertikaler Zermatt-Holzfassade von Mareiner und gro\u00dffl\u00e4chigen Glas-Schiebet\u00fcren zur Terrasse. Die Holzterrasse schafft flie\u00dfende \u00dcberg\u00e4nge zwischen Innen- und Au\u00dfenraum, erg\u00e4nzt durch moderne Outdoor-M\u00f6bel.\" srcset=\"https:\/\/www.mareiner.com\/wp-content\/uploads\/2024\/01\/Privathaus-Elsner_2021-2.jpg 640w, https:\/\/www.mareiner.com\/wp-content\/uploads\/2024\/01\/Privathaus-Elsner_2021-2-300x200.jpg 300w\" sizes=\"auto, (max-width: 640px) 100vw, 640px\" \/>\t\t\t\t\t\t\t<\/div>\r\n\t\t\t\t\t\t\r\n\t\t\t\t\t<\/div>\r\n\t\t\t\t<\/div>\r\n\r\n\t\t\t\r\n\t\t<\/div>\r\n\r\n\t<\/div>\r\n<\/div>","protected":false},"featured_media":8109,"menu_order":16,"template":"","kategorie_referenzen":[154],"anwendungsbereich":[141,230],"veredelung":[],"holzart":[231,150,152],"architekturart":[],"class_list":["post-9910","referenzen","type-referenzen","status-publish","has-post-thumbnail","hentry","kategorie_referenzen-residential-construction","anwendungsbereich-facade","anwendungsbereich-reclaimed-wood","holzart-fir","holzart-spruce","holzart-pine"],"acf":[],"_links":{"self":[{"href":"https:\/\/www.mareiner.com\/en\/wp-json\/wp\/v2\/referenzen\/9910","targetHints":{"allow":["GET"]}}],"collection":[{"href":"https:\/\/www.mareiner.com\/en\/wp-json\/wp\/v2\/referenzen"}],"about":[{"href":"https:\/\/www.mareiner.com\/en\/wp-json\/wp\/v2\/types\/referenzen"}],"version-history":[{"count":3,"href":"https:\/\/www.mareiner.com\/en\/wp-json\/wp\/v2\/referenzen\/9910\/revisions"}],"predecessor-version":[{"id":10087,"href":"https:\/\/www.mareiner.com\/en\/wp-json\/wp\/v2\/referenzen\/9910\/revisions\/10087"}],"wp:featuredmedia":[{"embeddable":true,"href":"https:\/\/www.mareiner.com\/en\/wp-json\/wp\/v2\/media\/8109"}],"wp:attachment":[{"href":"https:\/\/www.mareiner.com\/en\/wp-json\/wp\/v2\/media?parent=9910"}],"wp:term":[{"taxonomy":"kategorie_referenzen","embeddable":true,"href":"https:\/\/www.mareiner.com\/en\/wp-json\/wp\/v2\/kategorie_referenzen?post=9910"},{"taxonomy":"anwendungsbereich","embeddable":true,"href":"https:\/\/www.mareiner.com\/en\/wp-json\/wp\/v2\/anwendungsbereich?post=9910"},{"taxonomy":"veredelung","embeddable":true,"href":"https:\/\/www.mareiner.com\/en\/wp-json\/wp\/v2\/veredelung?post=9910"},{"taxonomy":"holzart","embeddable":true,"href":"https:\/\/www.mareiner.com\/en\/wp-json\/wp\/v2\/holzart?post=9910"},{"taxonomy":"architekturart","embeddable":true,"href":"https:\/\/www.mareiner.com\/en\/wp-json\/wp\/v2\/architekturart?post=9910"}],"curies":[{"name":"wp","href":"https:\/\/api.w.org\/{rel}","templated":true}]}}